{"id":11731,"date":"2022-02-10T11:44:09","date_gmt":"2022-02-10T10:44:09","guid":{"rendered":"https:\/\/www.campingvaldevie.fr\/?page_id=11731"},"modified":"2023-11-03T10:57:42","modified_gmt":"2023-11-03T09:57:42","slug":"zen-und-entspannungserlebnis","status":"publish","type":"page","link":"https:\/\/www.campingvaldevie.fr\/de\/experience-zen-et-detente\/","title":{"rendered":"Zen-Erfahrung und Entspannung : Tag 1"},"content":{"rendered":"<h2 class=\"wp-block-heading\" id=\"jour-1-autour-du-lac\">TAG 1 : Rund um den See...<\/h2>\n\n\n\n<p>Lassen Sie uns Ihnen etwas \u00fcber unser Territorium erz\u00e4hlen...<br>Es wimmelt von <strong>ungeahnte Sch\u00e4tze<\/strong> und es w\u00e4re unanst\u00e4ndig, wenn wir diese ber\u00fchmten Geheimnisse f\u00fcr uns behalten w\u00fcrden...<br>Vielleicht haben Sie Ihre Koffer im <a href=\"\/de\/\">Campingplatz Val de Vie<\/a> ohne zu wissen, dass die Natur nur wenige Meilen von hier entfernt \u00e4u\u00dferst gro\u00dfz\u00fcgig sein konnte.<\/p>\n\n\n\n<p><strong>F\u00fcr eine erste Zen- und Entspannungserfahrung<\/strong> bieten wir Ihnen ein \u00e4u\u00dferst verlockendes Programm an.<br>Aber vor allem und wie das Sprichwort so sch\u00f6n sagt: \"So viel Vorbereitung ist so viel Aktion\".<br>F\u00fcr diesen Traumtag m\u00fcssen Sie Folgendes mitbringen:<\/p>\n\n\n\n<ul class=\"wp-block-list\">\n<li>ein Paar Turnschuhe<\/li>\n\n\n\n<li>die unentbehrliche Sonnencreme<\/li>\n\n\n\n<li>Eine M\u00fctze, ein Bob oder eine Baskenm\u00fctze (der Stil ist egal, Hauptsache, man f\u00fchlt sich wohl)<\/li>\n\n\n\n<li>Ein Outfit in Tarnfarben (hier merke ich, dass Sie einen Betrug wittern!!!)<\/li>\n\n\n\n<li>Ein Badeanzug<\/li>\n\n\n\n<li>Reichlich zu essen<\/li>\n\n\n\n<li>Wasser und Getr\u00e4nke Ihrer Wahl<\/li>\n\n\n\n<li>Top-Fitness<\/li>\n\n\n\n<li>Schwimmfl\u00fcgel f\u00fcr Schwimmsch\u00fcler und ein Rettungsring<\/li>\n<\/ul>\n\n\n\n<p class=\"h2-like\">Morgens ... Fr\u00fch (na ja, das liegt an Ihnen) und gut gelaunt!<\/p>\n\n\n\n<p>Richtung am <strong>See von Gu\u00e9 Gorand<\/strong> f\u00fcr eine Expedition, die Mike Horn nicht verleugnet h\u00e4tte.<br>Weit weg vom Trubel der Strandpromenade genie\u00dfen Sie eine bukolische Landschaft, in der Sie sich die Beine vertreten k\u00f6nnen. Es handelt sich um einen Rundweg um den See von etwa 4 Kilometern L\u00e4nge.<br>Sie stellt keine Schwierigkeit dar und ist sogar f\u00fcr Kinderwagen geeignet.<br>Dies ist der Familienausflug par excellence. Auf der Speisekarte<br>B\u00e4ume und V\u00f6gel, eine belebende und ergreifende Ruhe.<\/p>\n\n\n\n<p>Danach ist es an der Zeit, eine Serviette zu entfalten und den Tisch zu decken...<br>Und was gibt es Besseres als ein Picknick im Schatten einer Eiche, um Kraft zu tanken und sich an diesem magischen Moment zu erfreuen, den man mit der Familie teilt.<\/p>\n\n\n\t\t\t<div id=\"sevgallery-445295138\" class=\"sev-diaporama sev-diaporama-portfolio\">\n\t\t\t<div class=\"row\">\n\n\t\t\t\n\t\t\t\t\n\t\t\t\t<div class=\"sev-diaporama-portfolio-item col-12 col-sm  col-grow\">\n\t\t\t\t\t<a href=\"https:\/\/www.campingvaldevie.fr\/wp-content\/uploads\/2022\/02\/Pique-niquePontdelaSalaireIl.jpg\" data-lightbox=\"sevgallery-445295138\" style=\"background-image: url(https:\/\/www.campingvaldevie.fr\/wp-content\/uploads\/2022\/02\/Pique-niquePontdelaSalaireIl.jpg)\">\n\t\t\t\t\t\t<img decoding=\"async\" src=\"https:\/\/www.campingvaldevie.fr\/wp-content\/uploads\/2022\/02\/Pique-niquePontdelaSalaireIl.jpg\" alt=\"picknick vend\u00e9e\" loading=\"lazy\">\n\t\t\t\t\t<\/a>\n\t\t\t\t<\/div>\n\n\t\t\t\t\n\t\t\t\t\t\t\t\t\t\t\t\n\t\t\t\t\n\t\t\t\t<div class=\"sev-diaporama-portfolio-item col-12 col-sm  col-grow\">\n\t\t\t\t\t<a href=\"https:\/\/www.campingvaldevie.fr\/wp-content\/uploads\/2022\/02\/RandonneepedestreMervent17.jpg\" data-lightbox=\"sevgallery-445295138\" style=\"background-image: url(https:\/\/www.campingvaldevie.fr\/wp-content\/uploads\/2022\/02\/RandonneepedestreMervent17.jpg)\">\n\t\t\t\t\t\t<img decoding=\"async\" src=\"https:\/\/www.campingvaldevie.fr\/wp-content\/uploads\/2022\/02\/RandonneepedestreMervent17.jpg\" alt=\"wandern pfade\" loading=\"lazy\">\n\t\t\t\t\t<\/a>\n\t\t\t\t<\/div>\n\n\t\t\t\t\n\t\t\t\t\t\t\t\t\t\t\t\n\t\t\t\t\n\t\t\t\t<div class=\"sev-diaporama-portfolio-item col-12 col-sm  col-shrink\">\n\t\t\t\t\t<a href=\"https:\/\/www.campingvaldevie.fr\/wp-content\/uploads\/2022\/02\/RandonneepedestreMervent41.jpg\" data-lightbox=\"sevgallery-445295138\" style=\"background-image: url(https:\/\/www.campingvaldevie.fr\/wp-content\/uploads\/2022\/02\/RandonneepedestreMervent41.jpg)\">\n\t\t\t\t\t\t<img decoding=\"async\" src=\"https:\/\/www.campingvaldevie.fr\/wp-content\/uploads\/2022\/02\/RandonneepedestreMervent41.jpg\" alt=\"wanderungen vend\u00e9e\" loading=\"lazy\">\n\t\t\t\t\t<\/a>\n\t\t\t\t<\/div>\n\n\t\t\t\t\t\t\t\t\t<div class=\"w-100\"><\/div>\n\t\t\t\t\t\t\t\t\t\n\t\t\t\t\t\t\t\t\t\t\t\t\t\t<\/div>\n\t\t\t<\/div>\n\n\t\t\t<script>\n\t\t\tjQuery(function($) {\n\n\t\t\t\tvar marginPortfolio = function() {\n\n\t\t\t\t\tvar $diapo          = $('#sevgallery-445295138');\n\t\t\t\t\tvar container_width = $diapo.parent().outerWidth();\n\t\t\t\t\tvar side            = ( $(window).innerWidth() - container_width ) \/ 2;\n\n\t\t\t\t\t$diapo.css( {\n\t\t\t\t\t\t'margin-left': '-' + side + 'px',\n\t\t\t\t\t\t'margin-right': '-' + side + 'px',\n\t\t\t\t\t} );\n\t\t\t\t};\n\n\t\t\t\t$( window ).resize( function() {\n\t\t\t\t\tmarginPortfolio();\n\t\t\t\t} );\n\t\t\t\tmarginPortfolio();\n\t\t\t});\n\t\t\t<\/script>\n\t\t\t\n\n\n\n<p class=\"h2-like\">Am Nachmittag ... geht das Abenteuer weiter!<\/p>\n\n\n\n<p>Auf der Seite des <a href=\"\/de\/tourismus-vendee\/tourismus-apremont\/\">See von Apremont<\/a> und seiner Freizeitanlage. Sie haben die Qual der Wahl.<br>In einer pr\u00e4chtigen und inspirierenden Umgebung k\u00f6nnen Sie sich vielleicht dazu verleiten lassen, einen guten Roman zu lesen. Und warum nicht anschlie\u00dfend einen Sprung in das erfrischende S\u00fc\u00dfwasser wagen?<br>Es sei denn, Sie ziehen es vor, Michel, dem ber\u00fchmten Bootsverleiher, einen Besuch abzustatten...<br>Wer hat nicht schon einmal davon getr\u00e4umt, in der Haut von Kommandant Cousteau aufzuwachen und am Steuer eines wundersch\u00f6nen Elektroboots zu sitzen?<br>Wer hat nicht schon einmal davon getr\u00e4umt, dreifacher Olympiasieger zu werden, wie Tony Estanguet in seinem Kajak... Bei Michel sind alle Tr\u00e4ume erlaubt!<\/p>\n\n\n\n<p class=\"h2-like\">Zum Abschluss dieses traumhaften Tages<\/p>\n\n\n\n<p>Ein Halt im <a href=\"https:\/\/www.campingvaldevie.fr\/de\/freizeitdienstleistungen\/\" data-type=\"page\" data-id=\"10823\">Snackbar des Campingplatzes<\/a> dr\u00e4ngt sich auf. Eine wohlverdiente s\u00fc\u00dfe Pause...<br>Au\u00dferdem w\u00fcrden wir uns freuen, Ihre Erz\u00e4hlungen zu h\u00f6ren und diese erste Zen- und Entspannungserfahrung mit Ihnen zu teilen. Denn um unser Programm \"Ferien \u00e0 la carte!\" zu verfeinern, ist es wichtig, dass wir Ihre Eindr\u00fccke sammeln k\u00f6nnen.<\/p>\n\n\n\n<p>Und wer Gl\u00fcck hat und einen Schl\u00fcssel f\u00fcr ein Premium-Mobilheim besitzt, kann sich in seinem eigenen Whirlpool entspannen... Bevor Sie ein fr\u00f6hliches Barbecue vorbereiten und an den n\u00e4chsten Tag denken, an dem Sie in diesem Haus singen werden, k\u00f6nnen Sie sich auf den Weg nach Hause machen. <a href=\"\/de\/familiencamping-vendee\/\">kleiner Familiencampingplatz<\/a>.<\/p>\n\n\n\t\t\t<div id=\"sevgallery-1893505535\" class=\"sev-diaporama sev-diaporama-portfolio\">\n\t\t\t<div class=\"row\">\n\n\t\t\t\n\t\t\t\t\n\t\t\t\t<div class=\"sev-diaporama-portfolio-item col-12 col-sm  col-grow\">\n\t\t\t\t\t<a href=\"https:\/\/www.campingvaldevie.fr\/wp-content\/uploads\/2021\/07\/base-loisirs-apremont-12-1.jpg\" data-lightbox=\"sevgallery-1893505535\" style=\"background-image: url(https:\/\/www.campingvaldevie.fr\/wp-content\/uploads\/2021\/07\/base-loisirs-apremont-12-1.jpg)\">\n\t\t\t\t\t\t<img decoding=\"async\" src=\"https:\/\/www.campingvaldevie.fr\/wp-content\/uploads\/2021\/07\/base-loisirs-apremont-12-1.jpg\" alt=\"vermietung mobilheim campingplatz in der n\u00e4he des fischsees\" loading=\"lazy\">\n\t\t\t\t\t<\/a>\n\t\t\t\t<\/div>\n\n\t\t\t\t\n\t\t\t\t\t\t\t\t\t\t\t\n\t\t\t\t\n\t\t\t\t<div class=\"sev-diaporama-portfolio-item col-12 col-sm\">\n\t\t\t\t\t<a href=\"https:\/\/www.campingvaldevie.fr\/wp-content\/uploads\/2021\/02\/location-mobil-home-avec-jacuzzi-vendee.jpg\" data-lightbox=\"sevgallery-1893505535\" style=\"background-image: url(https:\/\/www.campingvaldevie.fr\/wp-content\/uploads\/2021\/02\/location-mobil-home-avec-jacuzzi-vendee.jpg)\">\n\t\t\t\t\t\t<img decoding=\"async\" src=\"https:\/\/www.campingvaldevie.fr\/wp-content\/uploads\/2021\/02\/location-mobil-home-avec-jacuzzi-vendee.jpg\" alt=\"vermietung mobilheim mit jacuzzi Vend\u00e9e\" loading=\"lazy\">\n\t\t\t\t\t<\/a>\n\t\t\t\t<\/div>\n\n\t\t\t\t\n\t\t\t\t\t\t\t\t\t\t\t\n\t\t\t\t\n\t\t\t\t<div class=\"sev-diaporama-portfolio-item col-12 col-sm\">\n\t\t\t\t\t<a href=\"https:\/\/www.campingvaldevie.fr\/wp-content\/uploads\/2019\/04\/snack-bar.jpg\" data-lightbox=\"sevgallery-1893505535\" style=\"background-image: url(https:\/\/www.campingvaldevie.fr\/wp-content\/uploads\/2019\/04\/snack-bar.jpg)\">\n\t\t\t\t\t\t<img decoding=\"async\" src=\"https:\/\/www.campingvaldevie.fr\/wp-content\/uploads\/2019\/04\/snack-bar.jpg\" alt=\"Snackbar auf dem Familiencampingplatz\" loading=\"lazy\">\n\t\t\t\t\t<\/a>\n\t\t\t\t<\/div>\n\n\t\t\t\t\t\t\t\t\t<div class=\"w-100\"><\/div>\n\t\t\t\t\t\t\t\t\t\n\t\t\t\t\t\t\t\t\t\t\t\n\t\t\t\t\n\t\t\t\t<div class=\"sev-diaporama-portfolio-item col-12 col-sm\">\n\t\t\t\t\t<a href=\"https:\/\/www.campingvaldevie.fr\/wp-content\/uploads\/2021\/05\/lac_peche.jpg\" data-lightbox=\"sevgallery-1893505535\" style=\"background-image: url(https:\/\/www.campingvaldevie.fr\/wp-content\/uploads\/2021\/05\/lac_peche.jpg)\">\n\t\t\t\t\t\t<img decoding=\"async\" src=\"https:\/\/www.campingvaldevie.fr\/wp-content\/uploads\/2021\/05\/lac_peche.jpg\" alt=\"Apremont-See in der N\u00e4he des Campingplatzes\" loading=\"lazy\">\n\t\t\t\t\t<\/a>\n\t\t\t\t<\/div>\n\n\t\t\t\t\n\t\t\t\t\t\t\t\t\t\t\t\n\t\t\t\t\n\t\t\t\t<div class=\"sev-diaporama-portfolio-item col-12 col-sm  col-grow\">\n\t\t\t\t\t<a href=\"https:\/\/www.campingvaldevie.fr\/wp-content\/uploads\/2022\/02\/HAUT-PECHE.png\" data-lightbox=\"sevgallery-1893505535\" style=\"background-image: url(https:\/\/www.campingvaldevie.fr\/wp-content\/uploads\/2022\/02\/HAUT-PECHE.png)\">\n\t\t\t\t\t\t<img decoding=\"async\" src=\"https:\/\/www.campingvaldevie.fr\/wp-content\/uploads\/2022\/02\/HAUT-PECHE.png\" alt=\"Campingplatz in der N\u00e4he der Angelbasis in der Vend\u00e9e\" loading=\"lazy\">\n\t\t\t\t\t<\/a>\n\t\t\t\t<\/div>\n\n\t\t\t\t\n\t\t\t\t\t\t\t\t\t\t\t\t\t\t<\/div>\n\t\t\t<\/div>\n\n\t\t\t<script>\n\t\t\tjQuery(function($) {\n\n\t\t\t\tvar marginPortfolio = function() {\n\n\t\t\t\t\tvar $diapo          = $('#sevgallery-1893505535');\n\t\t\t\t\tvar container_width = $diapo.parent().outerWidth();\n\t\t\t\t\tvar side            = ( $(window).innerWidth() - container_width ) \/ 2;\n\n\t\t\t\t\t$diapo.css( {\n\t\t\t\t\t\t'margin-left': '-' + side + 'px',\n\t\t\t\t\t\t'margin-right': '-' + side + 'px',\n\t\t\t\t\t} );\n\t\t\t\t};\n\n\t\t\t\t$( window ).resize( function() {\n\t\t\t\t\tmarginPortfolio();\n\t\t\t\t} );\n\t\t\t\tmarginPortfolio();\n\t\t\t});\n\t\t\t<\/script>","protected":false},"excerpt":{"rendered":"<p>JOUR 1 : Autour du Lac&#8230; Laissez-nous vous parler de notre territoire\u2026Il regorge de tr\u00e9sors insoup\u00e7onn\u00e9s et il serait ind\u00e9cent que nous gardions pour nous ces fameux secrets\u2026Peut-\u00eatre avez-vous pos\u00e9 vos valises au camping Val de Vie sans savoir qu\u2019\u00e0 quelques lieues d\u2019ici la nature pouvait se montrer extr\u00eamement g\u00e9n\u00e9reuse. Pour une premi\u00e8re exp\u00e9rience Zen [&hellip;]<\/p>\n","protected":false},"author":1,"featured_media":0,"parent":0,"menu_order":0,"comment_status":"closed","ping_status":"closed","template":"","meta":{"_seopress_robots_primary_cat":"","_seopress_titles_title":"Exp\u00e9rience zen et d\u00e9tente - Camping en Vend\u00e9e","_seopress_titles_desc":"Pour une premi\u00e8re exp\u00e9rience Zen et D\u00e9tente nous vous proposons un programme des plus all\u00e9chants","_seopress_robots_index":"","footnotes":""},"class_list":["post-11731","page","type-page","status-publish","hentry"],"_links":{"self":[{"href":"https:\/\/www.campingvaldevie.fr\/de\/wp-json\/wp\/v2\/pages\/11731","targetHints":{"allow":["GET"]}}],"collection":[{"href":"https:\/\/www.campingvaldevie.fr\/de\/wp-json\/wp\/v2\/pages"}],"about":[{"href":"https:\/\/www.campingvaldevie.fr\/de\/wp-json\/wp\/v2\/types\/page"}],"author":[{"embeddable":true,"href":"https:\/\/www.campingvaldevie.fr\/de\/wp-json\/wp\/v2\/users\/1"}],"replies":[{"embeddable":true,"href":"https:\/\/www.campingvaldevie.fr\/de\/wp-json\/wp\/v2\/comments?post=11731"}],"version-history":[{"count":10,"href":"https:\/\/www.campingvaldevie.fr\/de\/wp-json\/wp\/v2\/pages\/11731\/revisions"}],"predecessor-version":[{"id":22475,"href":"https:\/\/www.campingvaldevie.fr\/de\/wp-json\/wp\/v2\/pages\/11731\/revisions\/22475"}],"wp:attachment":[{"href":"https:\/\/www.campingvaldevie.fr\/de\/wp-json\/wp\/v2\/media?parent=11731"}],"curies":[{"name":"wp","href":"https:\/\/api.w.org\/{rel}","templated":true}]}}