{"id":11744,"date":"2022-02-10T11:56:43","date_gmt":"2022-02-10T10:56:43","guid":{"rendered":"https:\/\/www.campingvaldevie.fr\/?page_id=11744"},"modified":"2023-11-15T14:09:51","modified_gmt":"2023-11-15T13:09:51","slug":"erfahrung-neugierige-familie","status":"publish","type":"page","link":"https:\/\/www.campingvaldevie.fr\/de\/experience-famille-curieuse\/","title":{"rendered":"Erfahrung 100% neugierige Familie: Tag 1"},"content":{"rendered":"<h2 class=\"wp-block-heading\" id=\"jour-1-a-la-decouverte-de-l-ile-d-yeu\">Auf Entdeckungstour auf der \u00cele d'Yeu<\/h2>\n\n\n\n<p>F\u00fcr diese \"Entdeckungs\"-Erfahrung seit dem <a href=\"\/de\/\">Campingplatz Val de Vie<\/a> wir schlagen Ihnen vor, die Leinen loszumachen und in <a href=\"https:\/\/www.campingvaldevie.fr\/de\/tourismus-vendee\/saint-gilles-croix-de-vie\/\" data-type=\"page\" data-id=\"1380\">Saint Gilles Croix de Vie<\/a> f\u00fcr eine einst\u00fcndige \u00dcberfahrt nach<a href=\"https:\/\/www.campingvaldevie.fr\/de\/tourismus-vendee\/ile-dyeu\/\" data-type=\"page\" data-id=\"1503\">\u00cele d'Yeu<\/a>.<br>Wir empfehlen Ihnen, sich f\u00fcr die erste Abfahrt um 9.00 Uhr zu entscheiden, damit Sie den Tag voll und ganz genie\u00dfen k\u00f6nnen.<\/p>\n\n\n\n<p>Sie k\u00f6nnen wahlweise auf einem kostenlosen Parkplatz in der N\u00e4he der Anlegestelle parken.<\/p>\n\n\n\n<ul class=\"wp-block-list\">\n<li>Der Parkplatz Schiffsanleger \"Ile d'Yeu\" (ca. 500 m vom Schiffsanleger entfernt, Avenue Georges Pompidou).<\/li>\n\n\n\n<li>Der Parkplatz der Schule Les Salines (Rue des Paludiers, 600 m von der Anlegestelle entfernt).<\/li>\n<\/ul>\n\n\n\n<p>Um die Tarife einzusehen, k\u00f6nnen Sie auf den folgenden Link klicken: <a href=\"https:\/\/www.compagnie-vendeenne.com\/fr\/tarifs\" target=\"_blank\" rel=\"noreferrer noopener\">https:\/\/www.compagnie-vendeenne.com\/fr\/tarifs<\/a><\/p>\n\n\n\n<p><strong>Gut zu wissen:<\/strong><\/p>\n\n\n\n<p class=\"translation-block\">Um diese <strong>Perle des Atlantiks<\/strong>, diesen entfremdenden und wundersch\u00f6nen Stein, zu erkunden, ist es am besten, Fahrr\u00e4der zu mieten. Sie werden keine gro\u00dfen Schwierigkeiten haben, welche zu finden, da es zahlreiche Verleiher gibt. Um jedoch eine b\u00f6se \u00dcberraschung zu vermeiden, empfehlen wir Ihnen, Ihre Reittiere im Voraus zu reservieren.<br> Ein kleiner Kaffee am Hafen und los geht's!<\/p>\n\n\n\n<p><strong>Fahrradtour um die Insel :<\/strong><\/p>\n\n\n\n<p>Die Insel wird auf 28 Kilometern umrundet und man braucht etwa 4 Stunden und 30 Minuten f\u00fcr die gesamte Strecke, Pausen eingeschlossen. Die Tour ist nicht besonders schwierig und die wichtigsten Punkte sind gut ausgeschildert.<\/p>\n\n\n\n<p><strong>Vorschlag f\u00fcr eine kleine Fahrradtour :<\/strong><\/p>\n\n\n\n<p>Dieser 14 km lange Rundweg ist eine interessante Alternative, um einen kurzen Tag auf <strong>die Insel Yeu<\/strong>. Alle Informationen zu diesem Spaziergang finden Sie unter <a rel=\"noreferrer noopener\" href=\"https:\/\/www.ile-yeu.fr\/que-faire-a-l-ile-d-yeu\/se-balader-a-pied-ou-a-velo\/les-balades-a-velo\" target=\"_blank\">der Link<\/a>.<\/p>\n\n\n\n<p><strong>Zu sehen :<\/strong><\/p>\n\n\n\n<p>Die Ile d'Yeu ist ein Land der Kontraste, und alle sind sich einig, dass sie ein Paradies auf Erden ist. Wenn Sie diese Zeilen lesen, denken Sie vielleicht, dass wir das \u00fcbertreiben und es uns an Objektivit\u00e4t mangelt.<\/p>\n\n\n\n<p>Wir w\u00fcrden gerne mit Ihnen dar\u00fcber sprechen, wenn Sie wieder zu Hause sind...<\/p>\n\n\n\n<p class=\"translation-block\">Es ist schwierig, das Gesicht der Ile d'Yeu in wenigen Worten zu beschreiben.<br> Diese facettenreiche Insel hat es geschafft, ihren wilden und authentischen Charakter zu bewahren.<br> Hier gibt es mehr Fahrr\u00e4der als Autos und der L\u00e4rm der Motoren wird weitgehend vom Gesang der V\u00f6gel \u00fcbert\u00f6nt... Diese Insel scheint aus der Zeit gefallen zu sein, als ob die Zeiger ihrer Uhr in den 80er Jahren stehen geblieben w\u00e4ren. Die \u00cele d'Yeu vermittelt Ihnen ein Gef\u00fchl von Freiheit.<br> Sie ist der perfekte Ort, um Ihre Batterien aufzuladen und die Seele baumeln zu lassen.<\/p>\n\n\n\n<h2 class=\"wp-block-heading\" id=\"nos-coups-de-coeur-et-bonnes-adresses\">Unsere Favoriten und guten Adressen :<\/h2>\n\n\n\n<p class=\"translation-block\">Als Liebhaber sch\u00f6ner Str\u00e4nde haben Sie die Qual der Wahl. Von <strong>gro\u00dfen Str\u00e4nden mit feinem Sand<\/strong> \u00fcber intimere Buchten bis hin zu frischem, t\u00fcrkisfarbenem Wasser w\u00e4hlen Sie Ihre Postkartenkulisse und legen sich hin, wo es Ihnen gef\u00e4llt.<br> Was uns betrifft, so haben wir eine leichte Vorliebe f\u00fcr <strong>den Strand Anse des Soux<\/strong>.<br> Wei\u00dfer Sand, klares Wasser, umgeben von Felsen und Klippen, diese idyllische Umgebung hat alles, was wir brauchen, um sie zu genie\u00dfen. Und wir wetten, dass es auch Ihnen gefallen wird.<\/p>\n\n\n\n<p><strong>Andere nette Str\u00e4nde ...<\/strong> Plage des Sabias, Plage de la Belle maison, Plage des Sapins...<\/p>\n\n\n\n<p class=\"translation-block\"><strong>Le Port de la Meule<\/strong>, ist eine kleine Enklave an der S\u00fcdwestk\u00fcste der Insel Yeu.<br> Dieser Hafen, der im 11. Jahrhundert erbaut wurde, bietet einen erhabenen Blick auf die K\u00fcste.<br> Nicht zu verpassen.<\/p>\n\n\n\n<p><strong>Das alte Schloss, <\/strong>ist die mittelalterliche St\u00e4tte der Insel. Sie k\u00f6nnen eine gef\u00fchrte Tour genie\u00dfen, um alles \u00fcber diese Festung zu erfahren. Finden Sie alle Informationen, indem Sie auf <a href=\"https:\/\/www.ile-yeu.fr\/que-faire-a-l-ile-d-yeu\/se-divertir\/activites-sur-l-ile\/le-vieux-chateau-2265885\" target=\"_blank\" rel=\"noreferrer noopener\">der Link<\/a>.<\/p>\n\n\n\n<p><strong>Cr\u00eaperie-Imbiss \"Chez Martin\" :<br><\/strong>Dieses Restaurant ist eine Institution auf der Insel. Wenn Sie Hunger auf Authentizit\u00e4t und Einfachheit haben, d\u00fcrfte diese Adresse Sie begeistern. Auf der Speisekarte stehen k\u00f6stliche Galettes und Cr\u00eapes, Muscheln und vor allem... Sie haben die M\u00f6glichkeit, die Spezialit\u00e4t der Insel zu probieren und die ber\u00fchmten \"Patagos\" zu kosten.<br>Ein reines Vergn\u00fcgen!<\/p>\n\n\n\t\t\t<div id=\"sevgallery-2134390646\" class=\"sev-diaporama sev-diaporama-portfolio\">\n\t\t\t<div class=\"row\">\n\n\t\t\t\n\t\t\t\t\n\t\t\t\t<div class=\"sev-diaporama-portfolio-item col-12 col-sm\">\n\t\t\t\t\t<a href=\"https:\/\/www.campingvaldevie.fr\/wp-content\/uploads\/2018\/02\/Copyright_A.Lamoureux_Vendee_Expansion_Yeu_port_de_la_meule_6.jpg\" data-lightbox=\"sevgallery-2134390646\" style=\"background-image: url(https:\/\/www.campingvaldevie.fr\/wp-content\/uploads\/2018\/02\/Copyright_A.Lamoureux_Vendee_Expansion_Yeu_port_de_la_meule_6.jpg)\">\n\t\t\t\t\t\t<img decoding=\"async\" src=\"https:\/\/www.campingvaldevie.fr\/wp-content\/uploads\/2018\/02\/Copyright_A.Lamoureux_Vendee_Expansion_Yeu_port_de_la_meule_6.jpg\" alt=\"Port de la Meule Ile d&#039;yeu\" loading=\"lazy\">\n\t\t\t\t\t<\/a>\n\t\t\t\t<\/div>\n\n\t\t\t\t\n\t\t\t\t\t\t\t\t\t\t\t\n\t\t\t\t\n\t\t\t\t<div class=\"sev-diaporama-portfolio-item col-12 col-sm  col-shrink\">\n\t\t\t\t\t<a href=\"https:\/\/www.campingvaldevie.fr\/wp-content\/uploads\/2018\/02\/ile-d-yeu-cote-rocheuse.jpg\" data-lightbox=\"sevgallery-2134390646\" style=\"background-image: url(https:\/\/www.campingvaldevie.fr\/wp-content\/uploads\/2018\/02\/ile-d-yeu-cote-rocheuse.jpg)\">\n\t\t\t\t\t\t<img decoding=\"async\" src=\"https:\/\/www.campingvaldevie.fr\/wp-content\/uploads\/2018\/02\/ile-d-yeu-cote-rocheuse.jpg\" alt=\"felsige K\u00fcste der Ile d&#039;Yeu\" loading=\"lazy\">\n\t\t\t\t\t<\/a>\n\t\t\t\t<\/div>\n\n\t\t\t\t\n\t\t\t\t\t\t\t\t\t\t\t\n\t\t\t\t\n\t\t\t\t<div class=\"sev-diaporama-portfolio-item col-12 col-sm  col-shrink\">\n\t\t\t\t\t<a href=\"https:\/\/www.campingvaldevie.fr\/wp-content\/uploads\/2018\/02\/ile-d-yeu-port-joinville-bateaux.jpg\" data-lightbox=\"sevgallery-2134390646\" style=\"background-image: url(https:\/\/www.campingvaldevie.fr\/wp-content\/uploads\/2018\/02\/ile-d-yeu-port-joinville-bateaux.jpg)\">\n\t\t\t\t\t\t<img decoding=\"async\" src=\"https:\/\/www.campingvaldevie.fr\/wp-content\/uploads\/2018\/02\/ile-d-yeu-port-joinville-bateaux.jpg\" alt=\"Hafen Joinville\" loading=\"lazy\">\n\t\t\t\t\t<\/a>\n\t\t\t\t<\/div>\n\n\t\t\t\t\t\t\t\t\t<div class=\"w-100\"><\/div>\n\t\t\t\t\t\t\t\t\t\n\t\t\t\t\t\t\t\t\t\t\t\n\t\t\t\t\n\t\t\t\t<div class=\"sev-diaporama-portfolio-item col-12 col-sm  col-grow\">\n\t\t\t\t\t<a href=\"https:\/\/www.campingvaldevie.fr\/wp-content\/uploads\/2018\/02\/ile-d-yeu-vieux-chateau.jpg\" data-lightbox=\"sevgallery-2134390646\" style=\"background-image: url(https:\/\/www.campingvaldevie.fr\/wp-content\/uploads\/2018\/02\/ile-d-yeu-vieux-chateau.jpg)\">\n\t\t\t\t\t\t<img decoding=\"async\" src=\"https:\/\/www.campingvaldevie.fr\/wp-content\/uploads\/2018\/02\/ile-d-yeu-vieux-chateau.jpg\" alt=\"le vieux chateau ile d&#039;yeu\" loading=\"lazy\">\n\t\t\t\t\t<\/a>\n\t\t\t\t<\/div>\n\n\t\t\t\t\n\t\t\t\t\t\t\t\t\t\t\t\n\t\t\t\t\n\t\t\t\t<div class=\"sev-diaporama-portfolio-item col-12 col-sm  col-shrink\">\n\t\t\t\t\t<a href=\"https:\/\/www.campingvaldevie.fr\/wp-content\/uploads\/2018\/02\/ile-d-yeu-vue-aerienne-cote-sable-mer.jpg\" data-lightbox=\"sevgallery-2134390646\" style=\"background-image: url(https:\/\/www.campingvaldevie.fr\/wp-content\/uploads\/2018\/02\/ile-d-yeu-vue-aerienne-cote-sable-mer.jpg)\">\n\t\t\t\t\t\t<img decoding=\"async\" src=\"https:\/\/www.campingvaldevie.fr\/wp-content\/uploads\/2018\/02\/ile-d-yeu-vue-aerienne-cote-sable-mer.jpg\" alt=\"Luftaufnahme ile d&#039;yeu\" loading=\"lazy\">\n\t\t\t\t\t<\/a>\n\t\t\t\t<\/div>\n\n\t\t\t\t\n\t\t\t\t\t\t\t\t\t\t\t\n\t\t\t\t\n\t\t\t\t<div class=\"sev-diaporama-portfolio-item col-12 col-sm  col-grow\">\n\t\t\t\t\t<a href=\"https:\/\/www.campingvaldevie.fr\/wp-content\/uploads\/2018\/01\/ile-d-yeu-entree-port-joinville.jpg\" data-lightbox=\"sevgallery-2134390646\" style=\"background-image: url(https:\/\/www.campingvaldevie.fr\/wp-content\/uploads\/2018\/01\/ile-d-yeu-entree-port-joinville.jpg)\">\n\t\t\t\t\t\t<img decoding=\"async\" src=\"https:\/\/www.campingvaldevie.fr\/wp-content\/uploads\/2018\/01\/ile-d-yeu-entree-port-joinville.jpg\" alt=\"Ile d&#039;Yeu Hafen Joinville\" loading=\"lazy\">\n\t\t\t\t\t<\/a>\n\t\t\t\t<\/div>\n\n\t\t\t\t\t\t\t\t\t<div class=\"w-100\"><\/div>\n\t\t\t\t\t\t\t\t\t\n\t\t\t\t\t\t\t\t\t\t\t\n\t\t\t\t\n\t\t\t\t<div class=\"sev-diaporama-portfolio-item col-12 col-sm\">\n\t\t\t\t\t<a href=\"https:\/\/www.campingvaldevie.fr\/wp-content\/uploads\/2022\/02\/ile-d-yeu-IMG_8406.jpg\" data-lightbox=\"sevgallery-2134390646\" style=\"background-image: url(https:\/\/www.campingvaldevie.fr\/wp-content\/uploads\/2022\/02\/ile-d-yeu-IMG_8406.jpg)\">\n\t\t\t\t\t\t<img decoding=\"async\" src=\"https:\/\/www.campingvaldevie.fr\/wp-content\/uploads\/2022\/02\/ile-d-yeu-IMG_8406.jpg\" alt=\"Strand der Ile d&#039;Yeu\" loading=\"lazy\">\n\t\t\t\t\t<\/a>\n\t\t\t\t<\/div>\n\n\t\t\t\t\n\t\t\t\t\t\t\t\t\t\t\t\n\t\t\t\t\n\t\t\t\t<div class=\"sev-diaporama-portfolio-item col-12 col-sm  col-grow\">\n\t\t\t\t\t<a href=\"https:\/\/www.campingvaldevie.fr\/wp-content\/uploads\/2022\/02\/ile-d-yeu-IMG_8494.jpg\" data-lightbox=\"sevgallery-2134390646\" style=\"background-image: url(https:\/\/www.campingvaldevie.fr\/wp-content\/uploads\/2022\/02\/ile-d-yeu-IMG_8494.jpg)\">\n\t\t\t\t\t\t<img decoding=\"async\" src=\"https:\/\/www.campingvaldevie.fr\/wp-content\/uploads\/2022\/02\/ile-d-yeu-IMG_8494.jpg\" alt=\"hafen der ile d&#039;yeu\" loading=\"lazy\">\n\t\t\t\t\t<\/a>\n\t\t\t\t<\/div>\n\n\t\t\t\t\n\t\t\t\t\t\t\t\t\t\t\t\n\t\t\t\t\n\t\t\t\t<div class=\"sev-diaporama-portfolio-item col-12 col-sm\">\n\t\t\t\t\t<a href=\"https:\/\/www.campingvaldevie.fr\/wp-content\/uploads\/2022\/02\/ile-d-yeu-vue-aerienne-port-joinville.jpg\" data-lightbox=\"sevgallery-2134390646\" style=\"background-image: url(https:\/\/www.campingvaldevie.fr\/wp-content\/uploads\/2022\/02\/ile-d-yeu-vue-aerienne-port-joinville.jpg)\">\n\t\t\t\t\t\t<img decoding=\"async\" src=\"https:\/\/www.campingvaldevie.fr\/wp-content\/uploads\/2022\/02\/ile-d-yeu-vue-aerienne-port-joinville.jpg\" alt=\"Luftansicht der Insel Yeu\" loading=\"lazy\">\n\t\t\t\t\t<\/a>\n\t\t\t\t<\/div>\n\n\t\t\t\t\t\t\t\t\t<div class=\"w-100\"><\/div>\n\t\t\t\t\t\t\t\t\t\n\t\t\t\t\t\t\t\t\t\t\t\t\t\t<\/div>\n\t\t\t<\/div>\n\n\t\t\t<script>\n\t\t\tjQuery(function($) {\n\n\t\t\t\tvar marginPortfolio = function() {\n\n\t\t\t\t\tvar $diapo          = $('#sevgallery-2134390646');\n\t\t\t\t\tvar container_width = $diapo.parent().outerWidth();\n\t\t\t\t\tvar side            = ( $(window).innerWidth() - container_width ) \/ 2;\n\n\t\t\t\t\t$diapo.css( {\n\t\t\t\t\t\t'margin-left': '-' + side + 'px',\n\t\t\t\t\t\t'margin-right': '-' + side + 'px',\n\t\t\t\t\t} );\n\t\t\t\t};\n\n\t\t\t\t$( window ).resize( function() {\n\t\t\t\t\tmarginPortfolio();\n\t\t\t\t} );\n\t\t\t\tmarginPortfolio();\n\t\t\t});\n\t\t\t<\/script>","protected":false},"excerpt":{"rendered":"<p>A la d\u00e9couverte de l\u2019\u00eele d\u2019Yeu Pour cette exp\u00e9rience \u00ab\u00a0d\u00e9couverte\u00a0\u00bb depuis le camping Val de Vie nous vous proposons de larguer les amarres et d\u2019embarquer \u00e0 Saint Gilles Croix de Vie pour une travers\u00e9e d\u2019une heure en direction de l\u2019\u00eele d\u2019Yeu.Nous vous conseillons d\u2019opter pour le premier d\u00e9part \u00e0 9H00 pour pleinement profiter de cette [&hellip;]<\/p>\n","protected":false},"author":1,"featured_media":0,"parent":0,"menu_order":0,"comment_status":"closed","ping_status":"closed","template":"","meta":{"_seopress_robots_primary_cat":"","_seopress_titles_title":"Exp\u00e9rience 100\u00a0% famille curieuse - Camping Vend\u00e9e","_seopress_titles_desc":"Pour cette exp\u00e9rience \u00ab\u00a0d\u00e9couverte\u00a0\u00bb nous vous proposons de larguer les amarres et d\u2019embarquer \u00e0 Saint Gilles Croix de Vie pour visiter l\u2019\u00eele d\u2019Yeu.","_seopress_robots_index":"","footnotes":""},"class_list":["post-11744","page","type-page","status-publish","hentry"],"_links":{"self":[{"href":"https:\/\/www.campingvaldevie.fr\/de\/wp-json\/wp\/v2\/pages\/11744","targetHints":{"allow":["GET"]}}],"collection":[{"href":"https:\/\/www.campingvaldevie.fr\/de\/wp-json\/wp\/v2\/pages"}],"about":[{"href":"https:\/\/www.campingvaldevie.fr\/de\/wp-json\/wp\/v2\/types\/page"}],"author":[{"embeddable":true,"href":"https:\/\/www.campingvaldevie.fr\/de\/wp-json\/wp\/v2\/users\/1"}],"replies":[{"embeddable":true,"href":"https:\/\/www.campingvaldevie.fr\/de\/wp-json\/wp\/v2\/comments?post=11744"}],"version-history":[{"count":8,"href":"https:\/\/www.campingvaldevie.fr\/de\/wp-json\/wp\/v2\/pages\/11744\/revisions"}],"predecessor-version":[{"id":22604,"href":"https:\/\/www.campingvaldevie.fr\/de\/wp-json\/wp\/v2\/pages\/11744\/revisions\/22604"}],"wp:attachment":[{"href":"https:\/\/www.campingvaldevie.fr\/de\/wp-json\/wp\/v2\/media?parent=11744"}],"curies":[{"name":"wp","href":"https:\/\/api.w.org\/{rel}","templated":true}]}}