{"id":20275,"date":"2022-12-06T19:20:24","date_gmt":"2022-12-06T18:20:24","guid":{"rendered":"https:\/\/www.campingvaldevie.fr\/?page_id=20275"},"modified":"2024-12-17T15:26:52","modified_gmt":"2024-12-17T14:26:52","slug":"tourismus-vendee","status":"publish","type":"page","link":"https:\/\/www.campingvaldevie.fr\/de\/tourisme-vendee\/","title":{"rendered":"Tourismus in der Vend\u00e9e, die 10 besten Sehensw\u00fcrdigkeiten"},"content":{"rendered":"<p>Die <strong>Vend\u00e9e<\/strong> ist ein Reiseziel, das jedes Jahr Touristen aus aller Welt anzieht. Sie k\u00f6nnen dort einen kulturellen oder k\u00fcnstlerischen Besuch machen. Welche <strong>Sehensw\u00fcrdigkeiten<\/strong> attraktiven Sehensw\u00fcrdigkeiten in der Vend\u00e9e? Entdecken Sie die 10 besten Dinge, die Sie w\u00e4hrend Ihrer <a href=\"https:\/\/www.vendee-tourisme.com\/\" target=\"_blank\" rel=\"noreferrer noopener\"><strong>Besuch in der Vend\u00e9e<\/strong><\/a> in den <strong>Pays de la Loire<\/strong>.<\/p>\n\n\n\n<div class=\"wp-block-columns is-layout-flex wp-container-core-columns-is-layout-9d6595d7 wp-block-columns-is-layout-flex\">\n<div class=\"wp-block-column is-layout-flow wp-block-column-is-layout-flow\">\n<h2 class=\"wp-block-heading has-text-align-center\">Die wundersch\u00f6nen Str\u00e4nde der Vend\u00e9e&nbsp;<\/h2>\n\n\n\n<p>Die Vend\u00e9e besitzt <strong>250 Kilometer Str\u00e4nde <\/strong>mit <strong>Badeorte<\/strong>. Von seinen ber\u00fchmten Str\u00e4nden sind hier die unumg\u00e4nglichen :<\/p>\n<\/div>\n<\/div>\n\n\n\n<div class=\"wp-block-media-text alignfull has-media-on-the-right is-stacked-on-mobile is-vertically-aligned-center is-style-default\" style=\"grid-template-columns:auto 40%\"><div class=\"wp-block-media-text__content\">\n<ol class=\"wp-block-list\">\n<li><strong>Der Strand von La Par\u00e9e du Jonc<\/strong><\/li>\n<\/ol>\n\n\n\n<p>Es handelt sich um einen wilden Strand in <strong>Saint-Jean-de-Monts<\/strong>. Durch seine abgeschiedene Lage h\u00f6ren Sie nur das Rauschen des Ozeans, was denjenigen, die eine friedliche und entspannende Atmosph\u00e4re suchen, gefallen wird. Abgesehen von seiner Sch\u00f6nheit <strong>nat\u00fcrlich und wild<\/strong>Sie k\u00f6nnen auch Aktivit\u00e4ten mit der Familie oder mit Freunden unternehmen, wie zum Beispiel :<\/p>\n\n\n\n<ul class=\"wp-block-list\">\n<li>Angeln ;<\/li>\n\n\n\n<li>Der Ausritt ;&nbsp;<\/li>\n\n\n\n<li>usw.<\/li>\n<\/ul>\n\n\n\n<ol start=\"2\" class=\"wp-block-list\">\n<li><strong>Der Strand von La Baigneuse<\/strong><\/li>\n<\/ol>\n\n\n\n<p>Dies ist einer der Str\u00e4nde in <strong>Saint-Jean-de-Monts <\/strong>bekannt als <strong>animiert<\/strong> da er einer der von Touristen am meisten besuchten Str\u00e4nde ist. Sie ist sehr lebendig, auch am Abend, da die Bars und Restaurants am Ufer sie beleben. Sie ist daher ideal f\u00fcr einen Ausflug mit Freunden. Neben ihrer Sch\u00f6nheit gibt es verschiedene Gr\u00fcnde, einen Abstecher dorthin zu machen, z. B. :<\/p>\n\n\n\n<ul class=\"wp-block-list\">\n<li>Sein weitl\u00e4ufiges Vorland ;<\/li>\n<\/ul>\n\n\n\n<ul class=\"wp-block-list\">\n<li>Sein feiner Sand ;<\/li>\n\n\n\n<li>Seine ruhigen, str\u00f6mungsarmen Gew\u00e4sser ;<\/li>\n\n\n\n<li>Um dort zu feiern ;<\/li>\n\n\n\n<li>usw.&nbsp;<\/li>\n<\/ul>\n\n\n\n<p>Was die Aktivit\u00e4ten betrifft, so k\u00f6nnen Sie neben der Statue der \"Badenden\" oder der Skulptur von Henry Murail Erinnerungsfotos machen.<\/p>\n\n\n\n<ol start=\"3\" class=\"wp-block-list\">\n<li><strong>Die Str\u00e4nde von Barb\u00e2tre&nbsp;&nbsp;<\/strong><\/li>\n<\/ol>\n\n\n\n<p>Die sch\u00f6nsten Str\u00e4nde der Vend\u00e9e befinden sich an der<strong>Insel Noirmoutier<\/strong>. Unter diesen ist der Strand von Barb\u00e2tre wundersch\u00f6n, da Sie auf fast 7 km am Ozean entlang spazieren oder den Wald w\u00e4hlen k\u00f6nnen, der an den Strand grenzt. Der Strand von Barb\u00e2tre ist <strong>authentisch<\/strong>Es ist eine Insel mit einer gut erhaltenen Flora und Fauna. Das Besondere an diesem Ort ist, dass sich die Einheimischen hier zum Surfen oder Windsurfen verabreden.&nbsp;<\/p>\n<\/div><figure class=\"wp-block-media-text__media\"><img loading=\"lazy\" decoding=\"async\" width=\"1024\" height=\"683\" src=\"https:\/\/www.campingvaldevie.fr\/wp-content\/uploads\/2022\/12\/plage-paree-du-jonc-1024x683.jpg\" alt=\"str\u00e4nde der vend\u00e9e\" class=\"wp-image-20305 size-large\" srcset=\"https:\/\/www.campingvaldevie.fr\/wp-content\/uploads\/2022\/12\/plage-paree-du-jonc-1024x683.jpg 1024w, https:\/\/www.campingvaldevie.fr\/wp-content\/uploads\/2022\/12\/plage-paree-du-jonc-300x200.jpg 300w, https:\/\/www.campingvaldevie.fr\/wp-content\/uploads\/2022\/12\/plage-paree-du-jonc-768x512.jpg 768w, https:\/\/www.campingvaldevie.fr\/wp-content\/uploads\/2022\/12\/plage-paree-du-jonc.jpg 1200w\" sizes=\"auto, (max-width: 1024px) 100vw, 1024px\" \/><\/figure><\/div>\n\n\n\n<div style=\"height:30px\" aria-hidden=\"true\" class=\"wp-block-spacer\"><\/div>\n\n\n\n<div class=\"wp-block-media-text alignfull is-stacked-on-mobile is-vertically-aligned-center is-style-default\" style=\"grid-template-columns:40% auto\"><figure class=\"wp-block-media-text__media\"><img loading=\"lazy\" decoding=\"async\" width=\"1024\" height=\"683\" src=\"https:\/\/www.campingvaldevie.fr\/wp-content\/uploads\/2022\/12\/musee-coquillage-1024x683.jpg\" alt=\"Muschelmuseum\" class=\"wp-image-20312 size-full\" srcset=\"https:\/\/www.campingvaldevie.fr\/wp-content\/uploads\/2022\/12\/musee-coquillage-1024x683.jpg 1024w, https:\/\/www.campingvaldevie.fr\/wp-content\/uploads\/2022\/12\/musee-coquillage-300x200.jpg 300w, https:\/\/www.campingvaldevie.fr\/wp-content\/uploads\/2022\/12\/musee-coquillage-768x512.jpg 768w, https:\/\/www.campingvaldevie.fr\/wp-content\/uploads\/2022\/12\/musee-coquillage.jpg 1200w\" sizes=\"auto, (max-width: 1024px) 100vw, 1024px\" \/><\/figure><div class=\"wp-block-media-text__content\">\n<h2 class=\"wp-block-heading has-text-align-left\">Die Volksmuseen der Vend\u00e9e<\/h2>\n\n\n\n<p>Zu den bekanntesten geh\u00f6ren :<\/p>\n\n\n\n<ol start=\"4\" class=\"wp-block-list\">\n<li><strong>Die Perle der G\u00f6tter&nbsp;<\/strong><\/li>\n<\/ol>\n\n\n\n<p>Es ist ein kleines Museum in <strong>Saint-Gilles-Croix-de-Vie<\/strong> die \u00fcber alle Sammlungen der Boxen von <strong>Sardinen aus der Vend\u00e9e<\/strong> die seit 135 Jahren bestehen. Die Perle der G\u00f6tter ist Teil des touristischen und gastronomischen Erbes des Atlantischen Ozeans. Hier k\u00f6nnen Sie hochwertige Sardinen probieren, um Ihren Gaumen zu verw\u00f6hnen. Sie k\u00f6nnen sie sogar kaufen, denn das Museum umfasst auch einen Laden und Workshops.<\/p>\n\n\n\n<ol start=\"5\" class=\"wp-block-list\">\n<li><strong>Das Muschelmuseum<\/strong><\/li>\n<\/ol>\n\n\n\n<p>Sind Sie von der Sch\u00f6nheit von Muscheln fasziniert? Besuchen Sie dieses Museum, das in den <strong>Sables-d'Olonne<\/strong>. In diesem Museum k\u00f6nnen Sie durch die Sammlung verschiedene Texturen und Sorten finden. Au\u00dferdem erfahren Sie hier viel \u00fcber den Meeresboden und das Geheimnis des Meeres.&nbsp;<\/p>\n\n\n\n<ol start=\"6\" class=\"wp-block-list\">\n<li><strong>Das Museum der Abtei des heiligen Kreuzes<\/strong><\/li>\n<\/ol>\n\n\n\n<p>Es wurde von Benediktinerinnen gegr\u00fcndet und hat die Aufgabe, Werke zeitgen\u00f6ssischer und moderner Kunst zu verbreiten. Dieser Ort l\u00e4dt Sie dank der Ruhe, die er ausstrahlt, zum Tr\u00e4umen ein. Das Museum ist ein echter Pionier in Frankreich und steht als historisches Erbe unter Denkmalschutz.&nbsp;<\/p>\n\n\n\n<ol start=\"7\" class=\"wp-block-list\">\n<li><strong>Grasla Refugium<\/strong><\/li>\n<\/ol>\n\n\n\n<p>Es handelt sich um einen Wald in der Vend\u00e9e, in der Gemeinde Brouzils, der den Vend\u00e9en w\u00e4hrend der Vend\u00e9e-Kriege 1793-94 als Zufluchtsort diente. Der Besuch erfolgt auf spielerische Weise in Gruppen.&nbsp;<\/p>\n\n\n\n<p>Wenn Sie all diese Museen auf die beste Art und Weise besuchen wollen, buchen Sie Ihren Urlaub in einem <a href=\"\/de\/\"><strong>camping in der Vend\u00e9e<\/strong><\/a>.&nbsp;&nbsp;<\/p>\n<\/div><\/div>\n\n\n\n<div style=\"height:30px\" aria-hidden=\"true\" class=\"wp-block-spacer\"><\/div>\n\n\n\n<div class=\"wp-block-media-text alignfull has-media-on-the-right is-stacked-on-mobile is-vertically-aligned-center is-style-default\" style=\"grid-template-columns:auto 40%\"><div class=\"wp-block-media-text__content\">\n<h2 class=\"wp-block-heading has-text-align-left\">Die Parks in La Vend\u00e9e<\/h2>\n\n\n\n<ol start=\"8\" class=\"wp-block-list\">\n<li><strong>Puy du Fou<\/strong><\/li>\n<\/ol>\n\n\n\n<p>Machen Sie eine Zeitreise in die Vergangenheit und besuchen Sie das sch\u00f6nste <strong>Freizeitpark in Frankreich<\/strong> seit unserem <a href=\"https:\/\/www.campingvaldevie.fr\/de\/camping-puy-du-fou\/\">Campingplatz Puy du Fou<\/a>. Hier sind einige Gr\u00fcnde, diesen ungew\u00f6hnlichen Ort zu entdecken :\u00a0<\/p>\n\n\n\n<ul class=\"wp-block-list\">\n<li>Grandiose Shows, die Sie in verschiedene Welten eintauchen lassen ;<\/li>\n\n\n\n<li>Thematische G\u00e4steh\u00e4user ;<\/li>\n\n\n\n<li>Eine Bereicherung des Wissens ;<\/li>\n\n\n\n<li>usw.&nbsp;<\/li>\n<\/ul>\n\n\n\n<ol start=\"9\" class=\"wp-block-list\">\n<li><strong>Der Blumenpark Cour d'Aron<\/strong><\/li>\n<\/ol>\n\n\n\n<p>Es handelt sich um einen umweltfreundlichen Park, der 10 Hektar gro\u00df ist. Genie\u00dfen Sie einen Moment der Entspannung und der Flucht aus dem Alltag in diesem botanischen Erbgutpark. Er verf\u00fcgt \u00fcber Pflanzen aus f\u00fcnf Kontinenten, wie den asiatischen Lotus.&nbsp;<\/p>\n\n\n\n<ol start=\"10\" class=\"wp-block-list\">\n<li><strong>Der Park von Henri Joyau<\/strong><\/li>\n<\/ol>\n\n\n\n<p>Es handelt sich um ein Areal im Herzen von Montaigu, das sowohl zur Unterhaltung als auch zur Entspannung gedacht ist. Er ist mit G\u00e4rten nach englischer Tradition geschm\u00fcckt und beherbergt ein Schloss, das 1841 erbaut wurde. Er verf\u00fcgt \u00fcber Wege zum Joggen und einen Fluss unterhalb.&nbsp;<\/p>\n<\/div><figure class=\"wp-block-media-text__media\"><img loading=\"lazy\" decoding=\"async\" width=\"1024\" height=\"683\" src=\"https:\/\/www.campingvaldevie.fr\/wp-content\/uploads\/2022\/12\/visite-puy-du-fou-1024x683.jpg\" alt=\"besuch puy du fou\" class=\"wp-image-20319 size-full\" srcset=\"https:\/\/www.campingvaldevie.fr\/wp-content\/uploads\/2022\/12\/visite-puy-du-fou-1024x683.jpg 1024w, https:\/\/www.campingvaldevie.fr\/wp-content\/uploads\/2022\/12\/visite-puy-du-fou-300x200.jpg 300w, https:\/\/www.campingvaldevie.fr\/wp-content\/uploads\/2022\/12\/visite-puy-du-fou-768x512.jpg 768w, https:\/\/www.campingvaldevie.fr\/wp-content\/uploads\/2022\/12\/visite-puy-du-fou.jpg 1200w\" sizes=\"auto, (max-width: 1024px) 100vw, 1024px\" \/><\/figure><\/div>\n\n\n\n<div style=\"height:30px\" aria-hidden=\"true\" class=\"wp-block-spacer\"><\/div>\n\n\n\n<h2 class=\"wp-block-heading has-text-align-center\">Entdecken Sie auch<\/h2>\n\n\n\n<div class=\"wp-block-columns is-layout-flex wp-container-core-columns-is-layout-9d6595d7 wp-block-columns-is-layout-flex\">\n<div class=\"wp-block-column is-layout-flow wp-block-column-is-layout-flow\">\n<div class=\"wp-block-cover\"><span aria-hidden=\"true\" class=\"wp-block-cover__background has-background-dim-30 has-background-dim\"><\/span><img loading=\"lazy\" decoding=\"async\" width=\"700\" height=\"466\" class=\"wp-block-cover__image-background wp-image-18902\" alt=\"Urlaub Kleiner Campingplatz in der N\u00e4he von Br\u00e9tignolles sur Mer\" src=\"https:\/\/www.campingvaldevie.fr\/wp-content\/uploads\/2022\/09\/vacances-petit-camping-proche-bretignolles-sur-mer.jpg\" data-object-fit=\"cover\" srcset=\"https:\/\/www.campingvaldevie.fr\/wp-content\/uploads\/2022\/09\/vacances-petit-camping-proche-bretignolles-sur-mer.jpg 700w, https:\/\/www.campingvaldevie.fr\/wp-content\/uploads\/2022\/09\/vacances-petit-camping-proche-bretignolles-sur-mer-300x200.jpg 300w\" sizes=\"auto, (max-width: 700px) 100vw, 700px\" \/><div class=\"wp-block-cover__inner-container is-layout-flow wp-block-cover-is-layout-flow\">\n<p class=\"has-text-align-center has-white-color has-text-color has-link-color has-large-font-size wp-elements-1049e23a50ec7d6772cd656100f8d764\"><a href=\"\/de\/tourismus-vendee\/bretignolles-sur-mer\/\">Bretignolles-sur-Mer<\/a><\/p>\n<\/div><\/div>\n<\/div>\n\n\n\n<div class=\"wp-block-column is-layout-flow wp-block-column-is-layout-flow\">\n<div class=\"wp-block-cover\"><span aria-hidden=\"true\" class=\"wp-block-cover__background has-background-dim-30 has-background-dim\"><\/span><img loading=\"lazy\" decoding=\"async\" width=\"1200\" height=\"800\" class=\"wp-block-cover__image-background wp-image-1639\" alt=\"Noirmoutier\" src=\"https:\/\/www.campingvaldevie.fr\/wp-content\/uploads\/2018\/01\/Noirmoutier.jpg\" data-object-fit=\"cover\" srcset=\"https:\/\/www.campingvaldevie.fr\/wp-content\/uploads\/2018\/01\/Noirmoutier.jpg 1200w, https:\/\/www.campingvaldevie.fr\/wp-content\/uploads\/2018\/01\/Noirmoutier-300x200.jpg 300w, https:\/\/www.campingvaldevie.fr\/wp-content\/uploads\/2018\/01\/Noirmoutier-1024x683.jpg 1024w, https:\/\/www.campingvaldevie.fr\/wp-content\/uploads\/2018\/01\/Noirmoutier-768x512.jpg 768w\" sizes=\"auto, (max-width: 1200px) 100vw, 1200px\" \/><div class=\"wp-block-cover__inner-container is-layout-flow wp-block-cover-is-layout-flow\">\n<p class=\"has-text-align-center has-white-color has-text-color has-link-color has-large-font-size wp-elements-1423ddace094b0431fe6461c57aef04c\"><mark style=\"background-color:rgba(0, 0, 0, 0)\" class=\"has-inline-color has-white-color\"><a href=\"\/de\/tourismus-vendee\/ile-de-noirmoutier\/\">Insel Noirmoutier<\/a><\/mark><\/p>\n<\/div><\/div>\n<\/div>\n\n\n\n<div class=\"wp-block-column is-layout-flow wp-block-column-is-layout-flow\">\n<div class=\"wp-block-cover\"><span aria-hidden=\"true\" class=\"wp-block-cover__background has-background-dim-30 has-background-dim\"><\/span><img loading=\"lazy\" decoding=\"async\" width=\"1024\" height=\"683\" class=\"wp-block-cover__image-background wp-image-23329\" alt=\"tourismus ile d&#039;yeu\" src=\"https:\/\/www.campingvaldevie.fr\/wp-content\/uploads\/2024\/01\/tourisme-ile-yeu.jpg\" data-object-fit=\"cover\" srcset=\"https:\/\/www.campingvaldevie.fr\/wp-content\/uploads\/2024\/01\/tourisme-ile-yeu.jpg 1024w, https:\/\/www.campingvaldevie.fr\/wp-content\/uploads\/2024\/01\/tourisme-ile-yeu-300x200.jpg 300w, https:\/\/www.campingvaldevie.fr\/wp-content\/uploads\/2024\/01\/tourisme-ile-yeu-768x512.jpg 768w\" sizes=\"auto, (max-width: 1024px) 100vw, 1024px\" \/><div class=\"wp-block-cover__inner-container is-layout-flow wp-block-cover-is-layout-flow\">\n<p class=\"has-text-align-center has-white-color has-text-color has-link-color has-large-font-size wp-elements-12ca4cef5cab96b26f9a200617985897\"><mark style=\"background-color:rgba(0, 0, 0, 0)\" class=\"has-inline-color has-white-color\"><a href=\"\/de\/tourismus-vendee\/ile-dyeu\/\">\u00cele d'Yeu<\/a><\/mark><\/p>\n<\/div><\/div>\n<\/div>\n<\/div>\n\n\n\n<div style=\"height:30px\" aria-hidden=\"true\" class=\"wp-block-spacer\"><\/div>\n\n\n\n<div class=\"wp-block-columns is-layout-flex wp-container-core-columns-is-layout-9d6595d7 wp-block-columns-is-layout-flex\">\n<div class=\"wp-block-column is-layout-flow wp-block-column-is-layout-flow\">\n<div class=\"wp-block-cover\"><span aria-hidden=\"true\" class=\"wp-block-cover__background has-background-dim-30 has-background-dim\"><\/span><img loading=\"lazy\" decoding=\"async\" width=\"1200\" height=\"800\" class=\"wp-block-cover__image-background wp-image-1615\" alt=\"la-roche-sur-yon\" src=\"https:\/\/www.campingvaldevie.fr\/wp-content\/uploads\/2018\/01\/la-roche-sur-yon.jpg\" data-object-fit=\"cover\" srcset=\"https:\/\/www.campingvaldevie.fr\/wp-content\/uploads\/2018\/01\/la-roche-sur-yon.jpg 1200w, https:\/\/www.campingvaldevie.fr\/wp-content\/uploads\/2018\/01\/la-roche-sur-yon-300x200.jpg 300w, https:\/\/www.campingvaldevie.fr\/wp-content\/uploads\/2018\/01\/la-roche-sur-yon-1024x683.jpg 1024w, https:\/\/www.campingvaldevie.fr\/wp-content\/uploads\/2018\/01\/la-roche-sur-yon-768x512.jpg 768w\" sizes=\"auto, (max-width: 1200px) 100vw, 1200px\" \/><div class=\"wp-block-cover__inner-container is-layout-flow wp-block-cover-is-layout-flow\">\n<p class=\"has-text-align-center has-white-color has-text-color has-link-color has-large-font-size wp-elements-1da3e2f37b4ea74b95aace54e5b15f99\"><mark style=\"background-color:rgba(0, 0, 0, 0)\" class=\"has-inline-color has-white-color\"><a href=\"\/de\/tourismus-vendee\/la-roche-sur-yon\/\">La Roche sur Yon<\/a><\/mark><\/p>\n<\/div><\/div>\n<\/div>\n\n\n\n<div class=\"wp-block-column is-layout-flow wp-block-column-is-layout-flow\">\n<div class=\"wp-block-cover\"><span aria-hidden=\"true\" class=\"wp-block-cover__background has-background-dim-30 has-background-dim\"><\/span><img loading=\"lazy\" decoding=\"async\" width=\"1100\" height=\"733\" class=\"wp-block-cover__image-background wp-image-1881\" alt=\"prieur\u00e9 la chaume les sables d&#039;olonne\" src=\"https:\/\/www.campingvaldevie.fr\/wp-content\/uploads\/2018\/02\/les-sables-d_olonne-IMG_5738.jpg\" data-object-fit=\"cover\" srcset=\"https:\/\/www.campingvaldevie.fr\/wp-content\/uploads\/2018\/02\/les-sables-d_olonne-IMG_5738.jpg 1100w, https:\/\/www.campingvaldevie.fr\/wp-content\/uploads\/2018\/02\/les-sables-d_olonne-IMG_5738-300x200.jpg 300w, https:\/\/www.campingvaldevie.fr\/wp-content\/uploads\/2018\/02\/les-sables-d_olonne-IMG_5738-1024x682.jpg 1024w, https:\/\/www.campingvaldevie.fr\/wp-content\/uploads\/2018\/02\/les-sables-d_olonne-IMG_5738-768x512.jpg 768w\" sizes=\"auto, (max-width: 1100px) 100vw, 1100px\" \/><div class=\"wp-block-cover__inner-container is-layout-flow wp-block-cover-is-layout-flow\">\n<p class=\"has-text-align-center has-white-color has-text-color has-link-color has-large-font-size wp-elements-d68667b84d19ea17c5e02227e2c4e068\"><mark style=\"background-color:rgba(0, 0, 0, 0)\" class=\"has-inline-color has-white-color\"><a href=\"\/de\/tourismus-vendee\/les-sables-dolonne\/\">Sables d'Olonne<\/a><\/mark><\/p>\n<\/div><\/div>\n<\/div>\n\n\n\n<div class=\"wp-block-column is-layout-flow wp-block-column-is-layout-flow\">\n<div class=\"wp-block-cover\"><span aria-hidden=\"true\" class=\"wp-block-cover__background has-background-dim-30 has-background-dim\"><\/span><img loading=\"lazy\" decoding=\"async\" width=\"1100\" height=\"733\" class=\"wp-block-cover__image-background wp-image-1906\" alt=\"plage-mer-saint-jean-de-monts\" src=\"https:\/\/www.campingvaldevie.fr\/wp-content\/uploads\/2018\/02\/plage-mer-saint-jean-de-monts-IMG_6321.jpg\" data-object-fit=\"cover\" srcset=\"https:\/\/www.campingvaldevie.fr\/wp-content\/uploads\/2018\/02\/plage-mer-saint-jean-de-monts-IMG_6321.jpg 1100w, https:\/\/www.campingvaldevie.fr\/wp-content\/uploads\/2018\/02\/plage-mer-saint-jean-de-monts-IMG_6321-300x200.jpg 300w, https:\/\/www.campingvaldevie.fr\/wp-content\/uploads\/2018\/02\/plage-mer-saint-jean-de-monts-IMG_6321-1024x682.jpg 1024w, https:\/\/www.campingvaldevie.fr\/wp-content\/uploads\/2018\/02\/plage-mer-saint-jean-de-monts-IMG_6321-768x512.jpg 768w\" sizes=\"auto, (max-width: 1100px) 100vw, 1100px\" \/><div class=\"wp-block-cover__inner-container is-layout-flow wp-block-cover-is-layout-flow\">\n<p class=\"has-text-align-center has-white-color has-text-color has-link-color has-large-font-size wp-elements-a6f40ab91299b679ba73e75f2e3e1ec8\"><mark style=\"background-color:rgba(0, 0, 0, 0)\" class=\"has-inline-color has-white-color\"><a href=\"\/de\/tourismus-vendee\/strande-in-der-nahe-des-campingplatzes\/\">Str\u00e4nde in der N\u00e4he des Campingplatzes<\/a><\/mark><\/p>\n<\/div><\/div>\n<\/div>\n<\/div>\n\n\n\n<div style=\"height:30px\" aria-hidden=\"true\" class=\"wp-block-spacer\"><\/div>\n\n\n\n<div class=\"wp-block-columns is-layout-flex wp-container-core-columns-is-layout-9d6595d7 wp-block-columns-is-layout-flex\">\n<div class=\"wp-block-column is-layout-flow wp-block-column-is-layout-flow\">\n<div class=\"wp-block-cover\"><span aria-hidden=\"true\" class=\"wp-block-cover__background has-background-dim-30 has-background-dim\"><\/span><img loading=\"lazy\" decoding=\"async\" width=\"700\" height=\"466\" class=\"wp-block-cover__image-background wp-image-18224\" alt=\"Urlaub Bester kleiner Campingplatz Saint Gilles croix de Vie\" src=\"https:\/\/www.campingvaldevie.fr\/wp-content\/uploads\/2022\/07\/vacances-meilleur-petit-camping-saint-gilles-croix-de-vie.png\" data-object-fit=\"cover\" srcset=\"https:\/\/www.campingvaldevie.fr\/wp-content\/uploads\/2022\/07\/vacances-meilleur-petit-camping-saint-gilles-croix-de-vie.png 700w, https:\/\/www.campingvaldevie.fr\/wp-content\/uploads\/2022\/07\/vacances-meilleur-petit-camping-saint-gilles-croix-de-vie-300x200.png 300w\" sizes=\"auto, (max-width: 700px) 100vw, 700px\" \/><div class=\"wp-block-cover__inner-container is-layout-flow wp-block-cover-is-layout-flow\">\n<p class=\"has-text-align-center has-white-color has-text-color has-link-color has-large-font-size wp-elements-365f1d3702f8221317cb6bedfc70b0f1\"><mark style=\"background-color:rgba(0, 0, 0, 0)\" class=\"has-inline-color has-white-color\"><a href=\"\/de\/tourismus-vendee\/saint-gilles-croix-de-vie\/\">Saint-Gilles-Croix-de-Vie<\/a><\/mark><\/p>\n<\/div><\/div>\n<\/div>\n\n\n\n<div class=\"wp-block-column is-layout-flow wp-block-column-is-layout-flow\">\n<div class=\"wp-block-cover\"><span aria-hidden=\"true\" class=\"wp-block-cover__background has-background-dim-30 has-background-dim\"><\/span><img loading=\"lazy\" decoding=\"async\" width=\"1100\" height=\"733\" class=\"wp-block-cover__image-background wp-image-1904\" alt=\"estacade-saint-jean-de-monts\" src=\"https:\/\/www.campingvaldevie.fr\/wp-content\/uploads\/2018\/02\/estacade-saint-jean-de-monts-IMG_0344.jpg\" style=\"object-position:32% 73%\" data-object-fit=\"cover\" data-object-position=\"32% 73%\" srcset=\"https:\/\/www.campingvaldevie.fr\/wp-content\/uploads\/2018\/02\/estacade-saint-jean-de-monts-IMG_0344.jpg 1100w, https:\/\/www.campingvaldevie.fr\/wp-content\/uploads\/2018\/02\/estacade-saint-jean-de-monts-IMG_0344-300x200.jpg 300w, https:\/\/www.campingvaldevie.fr\/wp-content\/uploads\/2018\/02\/estacade-saint-jean-de-monts-IMG_0344-1024x682.jpg 1024w, https:\/\/www.campingvaldevie.fr\/wp-content\/uploads\/2018\/02\/estacade-saint-jean-de-monts-IMG_0344-768x512.jpg 768w\" sizes=\"auto, (max-width: 1100px) 100vw, 1100px\" \/><div class=\"wp-block-cover__inner-container is-layout-flow wp-block-cover-is-layout-flow\">\n<p class=\"has-text-align-center has-white-color has-text-color has-link-color has-large-font-size wp-elements-23413e466965d6a42203e4648fefe9df\"><mark style=\"background-color:rgba(0, 0, 0, 0)\" class=\"has-inline-color has-white-color\"><a href=\"\/de\/tourismus-vendee\/saint-jean-de-monts\/\">Saint-Jean-de-Monts<\/a><\/mark><\/p>\n<\/div><\/div>\n<\/div>\n\n\n\n<div class=\"wp-block-column is-layout-flow wp-block-column-is-layout-flow\">\n<div class=\"wp-block-cover\"><span aria-hidden=\"true\" class=\"wp-block-cover__background has-background-dim-30 has-background-dim\"><\/span><img loading=\"lazy\" decoding=\"async\" width=\"471\" height=\"456\" class=\"wp-block-cover__image-background wp-image-20294\" alt=\"\" src=\"https:\/\/www.campingvaldevie.fr\/wp-content\/uploads\/2022\/12\/visiter-aizenay.jpg\" data-object-fit=\"cover\" srcset=\"https:\/\/www.campingvaldevie.fr\/wp-content\/uploads\/2022\/12\/visiter-aizenay.jpg 471w, https:\/\/www.campingvaldevie.fr\/wp-content\/uploads\/2022\/12\/visiter-aizenay-300x290.jpg 300w\" sizes=\"auto, (max-width: 471px) 100vw, 471px\" \/><div class=\"wp-block-cover__inner-container is-layout-flow wp-block-cover-is-layout-flow\">\n<p class=\"has-text-align-center has-white-color has-text-color has-link-color has-large-font-size wp-elements-31fbaa67b8461a2d94e27b40c98e160a\"><mark style=\"background-color:rgba(0, 0, 0, 0)\" class=\"has-inline-color has-white-color\"><a href=\"\/de\/tourismus-vendee\/tourismus-aizenay\/\">Aizenay<\/a><\/mark><\/p>\n<\/div><\/div>\n<\/div>\n<\/div>\n\n\n\n<div style=\"height:30px\" aria-hidden=\"true\" class=\"wp-block-spacer\"><\/div>\n\n\n\n<div class=\"wp-block-columns is-layout-flex wp-container-core-columns-is-layout-9d6595d7 wp-block-columns-is-layout-flex\">\n<div class=\"wp-block-column is-layout-flow wp-block-column-is-layout-flow\">\n<div class=\"wp-block-cover\"><span aria-hidden=\"true\" class=\"wp-block-cover__background has-background-dim-30 has-background-dim\"><\/span><img loading=\"lazy\" decoding=\"async\" width=\"1200\" height=\"800\" class=\"wp-block-cover__image-background wp-image-20331\" alt=\"See von Apremont\" src=\"https:\/\/www.campingvaldevie.fr\/wp-content\/uploads\/2022\/12\/lac-apremont.jpg\" data-object-fit=\"cover\" srcset=\"https:\/\/www.campingvaldevie.fr\/wp-content\/uploads\/2022\/12\/lac-apremont.jpg 1200w, https:\/\/www.campingvaldevie.fr\/wp-content\/uploads\/2022\/12\/lac-apremont-300x200.jpg 300w, https:\/\/www.campingvaldevie.fr\/wp-content\/uploads\/2022\/12\/lac-apremont-1024x683.jpg 1024w, https:\/\/www.campingvaldevie.fr\/wp-content\/uploads\/2022\/12\/lac-apremont-768x512.jpg 768w\" sizes=\"auto, (max-width: 1200px) 100vw, 1200px\" \/><div class=\"wp-block-cover__inner-container is-layout-flow wp-block-cover-is-layout-flow\">\n<p class=\"has-text-align-center has-white-color has-text-color has-link-color has-large-font-size wp-elements-e33951fa60518564fcf3bac6169de525\"><mark style=\"background-color:rgba(0, 0, 0, 0)\" class=\"has-inline-color has-white-color\"><a href=\"\/de\/tourismus-vendee\/tourismus-apremont\/\">Apremont<\/a><\/mark><\/p>\n<\/div><\/div>\n<\/div>\n\n\n\n<div class=\"wp-block-column is-layout-flow wp-block-column-is-layout-flow\">\n<div class=\"wp-block-cover\"><span aria-hidden=\"true\" class=\"wp-block-cover__background has-background-dim-30 has-background-dim\"><\/span><img loading=\"lazy\" decoding=\"async\" width=\"700\" height=\"466\" class=\"wp-block-cover__image-background wp-image-18875\" alt=\"Urlaub Bester kleiner Campingplatz in der N\u00e4he von Challans\" src=\"https:\/\/www.campingvaldevie.fr\/wp-content\/uploads\/2022\/09\/vacances-meilleur-petit-camping-proche-challans.jpg\" style=\"object-position:44% 56%\" data-object-fit=\"cover\" data-object-position=\"44% 56%\" srcset=\"https:\/\/www.campingvaldevie.fr\/wp-content\/uploads\/2022\/09\/vacances-meilleur-petit-camping-proche-challans.jpg 700w, https:\/\/www.campingvaldevie.fr\/wp-content\/uploads\/2022\/09\/vacances-meilleur-petit-camping-proche-challans-300x200.jpg 300w\" sizes=\"auto, (max-width: 700px) 100vw, 700px\" \/><div class=\"wp-block-cover__inner-container is-layout-flow wp-block-cover-is-layout-flow\">\n<p class=\"has-text-align-center has-white-color has-text-color has-link-color has-large-font-size wp-elements-3faa066b3ad9b49981a6e60433eeaef9\"><mark style=\"background-color:rgba(0, 0, 0, 0)\" class=\"has-inline-color has-white-color\"><a href=\"\/de\/tourismus-vendee\/tourismus-challans\/\">Challans<\/a><\/mark><\/p>\n<\/div><\/div>\n<\/div>\n\n\n\n<div class=\"wp-block-column is-layout-flow wp-block-column-is-layout-flow\">\n<div class=\"wp-block-cover\"><span aria-hidden=\"true\" class=\"wp-block-cover__background has-background-dim-30 has-background-dim\"><\/span><img loading=\"lazy\" decoding=\"async\" width=\"1100\" height=\"733\" class=\"wp-block-cover__image-background wp-image-1784\" alt=\"kathedrale von nantes\" src=\"https:\/\/www.campingvaldevie.fr\/wp-content\/uploads\/2018\/01\/cathedrale-saint-pierre-de-nantes-IMG_6904.jpg\" data-object-fit=\"cover\" srcset=\"https:\/\/www.campingvaldevie.fr\/wp-content\/uploads\/2018\/01\/cathedrale-saint-pierre-de-nantes-IMG_6904.jpg 1100w, https:\/\/www.campingvaldevie.fr\/wp-content\/uploads\/2018\/01\/cathedrale-saint-pierre-de-nantes-IMG_6904-300x200.jpg 300w, https:\/\/www.campingvaldevie.fr\/wp-content\/uploads\/2018\/01\/cathedrale-saint-pierre-de-nantes-IMG_6904-1024x682.jpg 1024w, https:\/\/www.campingvaldevie.fr\/wp-content\/uploads\/2018\/01\/cathedrale-saint-pierre-de-nantes-IMG_6904-768x512.jpg 768w\" sizes=\"auto, (max-width: 1100px) 100vw, 1100px\" \/><div class=\"wp-block-cover__inner-container is-layout-flow wp-block-cover-is-layout-flow\">\n<p class=\"has-text-align-center has-white-color has-text-color has-link-color has-large-font-size wp-elements-95199cd148b4fd3502271db12c7efbce\"><mark style=\"background-color:rgba(0, 0, 0, 0)\" class=\"has-inline-color has-white-color\"><a href=\"\/de\/tourismus-vendee\/stadt-nantes\/\">Nantes<\/a><\/mark><\/p>\n<\/div><\/div>\n<\/div>\n<\/div>","protected":false},"excerpt":{"rendered":"<p>La Vend\u00e9e est une destination touristique qui s\u00e9duit chaque ann\u00e9e des touristes de tous horizons. Vous pouvez y effectuer une visite culturelle ou artistique. Quels sont les sites touristiques attrayants de Vend\u00e9e \u2009? D\u00e9couvrez les 10 meilleures choses \u00e0 ne pas rater pendant votre visite en Vend\u00e9e dans les Pays de la Loire. Les magnifiques [&hellip;]<\/p>\n","protected":false},"author":4,"featured_media":0,"parent":0,"menu_order":0,"comment_status":"closed","ping_status":"closed","template":"","meta":{"_seopress_robots_primary_cat":"","_seopress_titles_title":"Tourisme en Vend\u00e9e : vacances, s\u00e9jour et tourisme","_seopress_titles_desc":"Partez \u00e0 la d\u00e9couverte des plus beaux sites touristiques en Vend\u00e9e. Nous vous donnons toutes les informations pratiques pour pr\u00e9parer vos vacances sereinement !","_seopress_robots_index":"","footnotes":""},"class_list":["post-20275","page","type-page","status-publish","hentry"],"_links":{"self":[{"href":"https:\/\/www.campingvaldevie.fr\/de\/wp-json\/wp\/v2\/pages\/20275","targetHints":{"allow":["GET"]}}],"collection":[{"href":"https:\/\/www.campingvaldevie.fr\/de\/wp-json\/wp\/v2\/pages"}],"about":[{"href":"https:\/\/www.campingvaldevie.fr\/de\/wp-json\/wp\/v2\/types\/page"}],"author":[{"embeddable":true,"href":"https:\/\/www.campingvaldevie.fr\/de\/wp-json\/wp\/v2\/users\/4"}],"replies":[{"embeddable":true,"href":"https:\/\/www.campingvaldevie.fr\/de\/wp-json\/wp\/v2\/comments?post=20275"}],"version-history":[{"count":14,"href":"https:\/\/www.campingvaldevie.fr\/de\/wp-json\/wp\/v2\/pages\/20275\/revisions"}],"predecessor-version":[{"id":26135,"href":"https:\/\/www.campingvaldevie.fr\/de\/wp-json\/wp\/v2\/pages\/20275\/revisions\/26135"}],"wp:attachment":[{"href":"https:\/\/www.campingvaldevie.fr\/de\/wp-json\/wp\/v2\/media?parent=20275"}],"curies":[{"name":"wp","href":"https:\/\/api.w.org\/{rel}","templated":true}]}}