{"id":21142,"date":"2023-03-06T15:48:52","date_gmt":"2023-03-06T14:48:52","guid":{"rendered":"https:\/\/www.campingvaldevie.fr\/?page_id=21142"},"modified":"2024-07-24T10:22:34","modified_gmt":"2024-07-24T08:22:34","slug":"mobilheim","status":"publish","type":"page","link":"https:\/\/www.campingvaldevie.fr\/de\/camping-saint-gilles-croix-de-vie\/mobil-home\/","title":{"rendered":"Mieten Sie ein Mobilheim in Saint-Gilles-Croix-de-Vie"},"content":{"rendered":"<p class=\"has-text-align-center\">Die Vend\u00e9e beherbergt wundersch\u00f6ne Orte, wie z. B. <a href=\"\/de\/tourismus-vendee\/saint-gilles-croix-de-vie\/\">Saint-Gilles-Croix-de-Vie<\/a>. In der N\u00e4he von Saint-Hilaire-de-Riez und Saint-Jean-de-Monts gelegen, ist diese<strong> Badestadt<\/strong> umgibt sich mit einer gr\u00fcnen Oase. Es ist die <strong>ideales Reiseziel<\/strong> wenn Sie einen geselligen Ort suchen, an dem Sie Ihren Urlaub verbringen k\u00f6nnen. Um den <strong>maximaler Komfort zum kleinen Preis<\/strong>Dann ist ein Campingplatz die beste Wahl! Bevorzugen Sie die Anmietung eines<strong> Mobilheim in Saint-Gilles-Croix-de-Vie<\/strong> bei der <a href=\"\/de\/camping-saint-gilles-croix-de-vie\/\">4-Sterne-Campingplatz in der N\u00e4he von Saint-Gilles-Croix-de-Vie<\/a>in der Vend\u00e9e!<\/p>\n\n\n\n<h2 class=\"wp-block-heading has-text-align-center\"><strong><strong><strong>Buchen Sie Ihr Mobilheim in der N\u00e4he von Saint-Gilles-Croix-de-Vie<\/strong><\/strong><\/strong><\/h2>\n\n\n\n<div class=\"wp-block-columns is-layout-flex wp-container-core-columns-is-layout-9d6595d7 wp-block-columns-is-layout-flex\">\n<div class=\"wp-block-column is-vertically-aligned-center is-layout-flow wp-block-column-is-layout-flow\" style=\"flex-basis:35%\">\n<figure class=\"wp-block-image size-full is-style-default\"><img loading=\"lazy\" decoding=\"async\" width=\"575\" height=\"430\" src=\"https:\/\/www.campingvaldevie.fr\/wp-content\/uploads\/2022\/11\/elite-100-salon-sev-1.jpg\" alt=\"vermietung in letzter minute\" class=\"wp-image-19816\" srcset=\"https:\/\/www.campingvaldevie.fr\/wp-content\/uploads\/2022\/11\/elite-100-salon-sev-1.jpg 575w, https:\/\/www.campingvaldevie.fr\/wp-content\/uploads\/2022\/11\/elite-100-salon-sev-1-300x224.jpg 300w\" sizes=\"auto, (max-width: 575px) 100vw, 575px\" \/><\/figure>\n<\/div>\n\n\n\n<div class=\"wp-block-column is-layout-flow wp-block-column-is-layout-flow\" style=\"flex-basis:66.66%\">\n<p>Die <a href=\"\/de\/\">Campingplatz Le Val de Vie<\/a> bietet verschiedene <a href=\"\/de\/unterkunfte\/\">Mobilheimserien<\/a> in der N\u00e4he von <strong>Saint-Gilles-Croix-de-Vie<\/strong>&nbsp;: Premium, Komfort, Standard. Um die richtige Unterkunft f\u00fcr Sie zu finden, lesen Sie die Bewertungen der Urlauber! Die Wahl h\u00e4ngt auch von Ihrem Budget und der Anzahl der Personen ab, die Sie begleiten.&nbsp;<\/p>\n\n\n\n<p>Unsere Vermietungen von <strong>mobile homes in Saint-Gilles-Croix-de-Vie<\/strong> geh\u00f6ren zu den am besten ausgestatteten aller Campingpl\u00e4tze in der Region Pays de la Loire! Sie k\u00f6nnen Ihnen das <strong>Komfort, den Sie suchen<\/strong>Es ist egal, wie viele N\u00e4chte Sie dort verbringen. Sie beherbergen <strong>4 bis 8 Personen<\/strong> und bieten <strong>passende Ausstattung<\/strong> f\u00fcr kleine Kinder geeignet. Sie verf\u00fcgen je nach Gr\u00f6\u00dfe \u00fcber 2 oder 3 Schlafzimmer, ein Wohnzimmer, eine K\u00fcche, ein Badezimmer, eine Terrasse...<\/p>\n\n\n\n<p>In Bezug auf die <a href=\"\/de\/camping-spa-privatif-vendee\/\">Mobilheime mit Whirlpool<\/a>Sie geh\u00f6ren zur <strong>Premiumbereich<\/strong>. Die Anzahl der Zimmer bleibt unver\u00e4ndert. Allerdings enthalten diese Unterk\u00fcnfte einen <strong>privates Spa<\/strong> und eine <strong>gro\u00dfe Terrasse<\/strong>... Sie stellen eine der besten Optionen dar. Denken Sie daran, Infos zu sammeln und Meinungen zu lesen, die Ihnen bei der Auswahl helfen!<\/p>\n<\/div>\n<\/div>\n\n\n\n<div style=\"height:30px\" aria-hidden=\"true\" class=\"wp-block-spacer\"><\/div>\n\n\n\n<div class=\"wp-block-columns is-layout-flex wp-container-core-columns-is-layout-9d6595d7 wp-block-columns-is-layout-flex\">\n<div class=\"wp-block-column is-layout-flow wp-block-column-is-layout-flow\">\n<div class=\"wp-block-columns is-layout-flex wp-container-core-columns-is-layout-9d6595d7 wp-block-columns-is-layout-flex\">\n<div class=\"wp-block-column is-layout-flow wp-block-column-is-layout-flow\" style=\"flex-basis:33.33%\">\n<div class=\"wp-block-create-block-sev-encartsimplebg aligncenter\"><aside class=\"encart-simplebg-sev small\"><a href=\"\/de\/unterkunfte\/#sev-gamme-standard\" class=\"d-flex flex-column align-items-center\"><div class=\"encart-title\"><span>Standardsortiment ab 199\u20ac pro Woche<\/span><\/div><img decoding=\"async\" src=\"https:\/\/www.campingvaldevie.fr\/wp-content\/uploads\/2022\/03\/standard.jpg\" alt=\"Mobilheim Standardsortiment\"\/><button class=\"btn\"><\/button><\/a><\/aside><\/div>\n<\/div>\n\n\n\n<div class=\"wp-block-column is-layout-flow wp-block-column-is-layout-flow\" style=\"flex-basis:66.66%\">\n<div class=\"wp-block-create-block-sev-encartsimplebg\"><aside class=\"encart-simplebg-sev small\"><a href=\"\/de\/unterkunfte\/#sev-gamme-confort\" class=\"d-flex flex-column align-items-center\"><div class=\"encart-title\"><span>Comfort range ab 269\u20ac pro Woche<\/span><\/div><img decoding=\"async\" src=\"https:\/\/www.campingvaldevie.fr\/wp-content\/uploads\/2020\/12\/IMG_2469.jpg\" alt=\"Wohnzimmer\"\/><button class=\"btn\"><\/button><\/a><\/aside><\/div>\n<\/div>\n<\/div>\n\n\n\n<div class=\"wp-block-columns is-layout-flex wp-container-core-columns-is-layout-9d6595d7 wp-block-columns-is-layout-flex\">\n<div class=\"wp-block-column is-layout-flow wp-block-column-is-layout-flow\" style=\"flex-basis:66.66%\">\n<div class=\"wp-block-create-block-sev-encartsimplebg\"><aside class=\"encart-simplebg-sev small\"><a href=\"\/de\/unterkunfte\/#sev-gamme-premium\" class=\"d-flex flex-column align-items-center\"><div class=\"encart-title\"><span>Premiumsortiment ab 379\u20ac pro Woche<\/span><\/div><img decoding=\"async\" src=\"https:\/\/www.campingvaldevie.fr\/wp-content\/uploads\/2022\/07\/meilleur-petit-camping-saint-gilles-croix-de-vie.png\" alt=\"Bester kleiner Campingplatz Saint Gilles croix de Vie\"\/><button class=\"btn\"><\/button><\/a><\/aside><\/div>\n<\/div>\n\n\n\n<div class=\"wp-block-column is-layout-flow wp-block-column-is-layout-flow\" style=\"flex-basis:33.33%\">\n<div class=\"wp-block-create-block-sev-encartsimplebg\"><aside class=\"encart-simplebg-sev small\"><a href=\"\/de\/standort\/\" class=\"d-flex flex-column align-items-center\"><div class=\"encart-title\"><span>Stellplatz ab 100\u20ac pro Woche<\/span><\/div><img decoding=\"async\" src=\"https:\/\/www.campingvaldevie.fr\/wp-content\/uploads\/2019\/11\/emplacement-camping-taille-humaine-vendee.jpg\" alt=\"\u00fcberschaubarer Campingplatz in der Vend\u00e9e\"\/><button class=\"btn\"><\/button><\/a><\/aside><\/div>\n<\/div>\n<\/div>\n\n\n\n<div class=\"wp-block-buttons alignwide is-layout-flex wp-block-buttons-is-layout-flex\">\n<div class=\"wp-block-button aligncenter\"><a class=\"wp-block-button__link wp-element-button\" href=\"\/de\/unterkunfte\/\">Entdecken Sie die Unterk\u00fcnfte<\/a><\/div>\n<\/div>\n<\/div>\n<\/div>\n\n\n\n<div style=\"height:30px\" aria-hidden=\"true\" class=\"wp-block-spacer\"><\/div>\n\n\n\n<div class=\"wp-block-media-text alignfull has-media-on-the-right is-stacked-on-mobile is-vertically-aligned-center is-style-default\" style=\"grid-template-columns:auto 56%\"><div class=\"wp-block-media-text__content\">\n<h2 class=\"wp-block-heading has-text-align-left has-text-color\" style=\"color:#000000\"><strong><strong><strong><strong>Genie\u00dfen Sie einen Urlaub mit den F\u00fc\u00dfen im Wasser<\/strong><\/strong><\/strong><\/strong><\/h2>\n\n\n\n<p>Camping mit <strong>mobilheim in Saint-Gilles-Croix-de-Vie<\/strong> in der Vend\u00e9e ist einer der besten Campingpl\u00e4tze in Westfrankreich! Er bietet Ihnen die M\u00f6glichkeit, Ihre <strong>Urlaub mit den F\u00fc\u00dfen im Wasser<\/strong>. In der Tat profitieren Sie von einem <strong>Wasserraum<\/strong> bestehend aus einer <a href=\"\/de\/der-pool\/\">\u00fcberdachtes und beheiztes Schwimmbad<\/a> wo Sie in aller Ruhe schwimmen k\u00f6nnen. Und wenn Sie sich f\u00fcr eine Premium-Unterkunft entscheiden, steht Ihnen auch ein<strong> privates Spa<\/strong>.<\/p>\n\n\n\n<p>Neben dem Wasserbereich<strong> 4-Sterne-Zeltplatz <\/strong>befindet sich nur wenige Kilometer von der <strong>Strand <\/strong>und der<strong> Fluss Das Leben<\/strong>. Nutzen Sie Ihren Aufenthalt, um diese Orte zu besuchen und praktizieren Sie die<strong> Wasseraktivit\u00e4ten<\/strong> y angeboten: Kanu, Angeln, Bootsfahrten, Tretbootfahrten, Elektroboote...<\/p>\n\n\n\n<div class=\"wp-block-buttons is-layout-flex wp-block-buttons-is-layout-flex\">\n<div class=\"wp-block-button\"><a class=\"wp-block-button__link wp-element-button\" href=\"\/de\/der-pool\/\">Entdecke den Pool<\/a><\/div>\n<\/div>\n<\/div><figure class=\"wp-block-media-text__media\"><img loading=\"lazy\" decoding=\"async\" width=\"1024\" height=\"768\" src=\"https:\/\/www.campingvaldevie.fr\/wp-content\/uploads\/2022\/11\/piscine-couverte-et-chauffee-4.jpg\" alt=\"schwimmbad camping gruppenunterkunft vend\u00e9e\" class=\"wp-image-20113 size-full\" srcset=\"https:\/\/www.campingvaldevie.fr\/wp-content\/uploads\/2022\/11\/piscine-couverte-et-chauffee-4.jpg 1024w, https:\/\/www.campingvaldevie.fr\/wp-content\/uploads\/2022\/11\/piscine-couverte-et-chauffee-4-300x225.jpg 300w, https:\/\/www.campingvaldevie.fr\/wp-content\/uploads\/2022\/11\/piscine-couverte-et-chauffee-4-768x576.jpg 768w\" sizes=\"auto, (max-width: 1024px) 100vw, 1024px\" \/><\/figure><\/div>\n\n\n\n<div style=\"height:30px\" aria-hidden=\"true\" class=\"wp-block-spacer\"><\/div>\n\n\n\n<figure class=\"wp-block-gallery alignwide has-nested-images columns-default is-cropped wp-block-gallery-1 is-layout-flex wp-block-gallery-is-layout-flex\">\n<figure class=\"wp-block-image size-full\"><img loading=\"lazy\" decoding=\"async\" width=\"767\" height=\"717\" data-id=\"19687\" src=\"https:\/\/www.campingvaldevie.fr\/wp-content\/uploads\/2022\/11\/piscine-valdevie.png\" alt=\"Pool\" class=\"wp-image-19687\" srcset=\"https:\/\/www.campingvaldevie.fr\/wp-content\/uploads\/2022\/11\/piscine-valdevie.png 767w, https:\/\/www.campingvaldevie.fr\/wp-content\/uploads\/2022\/11\/piscine-valdevie-300x280.png 300w\" sizes=\"auto, (max-width: 767px) 100vw, 767px\" \/><\/figure>\n\n\n\n<figure class=\"wp-block-image size-full\"><img loading=\"lazy\" decoding=\"async\" width=\"700\" height=\"525\" data-id=\"18871\" src=\"https:\/\/www.campingvaldevie.fr\/wp-content\/uploads\/2022\/09\/location-meilleur-petit-camping-proche-challans.jpg\" alt=\"Vermietung Bester kleiner Campingplatz in der N\u00e4he von Challans\" class=\"wp-image-18871\" srcset=\"https:\/\/www.campingvaldevie.fr\/wp-content\/uploads\/2022\/09\/location-meilleur-petit-camping-proche-challans.jpg 700w, https:\/\/www.campingvaldevie.fr\/wp-content\/uploads\/2022\/09\/location-meilleur-petit-camping-proche-challans-300x225.jpg 300w\" sizes=\"auto, (max-width: 700px) 100vw, 700px\" \/><\/figure>\n<\/figure>\n\n\n\n<div style=\"height:30px\" aria-hidden=\"true\" class=\"wp-block-spacer\"><\/div>\n\n\n\n<div class=\"wp-block-media-text alignfull is-stacked-on-mobile is-vertically-aligned-center is-image-fill is-style-default\" style=\"grid-template-columns:56% auto\"><figure class=\"wp-block-media-text__media\" style=\"background-image:url(https:\/\/www.campingvaldevie.fr\/wp-content\/uploads\/2022\/05\/IMG_8255.jpg);background-position:50% 50%\"><img loading=\"lazy\" decoding=\"async\" width=\"640\" height=\"480\" src=\"https:\/\/www.campingvaldevie.fr\/wp-content\/uploads\/2022\/05\/IMG_8255.jpg\" alt=\"\" class=\"wp-image-17233 size-full\" srcset=\"https:\/\/www.campingvaldevie.fr\/wp-content\/uploads\/2022\/05\/IMG_8255.jpg 640w, https:\/\/www.campingvaldevie.fr\/wp-content\/uploads\/2022\/05\/IMG_8255-300x225.jpg 300w\" sizes=\"auto, (max-width: 640px) 100vw, 640px\" \/><\/figure><div class=\"wp-block-media-text__content\">\n<h2 class=\"wp-block-heading has-text-align-left has-text-color\" style=\"color:#000000\"><strong>Alle Vorteile Ihres Mobilheims auf einem mit Sternen ausgezeichneten Campingplatz<\/strong><\/h2>\n\n\n\n<p>Die Anmietung eines <strong>Mobilheim in der N\u00e4he von Saint-Gilles-Croix-de-Vie<\/strong> auf einem Campingplatz bietet Ihnen eine Vielzahl von Vorteilen. Das Anwesen liegt in einer idyllischen Umgebung in der Vend\u00e9e, ideal, um sich zu erholen. <strong>in der Natur<\/strong>. Sie profitieren auch von <strong>High-End-Dienstleistungen<\/strong> des Campingplatzes, egal wie gro\u00df die Auswahl oder die Fl\u00e4che des <strong>Mobilheim<\/strong> die Sie mieten. Au\u00dferdem stehen Ihnen ein gesicherter Parkplatz, kostenloses WLAN, ein beheiztes Hallenbad und ein Kinderclub zur Verf\u00fcgung...<\/p>\n\n\n\n<p>Von Ihrem Mietobjekt in <strong>mobilheim in Saint-Gilles-Croix-de-Vie<\/strong>Der Campingplatz befindet sich auch in der N\u00e4he von wundersch\u00f6nen St\u00e4dten wie Saint-Hilaire-de-Riez, Saint-Jean-de-Monts, Les Sables d'Olonne... Entdecken Sie die Sch\u00e4tze der Vend\u00e9e!<\/p>\n<\/div><\/div>\n\n\n\n<div style=\"height:30px\" aria-hidden=\"true\" class=\"wp-block-spacer\"><\/div>\n\n\n\n<div class=\"wp-block-media-text alignfull has-media-on-the-right is-stacked-on-mobile is-vertically-aligned-center is-image-fill is-style-default\" style=\"grid-template-columns:auto 56%\"><div class=\"wp-block-media-text__content\">\n<h2 class=\"wp-block-heading has-text-align-left has-text-color\" style=\"color:#000000\"><strong><strong><strong><strong><strong>Mieten Sie ein g\u00fcnstiges Mobilheim in Saint-Gilles-Croix-de-Vie<\/strong><\/strong><\/strong><\/strong><\/strong><\/h2>\n\n\n\n<p><strong> <\/strong><\/p>\n\n\n\n<p>Indem Sie sich f\u00fcr einen Aufenthalt in <strong>Mobilheim in der N\u00e4he von Saint-Gilles-Croix-de-Vie<\/strong> in der Vend\u00e9e k\u00f6nnen Sie die Unterkunft mieten, die Ihren Bed\u00fcrfnissen am besten entspricht. Und das unabh\u00e4ngig von der Dauer Ihres Urlaubs.<\/p>\n\n\n\n<p>Erhalten Sie <strong>10% Reduktion<\/strong> auf den Preis, wenn Sie ein Mobilheim l\u00e4nger als 14 Tage mieten. Dieses \"Angebot f\u00fcr l\u00e4ngere Aufenthalte\" gilt f\u00fcr alle Produktreihen. Dennoch ist es m\u00f6glich, weitere Erm\u00e4\u00dfigungen zu erhalten, wenn Sie ein <strong>mobilheim premium<\/strong>. In diesem Fall zahlen Sie dank des \"Premium-Stamm-Angebots\" nur <strong>429 Euro pro Woche<\/strong> f\u00fcr einen Aufenthalt mit 7 N\u00e4chten.<\/p>\n\n\n\n<p>Der Campingplatz bietet auch \"P\u00e4rchenangebote\" an, deren Preise sich nach der Bandbreite von <strong>Mobilheim<\/strong> ausgew\u00e4hlt. Die <strong>Mobilheime<\/strong> aus dem Standardsortiment profitieren zum Beispiel von einem <a href=\"\/de\/camping-saint-gilles-croix-de-vie\/camping-billig-ruhig-nah-saint-gilles-croix-de-vie\/\">Billigpreis<\/a> dank der<strong>Das Standard-Paarangebot<\/strong> (199 Euro pro Woche). Diese richtet sich jedoch ausschlie\u00dflich an Paare. In jedem Fall geh\u00f6ren die Preise auf dem Campingplatz Val-de-Vie zu den g\u00fcnstigsten in Frankreich.<\/p>\n<\/div><figure class=\"wp-block-media-text__media\" style=\"background-image:url(https:\/\/www.campingvaldevie.fr\/wp-content\/uploads\/2022\/01\/location-petit-camping-nature-vendee.jpg);background-position:50% 50%\"><img loading=\"lazy\" decoding=\"async\" width=\"700\" height=\"525\" src=\"https:\/\/www.campingvaldevie.fr\/wp-content\/uploads\/2022\/01\/location-petit-camping-nature-vendee.jpg\" alt=\"vermietung Klein campingplatz natur Vend\u00e9e\" class=\"wp-image-10408 size-full\" srcset=\"https:\/\/www.campingvaldevie.fr\/wp-content\/uploads\/2022\/01\/location-petit-camping-nature-vendee.jpg 700w, https:\/\/www.campingvaldevie.fr\/wp-content\/uploads\/2022\/01\/location-petit-camping-nature-vendee-300x225.jpg 300w\" sizes=\"auto, (max-width: 700px) 100vw, 700px\" \/><\/figure><\/div>\n\n\n\n<div style=\"height:30px\" aria-hidden=\"true\" class=\"wp-block-spacer\"><\/div>\n\n\n\n<div class=\"wp-block-media-text alignfull is-stacked-on-mobile is-vertically-aligned-center is-image-fill is-style-default\" style=\"grid-template-columns:56% auto\"><figure class=\"wp-block-media-text__media\" style=\"background-image:url(https:\/\/www.campingvaldevie.fr\/wp-content\/uploads\/2022\/06\/vacances-petit-camping-proche-saint-gilles-croix-de-vie.jpg);background-position:50% 50%\"><img loading=\"lazy\" decoding=\"async\" width=\"700\" height=\"466\" src=\"https:\/\/www.campingvaldevie.fr\/wp-content\/uploads\/2022\/06\/vacances-petit-camping-proche-saint-gilles-croix-de-vie.jpg\" alt=\"Urlaub Kleiner Campingplatz in der N\u00e4he von Saint Gilles Croix de Vie\" class=\"wp-image-17928 size-full\" srcset=\"https:\/\/www.campingvaldevie.fr\/wp-content\/uploads\/2022\/06\/vacances-petit-camping-proche-saint-gilles-croix-de-vie.jpg 700w, https:\/\/www.campingvaldevie.fr\/wp-content\/uploads\/2022\/06\/vacances-petit-camping-proche-saint-gilles-croix-de-vie-300x200.jpg 300w\" sizes=\"auto, (max-width: 700px) 100vw, 700px\" \/><\/figure><div class=\"wp-block-media-text__content\">\n<h2 class=\"wp-block-heading has-text-align-left has-text-color\" style=\"color:#000000\"><strong><strong><strong><strong><strong><strong>Was k\u00f6nnen Sie in der N\u00e4he Ihres Ferienhauses in Saint-Gilles-Croix-de-Vie unternehmen?<\/strong><\/strong><\/strong><\/strong><\/strong><\/strong><\/h2>\n\n\n\n<p><strong> <\/strong><\/p>\n\n\n\n<p>Der Campingplatz Val-de-Vie in der Vend\u00e9e liegt 27 km vom Badeort <strong>Saint-Gilles-Croix-de-Vie<\/strong>. Dank seiner g\u00fcnstigen Lage k\u00f6nnen Urlauber die besten Sehensw\u00fcrdigkeiten leicht erreichen :&nbsp;<\/p>\n\n\n\n<ul class=\"wp-block-list\">\n<li>Die <a href=\"https:\/\/www.vendee-tourisme.com\/les-vignobles-de-brem\" target=\"_blank\" rel=\"noreferrer noopener\">Weinberge von Brem<\/a> befinden sich gegen\u00fcber dem Ozean und geh\u00f6ren zu den Orten, die man unbedingt gesehen haben muss. Bei dieser Aktivit\u00e4t haben Sie die M\u00f6glichkeit, an Weinproben teilzunehmen und Weing\u00fcter zu besuchen.<\/li>\n\n\n\n<li>Die <a href=\"https:\/\/www.sainthilairederiez.fr\/les-marais-salants-de-la-vie\/\">Salzg\u00e4rten von Saint-Hilaire-de-Riez<\/a> schmiegen sich in eine Landschaft aus Nelken, Steigb\u00fcgeln und Kan\u00e4len. Bei Ihrem Besuch k\u00f6nnen Sie lernen, wie man Salz herstellt.<\/li>\n\n\n\n<li>Die Stadt <a href=\"https:\/\/www.payssaintgilles-tourisme.fr\/destination\/nos-destinations\/saint-gilles-croix-de-vie\/\" target=\"_blank\" rel=\"noreferrer noopener\">Saint-Gilles-Croix-de-Vie<\/a> wird f\u00fcr seine Restaurants mit verschiedenen Spezialit\u00e4ten gesch\u00e4tzt: Tapas-Adresse am Grande Plage, Cr\u00eaperien am Meer, traditionelle Brasserien im Stadtzentrum, Meeresfr\u00fcchteteller am Jachthafen...<\/li>\n<\/ul>\n\n\n\n<p>Um alle Vorteile der Stadt de w\u00e4hrend Ihres Aufenthalts in zu nutzen<strong> mobilheim in Saint-Gilles-Croix-de-Vie<\/strong>Buchen Sie jetzt Ihre Ferienunterkunft auf dem Campingplatz Val-de-Vie!<\/p>\n<\/div><\/div>\n\n\n\n<div style=\"height:50px\" aria-hidden=\"true\" class=\"wp-block-spacer\"><\/div>\n\n\n\n<div class=\"wp-block-columns is-layout-flex wp-container-core-columns-is-layout-9d6595d7 wp-block-columns-is-layout-flex\">\n<div class=\"wp-block-column is-layout-flow wp-block-column-is-layout-flow\">\n<div class=\"wp-block-buttons is-layout-flex wp-block-buttons-is-layout-flex\">\n<div class=\"wp-block-button aligncenter\"><a class=\"wp-block-button__link wp-element-button\" href=\"https:\/\/bookingpremium.secureholiday.net\/fr\/10284\/\" target=\"_blank\" rel=\"noreferrer noopener\">Buchen Sie<\/a><\/div>\n<\/div>\n<\/div>\n\n\n\n<div class=\"wp-block-column is-layout-flow wp-block-column-is-layout-flow\">\n<div class=\"wp-block-buttons is-layout-flex wp-block-buttons-is-layout-flex\">\n<div class=\"wp-block-button aligncenter\"><a class=\"wp-block-button__link wp-element-button\" href=\"\/de\/kontakt\/\">Kontaktieren Sie uns<\/a><\/div>\n<\/div>\n<\/div>\n<\/div>\n\n\n\n<div class=\"wp-block-group\"><div class=\"wp-block-group__inner-container is-layout-constrained wp-block-group-is-layout-constrained\">\n<h2 class=\"wp-block-heading has-text-align-center\">Entdecken Sie auch<\/h2>\n\n\n\n<div class=\"wp-block-columns is-layout-flex wp-container-core-columns-is-layout-9d6595d7 wp-block-columns-is-layout-flex\">\n<div class=\"wp-block-column is-layout-flow wp-block-column-is-layout-flow\">\n<div class=\"wp-block-cover is-light has-small-font-size\" style=\"min-height:350px;aspect-ratio:unset;\"><span aria-hidden=\"true\" class=\"wp-block-cover__background has-background-dim\"><\/span><img loading=\"lazy\" decoding=\"async\" width=\"1200\" height=\"800\" class=\"wp-block-cover__image-background wp-image-20331\" alt=\"See von Apremont\" src=\"https:\/\/www.campingvaldevie.fr\/wp-content\/uploads\/2022\/12\/lac-apremont.jpg\" data-object-fit=\"cover\" srcset=\"https:\/\/www.campingvaldevie.fr\/wp-content\/uploads\/2022\/12\/lac-apremont.jpg 1200w, https:\/\/www.campingvaldevie.fr\/wp-content\/uploads\/2022\/12\/lac-apremont-300x200.jpg 300w, https:\/\/www.campingvaldevie.fr\/wp-content\/uploads\/2022\/12\/lac-apremont-1024x683.jpg 1024w, https:\/\/www.campingvaldevie.fr\/wp-content\/uploads\/2022\/12\/lac-apremont-768x512.jpg 768w\" sizes=\"auto, (max-width: 1200px) 100vw, 1200px\" \/><div class=\"wp-block-cover__inner-container is-layout-flow wp-block-cover-is-layout-flow\">\n<p class=\"has-text-align-center has-large-font-size\"><a href=\"\/de\/camping-apremont\/\">Campingplatz Apremont<\/a><\/p>\n<\/div><\/div>\n<\/div>\n\n\n\n<div class=\"wp-block-column is-layout-flow wp-block-column-is-layout-flow\">\n<div class=\"wp-block-cover is-light has-small-font-size\" style=\"min-height:350px;aspect-ratio:unset;\"><span aria-hidden=\"true\" class=\"wp-block-cover__background has-background-dim\"><\/span><img loading=\"lazy\" decoding=\"async\" width=\"1200\" height=\"800\" class=\"wp-block-cover__image-background wp-image-20298\" alt=\"Tourismus aizenay\" src=\"https:\/\/www.campingvaldevie.fr\/wp-content\/uploads\/2022\/12\/tourisme-aizenay.jpg\" data-object-fit=\"cover\" srcset=\"https:\/\/www.campingvaldevie.fr\/wp-content\/uploads\/2022\/12\/tourisme-aizenay.jpg 1200w, https:\/\/www.campingvaldevie.fr\/wp-content\/uploads\/2022\/12\/tourisme-aizenay-300x200.jpg 300w, https:\/\/www.campingvaldevie.fr\/wp-content\/uploads\/2022\/12\/tourisme-aizenay-1024x683.jpg 1024w, https:\/\/www.campingvaldevie.fr\/wp-content\/uploads\/2022\/12\/tourisme-aizenay-768x512.jpg 768w\" sizes=\"auto, (max-width: 1200px) 100vw, 1200px\" \/><div class=\"wp-block-cover__inner-container is-layout-flow wp-block-cover-is-layout-flow\">\n<p class=\"has-text-align-center has-large-font-size\"><a href=\"\/de\/camping-la-roche-sur-yon\/\">Campingplatz La Roche-sur-Yon<\/a><\/p>\n<\/div><\/div>\n<\/div>\n\n\n\n<div class=\"wp-block-column is-layout-flow wp-block-column-is-layout-flow\">\n<div class=\"wp-block-cover has-small-font-size\" style=\"min-height:350px;aspect-ratio:unset;\"><span aria-hidden=\"true\" class=\"wp-block-cover__background has-background-dim\"><\/span><img loading=\"lazy\" decoding=\"async\" width=\"700\" height=\"466\" class=\"wp-block-cover__image-background wp-image-18902\" alt=\"Urlaub Kleiner Campingplatz in der N\u00e4he von Br\u00e9tignolles sur Mer\" src=\"https:\/\/www.campingvaldevie.fr\/wp-content\/uploads\/2022\/09\/vacances-petit-camping-proche-bretignolles-sur-mer.jpg\" data-object-fit=\"cover\" srcset=\"https:\/\/www.campingvaldevie.fr\/wp-content\/uploads\/2022\/09\/vacances-petit-camping-proche-bretignolles-sur-mer.jpg 700w, https:\/\/www.campingvaldevie.fr\/wp-content\/uploads\/2022\/09\/vacances-petit-camping-proche-bretignolles-sur-mer-300x200.jpg 300w\" sizes=\"auto, (max-width: 700px) 100vw, 700px\" \/><div class=\"wp-block-cover__inner-container is-layout-flow wp-block-cover-is-layout-flow\">\n<p class=\"has-text-align-center has-large-font-size\"><a href=\"\/de\/camping-bretignolles-sur-mer\/\">Campingplatz Bretignolles<\/a><\/p>\n<\/div><\/div>\n<\/div>\n<\/div>\n<\/div><\/div>","protected":false},"excerpt":{"rendered":"<p>La Vend\u00e9e abrite de superbes endroits, \u00e0 l\u2019instar de Saint-Gilles-Croix-de-Vie. Situ\u00e9e pr\u00e8s de Saint-Hilaire-de-Riez et de Saint-Jean-de-Monts, cette ville baln\u00e9aire s\u2019entoure d\u2019un \u00e9crin de verdure. C\u2019est la destination id\u00e9ale si vous recherchez un lieu convivial o\u00f9 passer vos vacances. Pour avoir le maximum de confort \u00e0 prix r\u00e9duit, le camping est votre meilleure option&nbsp;! Privil\u00e9giez [&hellip;]<\/p>\n","protected":false},"author":4,"featured_media":0,"parent":21135,"menu_order":0,"comment_status":"closed","ping_status":"closed","template":"","meta":{"_seopress_robots_primary_cat":"","_seopress_titles_title":"Location mobil-home \u00e0 Saint-Gilles-Croix-de-Vie - Camping Vend\u00e9e","_seopress_titles_desc":"Location de mobil-homes haut de gamme avec spa \u00e0 Saint Gilles Croix de Vie. Profitez d'un s\u00e9jour convivial en camping, proche des plages et sites touristiques.","_seopress_robots_index":"","footnotes":""},"class_list":["post-21142","page","type-page","status-publish","hentry"],"_links":{"self":[{"href":"https:\/\/www.campingvaldevie.fr\/de\/wp-json\/wp\/v2\/pages\/21142","targetHints":{"allow":["GET"]}}],"collection":[{"href":"https:\/\/www.campingvaldevie.fr\/de\/wp-json\/wp\/v2\/pages"}],"about":[{"href":"https:\/\/www.campingvaldevie.fr\/de\/wp-json\/wp\/v2\/types\/page"}],"author":[{"embeddable":true,"href":"https:\/\/www.campingvaldevie.fr\/de\/wp-json\/wp\/v2\/users\/4"}],"replies":[{"embeddable":true,"href":"https:\/\/www.campingvaldevie.fr\/de\/wp-json\/wp\/v2\/comments?post=21142"}],"version-history":[{"count":9,"href":"https:\/\/www.campingvaldevie.fr\/de\/wp-json\/wp\/v2\/pages\/21142\/revisions"}],"predecessor-version":[{"id":25743,"href":"https:\/\/www.campingvaldevie.fr\/de\/wp-json\/wp\/v2\/pages\/21142\/revisions\/25743"}],"up":[{"embeddable":true,"href":"https:\/\/www.campingvaldevie.fr\/de\/wp-json\/wp\/v2\/pages\/21135"}],"wp:attachment":[{"href":"https:\/\/www.campingvaldevie.fr\/de\/wp-json\/wp\/v2\/media?parent=21142"}],"curies":[{"name":"wp","href":"https:\/\/api.w.org\/{rel}","templated":true}]}}