{"id":26524,"date":"2025-07-16T07:44:20","date_gmt":"2025-07-16T05:44:20","guid":{"rendered":"https:\/\/www.campingvaldevie.fr\/?page_id=26524"},"modified":"2025-07-21T11:48:03","modified_gmt":"2025-07-21T09:48:03","slug":"camping-soullans","status":"publish","type":"page","link":"https:\/\/www.campingvaldevie.fr\/de\/camping-soullans\/","title":{"rendered":"Le Val de Vie: Ihr Campingplatz in der N\u00e4he von Soullans"},"content":{"rendered":"<p class=\"has-text-align-center\">Sind Sie auf der Suche nach einem Urlaubstipp in der Vend\u00e9e zwischen Natur und K\u00fcstenentdeckungen? <strong>Soullans<\/strong>Diese Gemeinde im Pays de Saint Jean de Monts, am Rande des Marais Breton Vend\u00e9en, l\u00e4dt Sie dazu ein, sich auf das Wesentliche zu besinnen. Obwohl sie etwas abseits vom Ozean liegt, bietet sie eine Ruhe, die von den Stammg\u00e4sten der Campingpl\u00e4tze gesucht wird. F\u00fcr einen gelungenen Familienurlaub in dieser Gemeinde im Pays de la Loire, <strong>unsere 4-Sterne-Einrichtung Le Val De Vie <\/strong>ist Ihr Verb\u00fcndeter. Nur 23 km von Soullans entfernt liegt unser <a href=\"https:\/\/www.campingvaldevie.fr\/de\/familiencamping-vendee\/\">Familiencampingplatz in der Vend\u00e9e<\/a> ist die richtige Adresse f\u00fcr einen gelungenen Urlaub! Buchen Sie schnell Ihren Aufenthalt!<\/p>\n\n\n\n<div style=\"height:30px\" aria-hidden=\"true\" class=\"wp-block-spacer\"><\/div>\n\n\n\n<div class=\"wp-block-columns is-layout-flex wp-container-core-columns-is-layout-9d6595d7 wp-block-columns-is-layout-flex\">\n<div class=\"wp-block-column is-layout-flow wp-block-column-is-layout-flow\">\n<h2 class=\"wp-block-heading has-text-align-center\"><strong><strong>Kuschelige Unterk\u00fcnfte f\u00fcr Ihre \u00dcbernachtungen in der Vend\u00e9e<\/strong><\/strong><\/h2>\n\n\n\n<p>Unsere 4-Sterne-Anlage Le Val De Vie geh\u00f6rt zu den Campingpl\u00e4tzen in der Vend\u00e9e, die Ihren Komfort in den Mittelpunkt ihres Konzepts stellen. Unsere <strong>Campingplatz in der N\u00e4he von Soullans<\/strong> bietet <strong>ein reichhaltiges Angebot an Unterk\u00fcnften<\/strong> um alle Urlaubsw\u00fcnsche zu erf\u00fcllen. <\/p>\n\n\n\n<details>\n<summary>Lesen Sie mehr<\/summary>\n<p>Sie k\u00f6nnen sich entscheiden f\u00fcr :\n<ul><li><strong>Vermietung von Mobilheimen :<\/strong> modern und gem\u00fctlich, mit 2 oder 3 Schlafzimmern, perfekt f\u00fcr 4 bis 8 Personen. Jedes Mobilheim in der Vend\u00e9e ist f\u00fcr einen unbeschwerten Urlaub konzipiert und bietet alles, was Sie f\u00fcr Ihre Familie brauchen: eine voll ausgestattete K\u00fcche, eine eigene Terrasse und bei einigen Unterk\u00fcnften einen privaten Whirlpool.<\/li>\n<li><strong>Die Vermietung von Stellpl\u00e4tzen : <\/strong> Sie kommen mit Zelt, Wohnwagen oder Wohnmobil zu unserem 4-Sterne-Campingplatz in der Vend\u00e9e? Entscheiden Sie sich f\u00fcr das Mieten von Stellpl\u00e4tzen und genie\u00dfen Sie die frische Luft w\u00e4hrend Ihres gesamten Aufenthalts auf dem Campingplatz unweit von Soullans.<\/li>\n<li><strong>Ferienunterk\u00fcnfte mieten : <\/strong>Gruppen oder gro\u00dfe Familien k\u00f6nnen unser Ferienhaus mieten, das bis zu 20 Personen beherbergen kann.<\/li><\/ul>\n<\/p>\n<\/details>\n\n\n\n<div class=\"wp-block-columns is-layout-flex wp-container-core-columns-is-layout-9d6595d7 wp-block-columns-is-layout-flex\">\n<div class=\"wp-block-column is-layout-flow wp-block-column-is-layout-flow\" style=\"flex-basis:33.33%\">\n<div class=\"wp-block-create-block-sev-encartsimplebg aligncenter\"><aside class=\"encart-simplebg-sev small\"><a href=\"\/de\/unterkunfte\/#sev-gamme-standard\" class=\"d-flex flex-column align-items-center\"><div class=\"encart-title\"><span>Standardsortiment ab 199\u20ac pro Woche<\/span><\/div><img decoding=\"async\" src=\"https:\/\/www.campingvaldevie.fr\/wp-content\/uploads\/2022\/03\/standard.jpg\" alt=\"Mobilheim Standardsortiment\"\/><button class=\"btn\"><\/button><\/a><\/aside><\/div>\n<\/div>\n\n\n\n<div class=\"wp-block-column is-layout-flow wp-block-column-is-layout-flow\" style=\"flex-basis:66.66%\">\n<div class=\"wp-block-create-block-sev-encartsimplebg\"><aside class=\"encart-simplebg-sev small\"><a href=\"\/de\/unterkunfte\/#sev-gamme-confort\" class=\"d-flex flex-column align-items-center\"><div class=\"encart-title\"><span>Comfort range ab 269\u20ac pro Woche<\/span><\/div><img decoding=\"async\" src=\"https:\/\/www.campingvaldevie.fr\/wp-content\/uploads\/2020\/12\/IMG_2469.jpg\" alt=\"Wohnzimmer\"\/><button class=\"btn\"><\/button><\/a><\/aside><\/div>\n<\/div>\n<\/div>\n\n\n\n<div class=\"wp-block-columns is-layout-flex wp-container-core-columns-is-layout-9d6595d7 wp-block-columns-is-layout-flex\">\n<div class=\"wp-block-column is-layout-flow wp-block-column-is-layout-flow\" style=\"flex-basis:66.66%\">\n<div class=\"wp-block-create-block-sev-encartsimplebg\"><aside class=\"encart-simplebg-sev small\"><a href=\"\/de\/unterkunfte\/#sev-gamme-premium\" class=\"d-flex flex-column align-items-center\"><div class=\"encart-title\"><span>Premiumsortiment ab 379\u20ac pro Woche<\/span><\/div><img decoding=\"async\" src=\"https:\/\/www.campingvaldevie.fr\/wp-content\/uploads\/2022\/07\/meilleur-petit-camping-saint-gilles-croix-de-vie.png\" alt=\"Bester kleiner Campingplatz Saint Gilles croix de Vie\"\/><button class=\"btn\"><\/button><\/a><\/aside><\/div>\n<\/div>\n\n\n\n<div class=\"wp-block-column is-layout-flow wp-block-column-is-layout-flow\" style=\"flex-basis:33.33%\">\n<div class=\"wp-block-create-block-sev-encartsimplebg\"><aside class=\"encart-simplebg-sev small\"><a href=\"\/de\/standort\/\" class=\"d-flex flex-column align-items-center\"><div class=\"encart-title\"><span>Stellplatz ab 100\u20ac pro Woche<\/span><\/div><img decoding=\"async\" src=\"https:\/\/www.campingvaldevie.fr\/wp-content\/uploads\/2019\/11\/emplacement-camping-taille-humaine-vendee.jpg\" alt=\"\u00fcberschaubarer Campingplatz in der Vend\u00e9e\"\/><button class=\"btn\"><\/button><\/a><\/aside><\/div>\n<\/div>\n<\/div>\n\n\n\n<div class=\"wp-block-buttons alignwide is-layout-flex wp-block-buttons-is-layout-flex\">\n<div class=\"wp-block-button aligncenter\"><a class=\"wp-block-button__link wp-element-button\" href=\"\/de\/unterkunfte\/\">Entdecken Sie die Unterk\u00fcnfte<\/a><\/div>\n<\/div>\n<\/div>\n<\/div>\n\n\n\n<div style=\"height:50px\" aria-hidden=\"true\" class=\"wp-block-spacer\"><\/div>\n\n\n\n<div class=\"wp-block-media-text alignfull has-media-on-the-right is-stacked-on-mobile is-vertically-aligned-center is-style-default\" style=\"grid-template-columns:auto 56%\"><div class=\"wp-block-media-text__content\">\n<h2 class=\"wp-block-heading has-text-align-left has-text-color\" style=\"color:#000000\"><strong><strong>Unser beheiztes Hallenbad: Wasserspa\u00df f\u00fcr alle<\/strong><\/strong><\/h2>\n\n\n\n<p>Lust auf einen Sprung ins k\u00fchle Nass, auch wenn das Wetter unbest\u00e4ndig ist? Unser Campingplatz mit Pool in der N\u00e4he von Soullans verf\u00fcgt \u00fcber einen Wasserbereich, der alle gl\u00fccklich macht! <strong>Das beheizte Hallenbad <\/strong>ist ein unbestreitbarer Vorteil und erm\u00f6glicht angenehme Badefreuden bei jedem Wetter. <strong>Die um den Pool herum aufgestellten Liegest\u00fchle<\/strong> erm\u00f6glichen es, in aller Ruhe zu schm\u00f6kern, w\u00e4hrend die Kinder die Zeit zum Planschen nutzen. Die M\u00f6glichkeit, zu baden und sich im Wasser zu vergn\u00fcgen, nur wenige Schritte von Ihrem <a href=\"https:\/\/www.campingvaldevie.fr\/de\/unterkunfte\/\">Mobilheim in der Vend\u00e9e<\/a>Die Wasserqualit\u00e4t, die Sie unabh\u00e4ngig von den \u00e4u\u00dferen Bedingungen genie\u00dfen k\u00f6nnen, maximiert Ihre Zeit im Wasser.<\/p>\n\n\n\n<div class=\"wp-block-buttons is-layout-flex wp-block-buttons-is-layout-flex\">\n<div class=\"wp-block-button\"><a class=\"wp-block-button__link wp-element-button\" href=\"\/de\/der-pool\/\">Entdecke den Pool<\/a><\/div>\n<\/div>\n<\/div><figure class=\"wp-block-media-text__media\"><img loading=\"lazy\" decoding=\"async\" width=\"1024\" height=\"768\" src=\"https:\/\/www.campingvaldevie.fr\/wp-content\/uploads\/2022\/11\/piscine-couverte-et-chauffee-4.jpg\" alt=\"\u00fcberdachtes und beheiztes Schwimmbad \" class=\"wp-image-20113 size-full\" srcset=\"https:\/\/www.campingvaldevie.fr\/wp-content\/uploads\/2022\/11\/piscine-couverte-et-chauffee-4.jpg 1024w, https:\/\/www.campingvaldevie.fr\/wp-content\/uploads\/2022\/11\/piscine-couverte-et-chauffee-4-300x225.jpg 300w, https:\/\/www.campingvaldevie.fr\/wp-content\/uploads\/2022\/11\/piscine-couverte-et-chauffee-4-768x576.jpg 768w\" sizes=\"auto, (max-width: 1024px) 100vw, 1024px\" \/><\/figure><\/div>\n\n\n\n<div style=\"height:50px\" aria-hidden=\"true\" class=\"wp-block-spacer\"><\/div>\n\n\n\n<figure class=\"wp-block-gallery alignwide has-nested-images columns-default is-cropped wp-block-gallery-1 is-layout-flex wp-block-gallery-is-layout-flex\">\n<figure class=\"wp-block-image size-full\"><img loading=\"lazy\" decoding=\"async\" width=\"800\" height=\"534\" data-id=\"25809\" src=\"https:\/\/www.campingvaldevie.fr\/wp-content\/uploads\/2024\/08\/velo-en-vendee-1.jpg\" alt=\"Aktivit\u00e4ten f\u00fcr Tage voller Freude\" class=\"wp-image-25809\" srcset=\"https:\/\/www.campingvaldevie.fr\/wp-content\/uploads\/2024\/08\/velo-en-vendee-1.jpg 800w, https:\/\/www.campingvaldevie.fr\/wp-content\/uploads\/2024\/08\/velo-en-vendee-1-300x200.jpg 300w, https:\/\/www.campingvaldevie.fr\/wp-content\/uploads\/2024\/08\/velo-en-vendee-1-768x513.jpg 768w\" sizes=\"auto, (max-width: 800px) 100vw, 800px\" \/><\/figure>\n\n\n\n<figure class=\"wp-block-image size-large\"><img loading=\"lazy\" decoding=\"async\" width=\"1024\" height=\"576\" data-id=\"7543\" src=\"https:\/\/www.campingvaldevie.fr\/wp-content\/uploads\/2020\/12\/tente-lodge-COTTON-1024x576.jpg\" alt=\"von Aktivit\u00e4ten f\u00fcr Tage voller Freude 1\" class=\"wp-image-7543\" srcset=\"https:\/\/www.campingvaldevie.fr\/wp-content\/uploads\/2020\/12\/tente-lodge-COTTON-1024x576.jpg 1024w, https:\/\/www.campingvaldevie.fr\/wp-content\/uploads\/2020\/12\/tente-lodge-COTTON-300x169.jpg 300w, https:\/\/www.campingvaldevie.fr\/wp-content\/uploads\/2020\/12\/tente-lodge-COTTON-768x432.jpg 768w, https:\/\/www.campingvaldevie.fr\/wp-content\/uploads\/2020\/12\/tente-lodge-COTTON-1536x864.jpg 1536w, https:\/\/www.campingvaldevie.fr\/wp-content\/uploads\/2020\/12\/tente-lodge-COTTON.jpg 1920w\" sizes=\"auto, (max-width: 1024px) 100vw, 1024px\" \/><\/figure>\n<\/figure>\n\n\n\n<div style=\"height:50px\" aria-hidden=\"true\" class=\"wp-block-spacer\"><\/div>\n\n\n\n<div class=\"wp-block-media-text alignfull is-stacked-on-mobile is-vertically-aligned-center is-image-fill-element is-style-default\" style=\"grid-template-columns:56% auto\"><figure class=\"wp-block-media-text__media\"><img loading=\"lazy\" decoding=\"async\" width=\"1024\" height=\"768\" src=\"https:\/\/www.campingvaldevie.fr\/wp-content\/uploads\/2022\/11\/116126317_293508091899316_6098317041213719654_n-1024x768.jpg\" alt=\"gruppenempfang auf dem campingplatz\" class=\"wp-image-20181 size-full\" style=\"object-position:50% 50%\" srcset=\"https:\/\/www.campingvaldevie.fr\/wp-content\/uploads\/2022\/11\/116126317_293508091899316_6098317041213719654_n-1024x768.jpg 1024w, https:\/\/www.campingvaldevie.fr\/wp-content\/uploads\/2022\/11\/116126317_293508091899316_6098317041213719654_n-300x225.jpg 300w, https:\/\/www.campingvaldevie.fr\/wp-content\/uploads\/2022\/11\/116126317_293508091899316_6098317041213719654_n-768x576.jpg 768w, https:\/\/www.campingvaldevie.fr\/wp-content\/uploads\/2022\/11\/116126317_293508091899316_6098317041213719654_n.jpg 1125w\" sizes=\"auto, (max-width: 1024px) 100vw, 1024px\" \/><\/figure><div class=\"wp-block-media-text__content\">\n<h2 class=\"wp-block-heading has-text-align-left has-text-color\" style=\"color:#000000\"><strong><strong><strong>Ein vielf\u00e4ltiges Angebot an Aktivit\u00e4ten f\u00fcr Tage voller Freude<\/strong><\/strong><\/strong><\/h2>\n\n\n\n<p>In unserem<strong> Campingplatz in der N\u00e4he von Soullans<\/strong>In der Schule werden die Tage und Abende von einem abwechslungsreichen Animationsprogramm bestimmt. Kinder sind K\u00f6nige mit <strong>Aktivit\u00e4ten, die nur f\u00fcr sie gedacht sind<\/strong>Sie k\u00f6nnen sich also sicher sein, dass Sie einen unvergesslichen Urlaub in der Vend\u00e9e verbringen werden. <strong>Ein Spielplatz<\/strong> <strong>gesichert <\/strong>erwartet sie auch f\u00fcr Stunden, in denen sie sich austoben k\u00f6nnen.<strong> Themenabende<\/strong> stehen auf dem Programm und versprechen eine festliche Atmosph\u00e4re f\u00fcr die ganze Familie.<\/p>\n\n\n\n<p>F\u00fcr die Sportlichsten, <strong>einen Tennisplatz<\/strong> steht Ihnen zur Verf\u00fcgung. Fordern Sie Ihre Freunde oder Ihre Familie zu geselligen Momenten und freundschaftlichen Wettk\u00e4mpfen heraus. Profitieren Sie au\u00dferdem<strong> Wassergymnastiksitzungen<\/strong> am Rande des Pools, <strong>Boule-Wettbewerbe und Verkostungen<\/strong>. Sie werden Ihr Urlaubserlebnis auf unserem 4-Sterne-Campingplatz auf jeden Fall genie\u00dfen.<\/p>\n<\/div><\/div>\n\n\n\n<div style=\"height:50px\" aria-hidden=\"true\" class=\"wp-block-spacer\"><\/div>\n\n\n\n<div class=\"wp-block-media-text alignfull has-media-on-the-right is-stacked-on-mobile is-vertically-aligned-center is-style-default\" style=\"grid-template-columns:auto 56%\"><div class=\"wp-block-media-text__content\">\n<h2 class=\"wp-block-heading has-text-align-left has-text-color\" style=\"color:#000000\"><strong><strong><strong><strong><strong><strong>Praktische Dienstleistungen f\u00fcr Ihren Komfort<\/strong><\/strong><\/strong><\/strong><\/strong><\/strong><\/h2>\n\n\n\n<p>In unserem <strong>Campingplatz in der N\u00e4he von Soullans<\/strong>In der Schule ist alles vorhanden, um Ihnen den Alltag zu erleichtern. <strong>Der Empfang<\/strong> bietet alle n\u00fctzlichen Informationen \u00fcber die Region. <strong>Ein Snack<\/strong> erm\u00f6glicht es Ihnen, vor Ort zu snacken, nur wenige Schritte von Ihrem Mobilheim entfernt. So sparen Sie sich die Fahrt mit dem Auto f\u00fcr den kleinen Hunger zwischendurch! Unser Familiencampingplatz in der Vend\u00e9e bietet Ihnen au\u00dferdem :<\/p>\n\n\n\n<ul class=\"wp-block-list\">\n<li>ein Lebensmittelgesch\u00e4ft f\u00fcr Notf\u00e4lle<\/li>\n\n\n\n<li>einen Fahrradverleih (unser Campingplatz hat das G\u00fctesiegel Accueil v\u00e9lo)<\/li>\n\n\n\n<li>einen Waschraum<\/li>\n\n\n\n<li>eine Wifi-Verbindung<\/li>\n<\/ul>\n<\/div><figure class=\"wp-block-media-text__media\"><img loading=\"lazy\" decoding=\"async\" width=\"1024\" height=\"683\" src=\"https:\/\/www.campingvaldevie.fr\/wp-content\/uploads\/2022\/02\/Apremont2-1024x683.jpg\" alt=\"apremont\" class=\"wp-image-12088 size-full\" srcset=\"https:\/\/www.campingvaldevie.fr\/wp-content\/uploads\/2022\/02\/Apremont2-1024x683.jpg 1024w, https:\/\/www.campingvaldevie.fr\/wp-content\/uploads\/2022\/02\/Apremont2-300x200.jpg 300w, https:\/\/www.campingvaldevie.fr\/wp-content\/uploads\/2022\/02\/Apremont2-768x512.jpg 768w, https:\/\/www.campingvaldevie.fr\/wp-content\/uploads\/2022\/02\/Apremont2.jpg 1200w\" sizes=\"auto, (max-width: 1024px) 100vw, 1024px\" \/><\/figure><\/div>\n\n\n\n<div style=\"height:50px\" aria-hidden=\"true\" class=\"wp-block-spacer\"><\/div>\n\n\n\n<div class=\"wp-block-media-text alignfull is-stacked-on-mobile is-vertically-aligned-center is-style-default\" style=\"grid-template-columns:56% auto\"><figure class=\"wp-block-media-text__media\"><img loading=\"lazy\" decoding=\"async\" width=\"1024\" height=\"683\" src=\"https:\/\/www.campingvaldevie.fr\/wp-content\/uploads\/2025\/07\/sejour-en-camping-1024x683.webp\" alt=\"Campingaufenthalt in der N\u00e4he von Soullans\" class=\"wp-image-26531 size-full\" srcset=\"https:\/\/www.campingvaldevie.fr\/wp-content\/uploads\/2025\/07\/sejour-en-camping-1024x683.webp 1024w, https:\/\/www.campingvaldevie.fr\/wp-content\/uploads\/2025\/07\/sejour-en-camping-300x200.webp 300w, https:\/\/www.campingvaldevie.fr\/wp-content\/uploads\/2025\/07\/sejour-en-camping-768x512.webp 768w, https:\/\/www.campingvaldevie.fr\/wp-content\/uploads\/2025\/07\/sejour-en-camping-18x12.webp 18w, https:\/\/www.campingvaldevie.fr\/wp-content\/uploads\/2025\/07\/sejour-en-camping.webp 1200w\" sizes=\"auto, (max-width: 1024px) 100vw, 1024px\" \/><\/figure><div class=\"wp-block-media-text__content\">\n<h2 class=\"wp-block-heading has-text-align-left has-text-color\" style=\"color:#000000\"><strong><strong><strong><strong><strong><strong><strong>Was kann man w\u00e4hrend eines Campingurlaubs in der N\u00e4he von Soullans unternehmen?<\/strong><\/strong><\/strong><\/strong><\/strong><\/strong><\/strong><\/h2>\n\n\n\n<p>Unser <strong>Campingplatz in der N\u00e4he von Soullans <\/strong>ist eine perfekte Basis, um die Vend\u00e9e und die Loire Atlantique zu entdecken!<\/p>\n\n\n\n<ul class=\"wp-block-list\">\n<li><strong>Der See von Apremont<\/strong> (6,5 km vom Campingplatz entfernt): Hier erwarten Sie beaufsichtigtes Schwimmen, Angeln, Tretboote, Minigolf und Elektroboote.<\/li>\n\n\n\n<li><strong>Die Str\u00e4nde von Saint-Gilles-Croix-de-Vie und Br\u00e9tignolles-sur-Mer <\/strong>(ca. 30 km vom Campingplatz entfernt) sind ideal, um den feinen Sand und die Wellen des Atlantiks zu genie\u00dfen.<\/li>\n\n\n\n<li><strong>Challans<\/strong> (23 km vom Campingplatz entfernt): Diese Stadt ist bekannt f\u00fcr <strong>seinen traditionellen Markt<\/strong>. Eine gute Gelegenheit, die Produkte aus dem Pays de la Loire zu probieren!<\/li>\n\n\n\n<li><strong>Saint-Hilaire-de-Riez<\/strong> (28 km vom Campingplatz entfernt): ein erfrischender Spaziergang, ideal, um Folgendes zu entdecken <strong>die Corniche Vend\u00e9enne und ihre Buchten&nbsp;<\/strong>!<\/li>\n\n\n\n<li><strong>Saint-Jean-de-Monts<\/strong> (40 km vom Campingplatz entfernt): ein lebhafter Badeort mit weiten Str\u00e4nden, Radwegen und vielen Aktivit\u00e4ten f\u00fcr die ganze Familie.<\/li>\n<\/ul>\n\n\n\n<p>Diese Reiseziele eignen sich hervorragend, um Ihren Aufenthalt in unserem <strong>camping vor den Toren von Soullans<\/strong> und Ihnen den Reichtum der Vend\u00e9e n\u00e4her bringen!<\/p>\n<\/div><\/div>\n\n\n\n<div style=\"height:50px\" aria-hidden=\"true\" class=\"wp-block-spacer\"><\/div>\n\n\n\n<div class=\"wp-block-columns is-layout-flex wp-container-core-columns-is-layout-9d6595d7 wp-block-columns-is-layout-flex\">\n<div class=\"wp-block-column is-layout-flow wp-block-column-is-layout-flow\">\n<div class=\"wp-block-buttons is-layout-flex wp-block-buttons-is-layout-flex\">\n<div class=\"wp-block-button aligncenter\"><a class=\"wp-block-button__link wp-element-button\" href=\"https:\/\/bookingpremium.secureholiday.net\/fr\/10284\/\" target=\"_blank\" rel=\"noreferrer noopener\">Buchen Sie<\/a><\/div>\n<\/div>\n<\/div>\n\n\n\n<div class=\"wp-block-column is-layout-flow wp-block-column-is-layout-flow\">\n<div class=\"wp-block-buttons is-layout-flex wp-block-buttons-is-layout-flex\">\n<div class=\"wp-block-button aligncenter\"><a class=\"wp-block-button__link wp-element-button\" href=\"\/de\/kontakt\/\">Kontaktieren Sie uns<\/a><\/div>\n<\/div>\n<\/div>\n<\/div>\n\n\n\n<div class=\"wp-block-group\"><div class=\"wp-block-group__inner-container is-layout-constrained wp-block-group-is-layout-constrained\">\n<h2 class=\"wp-block-heading has-text-align-center\">Entdecken Sie auch<\/h2>\n\n\n\n<div class=\"wp-block-columns is-layout-flex wp-container-core-columns-is-layout-9d6595d7 wp-block-columns-is-layout-flex\">\n<div class=\"wp-block-column is-layout-flow wp-block-column-is-layout-flow\">\n<div class=\"wp-block-cover is-light has-small-font-size\" style=\"min-height:350px;aspect-ratio:unset;\"><img loading=\"lazy\" decoding=\"async\" width=\"1200\" height=\"800\" class=\"wp-block-cover__image-background wp-image-20331\" alt=\"See von Apremont\" src=\"https:\/\/www.campingvaldevie.fr\/wp-content\/uploads\/2022\/12\/lac-apremont.jpg\" data-object-fit=\"cover\" srcset=\"https:\/\/www.campingvaldevie.fr\/wp-content\/uploads\/2022\/12\/lac-apremont.jpg 1200w, https:\/\/www.campingvaldevie.fr\/wp-content\/uploads\/2022\/12\/lac-apremont-300x200.jpg 300w, https:\/\/www.campingvaldevie.fr\/wp-content\/uploads\/2022\/12\/lac-apremont-1024x683.jpg 1024w, https:\/\/www.campingvaldevie.fr\/wp-content\/uploads\/2022\/12\/lac-apremont-768x512.jpg 768w\" sizes=\"auto, (max-width: 1200px) 100vw, 1200px\" \/><span aria-hidden=\"true\" class=\"wp-block-cover__background has-background-dim\"><\/span><div class=\"wp-block-cover__inner-container is-layout-flow wp-block-cover-is-layout-flow\">\n<p class=\"has-text-align-center has-large-font-size\"><a href=\"https:\/\/www.campingvaldevie.fr\/de\/camping-proche-commequiers\/\">Campingplatz Commequiers<\/a><\/p>\n<\/div><\/div>\n<\/div>\n\n\n\n<div class=\"wp-block-column is-layout-flow wp-block-column-is-layout-flow\">\n<div class=\"wp-block-cover is-light has-small-font-size\" style=\"min-height:350px;aspect-ratio:unset;\"><img loading=\"lazy\" decoding=\"async\" width=\"1200\" height=\"800\" class=\"wp-block-cover__image-background wp-image-20298\" alt=\"Tourismus aizenay\" src=\"https:\/\/www.campingvaldevie.fr\/wp-content\/uploads\/2022\/12\/tourisme-aizenay.jpg\" data-object-fit=\"cover\" srcset=\"https:\/\/www.campingvaldevie.fr\/wp-content\/uploads\/2022\/12\/tourisme-aizenay.jpg 1200w, https:\/\/www.campingvaldevie.fr\/wp-content\/uploads\/2022\/12\/tourisme-aizenay-300x200.jpg 300w, https:\/\/www.campingvaldevie.fr\/wp-content\/uploads\/2022\/12\/tourisme-aizenay-1024x683.jpg 1024w, https:\/\/www.campingvaldevie.fr\/wp-content\/uploads\/2022\/12\/tourisme-aizenay-768x512.jpg 768w\" sizes=\"auto, (max-width: 1200px) 100vw, 1200px\" \/><span aria-hidden=\"true\" class=\"wp-block-cover__background has-background-dim\"><\/span><div class=\"wp-block-cover__inner-container is-layout-flow wp-block-cover-is-layout-flow\">\n<p class=\"has-text-align-center has-large-font-size\"><a href=\"\/de\/camping-la-roche-sur-yon\/\">Campingplatz La Roche-sur-Yon<\/a><\/p>\n<\/div><\/div>\n<\/div>\n\n\n\n<div class=\"wp-block-column is-layout-flow wp-block-column-is-layout-flow\">\n<div class=\"wp-block-cover has-small-font-size\" style=\"min-height:350px;aspect-ratio:unset;\"><img loading=\"lazy\" decoding=\"async\" width=\"700\" height=\"466\" class=\"wp-block-cover__image-background wp-image-18902\" alt=\"Urlaub Kleiner Campingplatz in der N\u00e4he von Br\u00e9tignolles sur Mer\" src=\"https:\/\/www.campingvaldevie.fr\/wp-content\/uploads\/2022\/09\/vacances-petit-camping-proche-bretignolles-sur-mer.jpg\" data-object-fit=\"cover\" srcset=\"https:\/\/www.campingvaldevie.fr\/wp-content\/uploads\/2022\/09\/vacances-petit-camping-proche-bretignolles-sur-mer.jpg 700w, https:\/\/www.campingvaldevie.fr\/wp-content\/uploads\/2022\/09\/vacances-petit-camping-proche-bretignolles-sur-mer-300x200.jpg 300w\" sizes=\"auto, (max-width: 700px) 100vw, 700px\" \/><span aria-hidden=\"true\" class=\"wp-block-cover__background has-background-dim\"><\/span><div class=\"wp-block-cover__inner-container is-layout-flow wp-block-cover-is-layout-flow\">\n<p class=\"has-text-align-center has-large-font-size\"><a href=\"\/de\/camping-bretignolles-sur-mer\/\">Campingplatz Bretignolles<\/a><\/p>\n<\/div><\/div>\n<\/div>\n<\/div>\n<\/div><\/div>\n\n\n\n<p><\/p>","protected":false},"excerpt":{"rendered":"<p>Vous \u00eates \u00e0 la recherche d&rsquo;un bon plan de vacances en Vend\u00e9e, entre nature et d\u00e9couvertes c\u00f4ti\u00e8res ? Soullans, cette commune du Pays de Saint Jean de Monts, en bordure du Marais Breton Vend\u00e9en vous invite \u00e0 un retour \u00e0 l&rsquo;essentiel. Bien qu&rsquo;elle soit un peu en retrait de l&rsquo;oc\u00e9an, elle propose une qui\u00e9tude recherch\u00e9e [&hellip;]<\/p>\n","protected":false},"author":2,"featured_media":0,"parent":0,"menu_order":0,"comment_status":"closed","ping_status":"closed","template":"","meta":{"_seopress_robots_primary_cat":"","_seopress_titles_title":"Camping proche de Soullans 4 \u00e9toiles en Vend\u00e9e - Val de vie","_seopress_titles_desc":"S\u00e9journez au camping 4 \u00e9toiles Le Val de Vie, pr\u00e8s de Soullans en Vend\u00e9e ! Mobil-homes, emplacements, piscine couverte et activit\u00e9s pour des vacances r\u00e9ussies.","_seopress_robots_index":"","footnotes":""},"class_list":["post-26524","page","type-page","status-publish","hentry"],"_links":{"self":[{"href":"https:\/\/www.campingvaldevie.fr\/de\/wp-json\/wp\/v2\/pages\/26524","targetHints":{"allow":["GET"]}}],"collection":[{"href":"https:\/\/www.campingvaldevie.fr\/de\/wp-json\/wp\/v2\/pages"}],"about":[{"href":"https:\/\/www.campingvaldevie.fr\/de\/wp-json\/wp\/v2\/types\/page"}],"author":[{"embeddable":true,"href":"https:\/\/www.campingvaldevie.fr\/de\/wp-json\/wp\/v2\/users\/2"}],"replies":[{"embeddable":true,"href":"https:\/\/www.campingvaldevie.fr\/de\/wp-json\/wp\/v2\/comments?post=26524"}],"version-history":[{"count":10,"href":"https:\/\/www.campingvaldevie.fr\/de\/wp-json\/wp\/v2\/pages\/26524\/revisions"}],"predecessor-version":[{"id":26536,"href":"https:\/\/www.campingvaldevie.fr\/de\/wp-json\/wp\/v2\/pages\/26524\/revisions\/26536"}],"wp:attachment":[{"href":"https:\/\/www.campingvaldevie.fr\/de\/wp-json\/wp\/v2\/media?parent=26524"}],"curies":[{"name":"wp","href":"https:\/\/api.w.org\/{rel}","templated":true}]}}