{"id":7283,"date":"2012-11-19T08:17:21","date_gmt":"2012-11-19T07:17:21","guid":{"rendered":"https:\/\/www.campingvaldevie.fr\/plan-du-site\/"},"modified":"2022-05-09T09:58:29","modified_gmt":"2022-05-09T07:58:29","slug":"sitemap","status":"publish","type":"page","link":"https:\/\/www.campingvaldevie.fr\/de\/sitemap\/","title":{"rendered":"Site Map"},"content":{"rendered":"<h2>Seiten<\/h2>\t\t<article class=\"sevsitemap-entry\">\n\t\t\t\t\t\n\t\t\t<div class=\"title\">\n\t\t\t\t<a href=\"https:\/\/www.campingvaldevie.fr\/de\/proche-du-camping\/\">\n\t\t\t\t\tIn der N\u00e4he des Campingplatzes\t\t\t\t<\/a>\n\t\t\t<\/div>\n\n\t\t<\/article>\n\t\t\t\t<article class=\"sevsitemap-entry\">\n\t\t\t\t\t\n\t\t\t<div class=\"title\">\n\t\t\t\t<a href=\"https:\/\/www.campingvaldevie.fr\/de\/contact\/\">\n\t\t\t\t\tZugang\/Kontakt\t\t\t\t<\/a>\n\t\t\t<\/div>\n\n\t\t<\/article>\n\t\t\t\t<article class=\"sevsitemap-entry\">\n\t\t\t\t\t\n\t\t\t<div class=\"title\">\n\t\t\t\t<a href=\"https:\/\/www.campingvaldevie.fr\/de\/\">\n\t\t\t\t\tStartseite\t\t\t\t<\/a>\n\t\t\t<\/div>\n\n\t\t<\/article>\n\t\t\t\t<article class=\"sevsitemap-entry\">\n\t\t\t\t\t\n\t\t\t<div class=\"title\">\n\t\t\t\t<a href=\"https:\/\/www.campingvaldevie.fr\/de\/formule-groupe\/\">\n\t\t\t\t\tGruppenunterkunft auf dem Campingplatz in der Vend\u00e9e\t\t\t\t<\/a>\n\t\t\t<\/div>\n\n\t\t<\/article>\n\t\t\t\t<article class=\"sevsitemap-entry\">\n\t\t\t\t\t\n\t\t\t<div class=\"title\">\n\t\t\t\t<a href=\"https:\/\/www.campingvaldevie.fr\/de\/actualites\/\">\n\t\t\t\t\tNachrichten\t\t\t\t<\/a>\n\t\t\t<\/div>\n\n\t\t<\/article>\n\t\t\t\t<article class=\"sevsitemap-entry\">\n\t\t\t\t\t\n\t\t\t<div class=\"title\">\n\t\t\t\t<a href=\"https:\/\/www.campingvaldevie.fr\/de\/avis\/\">\n\t\t\t\t\tKundenmeinungen\t\t\t\t<\/a>\n\t\t\t<\/div>\n\n\t\t<\/article>\n\t\t\t\t<article class=\"sevsitemap-entry\">\n\t\t\t\t\t\n\t\t\t<div class=\"title\">\n\t\t\t\t<a href=\"https:\/\/www.campingvaldevie.fr\/de\/camping-coex\/\">\n\t\t\t\t\tWillkommen auf Ihrem Campingplatz in der N\u00e4he von Co\u00ebx\t\t\t\t<\/a>\n\t\t\t<\/div>\n\n\t\t<\/article>\n\t\t\t\t<article class=\"sevsitemap-entry\">\n\t\t\t\t\t\n\t\t\t<div class=\"title\">\n\t\t\t\t<a href=\"https:\/\/www.campingvaldevie.fr\/de\/blog\/\">\n\t\t\t\t\tBlog\t\t\t\t<\/a>\n\t\t\t<\/div>\n\n\t\t<\/article>\n\t\t\t\t<article class=\"sevsitemap-entry\">\n\t\t\t\t\t\n\t\t\t<div class=\"title\">\n\t\t\t\t<a href=\"https:\/\/www.campingvaldevie.fr\/de\/bretignolles-sur-mer\/\">\n\t\t\t\t\tBr\u00e9tignolles sur Mer\t\t\t\t<\/a>\n\t\t\t<\/div>\n\n\t\t<\/article>\n\t\t\t\t<article class=\"sevsitemap-entry\">\n\t\t\t\t\t\n\t\t\t<div class=\"title\">\n\t\t\t\t<a href=\"https:\/\/www.campingvaldevie.fr\/de\/camping-4-etoiles-pres-de-challans\/\">\n\t\t\t\t\t4-Sterne-Campingplatz in der N\u00e4he von Challans\t\t\t\t<\/a>\n\t\t\t<\/div>\n\n\t\t<\/article>\n\t\t\t\t<article class=\"sevsitemap-entry\">\n\t\t\t\t\t\n\t\t\t<div class=\"title\">\n\t\t\t\t<a href=\"https:\/\/www.campingvaldevie.fr\/de\/camping-4-etoiles-pres-de-challans\/camping-avec-emplacement-challans\/\">\n\t\t\t\t\tCampingplatz mit Stellplatz Challans\t\t\t\t<\/a>\n\t\t\t<\/div>\n\n\t\t<\/article>\n\t\t\t\t<article class=\"sevsitemap-entry\">\n\t\t\t\t\t\n\t\t\t<div class=\"title\">\n\t\t\t\t<a href=\"https:\/\/www.campingvaldevie.fr\/de\/camping-4-etoiles-pres-de-challans\/petit-camping-avec-piscine-challans\/\">\n\t\t\t\t\tCampingplatz mit Schwimmbad in der N\u00e4he von Challans\t\t\t\t<\/a>\n\t\t\t<\/div>\n\n\t\t<\/article>\n\t\t\t\t<article class=\"sevsitemap-entry\">\n\t\t\t\t\t\n\t\t\t<div class=\"title\">\n\t\t\t\t<a href=\"https:\/\/www.campingvaldevie.fr\/de\/camping-4-etoiles-pres-de-challans\/camping-calme-et-nature-challans\/\">\n\t\t\t\t\tCampingplatz Ruhe und Natur Challans\t\t\t\t<\/a>\n\t\t\t<\/div>\n\n\t\t<\/article>\n\t\t\t\t<article class=\"sevsitemap-entry\">\n\t\t\t\t\t\n\t\t\t<div class=\"title\">\n\t\t\t\t<a href=\"https:\/\/www.campingvaldevie.fr\/de\/camping-4-etoiles-pres-de-challans\/camping-dernieres-minutes-challans\/\">\n\t\t\t\t\tCamping Last Minute Challans\t\t\t\t<\/a>\n\t\t\t<\/div>\n\n\t\t<\/article>\n\t\t\t\t<article class=\"sevsitemap-entry\">\n\t\t\t\t\t\n\t\t\t<div class=\"title\">\n\t\t\t\t<a href=\"https:\/\/www.campingvaldevie.fr\/de\/camping-4-etoiles-pres-de-challans\/camping-peche-challans\/\">\n\t\t\t\t\tCamping Angeln Challans\t\t\t\t<\/a>\n\t\t\t<\/div>\n\n\t\t<\/article>\n\t\t\t\t<article class=\"sevsitemap-entry\">\n\t\t\t\t\t\n\t\t\t<div class=\"title\">\n\t\t\t\t<a href=\"https:\/\/www.campingvaldevie.fr\/de\/camping-4-etoiles-pres-de-challans\/location-mobil-home-challans\/\">\n\t\t\t\t\tMobilheimvermietung Challans\t\t\t\t<\/a>\n\t\t\t<\/div>\n\n\t\t<\/article>\n\t\t\t\t<article class=\"sevsitemap-entry\">\n\t\t\t\t\t\n\t\t\t<div class=\"title\">\n\t\t\t\t<a href=\"https:\/\/www.campingvaldevie.fr\/de\/camping-4-etoiles-pres-de-challans\/meilleur-prix-camping-proche-challans\/\">\n\t\t\t\t\tBester Preis Campingplatz in der N\u00e4he von Challans\t\t\t\t<\/a>\n\t\t\t<\/div>\n\n\t\t<\/article>\n\t\t\t\t<article class=\"sevsitemap-entry\">\n\t\t\t\t\t\n\t\t\t<div class=\"title\">\n\t\t\t\t<a href=\"https:\/\/www.campingvaldevie.fr\/de\/camping-saint-gilles-croix-de-vie\/\">\n\t\t\t\t\t4-Sterne-Campingplatz in der N\u00e4he von Saint-Gilles-Croix-de-Vie in der Vend\u00e9e\t\t\t\t<\/a>\n\t\t\t<\/div>\n\n\t\t<\/article>\n\t\t\t\t<article class=\"sevsitemap-entry\">\n\t\t\t\t\t\n\t\t\t<div class=\"title\">\n\t\t\t\t<a href=\"https:\/\/www.campingvaldevie.fr\/de\/camping-saint-gilles-croix-de-vie\/camping-avec-emplacement-proche-saint-gilles-croix-de-vie\/\">\n\t\t\t\t\tCampingplatz mit Stellplatz in der N\u00e4he von Saint Gilles Croix de Vie\t\t\t\t<\/a>\n\t\t\t<\/div>\n\n\t\t<\/article>\n\t\t\t\t<article class=\"sevsitemap-entry\">\n\t\t\t\t\t\n\t\t\t<div class=\"title\">\n\t\t\t\t<a href=\"https:\/\/www.campingvaldevie.fr\/de\/camping-saint-gilles-croix-de-vie\/camping-pas-cher-calme-proche-saint-gilles-croix-de-vie\/\">\n\t\t\t\t\tG\u00fcnstiger und ruhiger Campingplatz in der N\u00e4he von Saint Gilles Croix de Vie\t\t\t\t<\/a>\n\t\t\t<\/div>\n\n\t\t<\/article>\n\t\t\t\t<article class=\"sevsitemap-entry\">\n\t\t\t\t\t\n\t\t\t<div class=\"title\">\n\t\t\t\t<a href=\"https:\/\/www.campingvaldevie.fr\/de\/camping-saint-gilles-croix-de-vie\/camping-avec-piscine-saint-gilles-croix-de-vie\/\">\n\t\t\t\t\tCampingplatz in der N\u00e4he von Saint Gilles Croix de Vie mit Schwimmbad\t\t\t\t<\/a>\n\t\t\t<\/div>\n\n\t\t<\/article>\n\t\t\t\t<article class=\"sevsitemap-entry\">\n\t\t\t\t\t\n\t\t\t<div class=\"title\">\n\t\t\t\t<a href=\"https:\/\/www.campingvaldevie.fr\/de\/camping-saint-gilles-croix-de-vie\/mobil-home\/\">\n\t\t\t\t\tMieten Sie ein Mobilheim in Saint-Gilles-Croix-de-Vie\t\t\t\t<\/a>\n\t\t\t<\/div>\n\n\t\t<\/article>\n\t\t\t\t<article class=\"sevsitemap-entry\">\n\t\t\t\t\t\n\t\t\t<div class=\"title\">\n\t\t\t\t<a href=\"https:\/\/www.campingvaldevie.fr\/de\/camping-saint-gilles-croix-de-vie\/offres-derniere-minute-saint-gilles-croix-de-vie\/\">\n\t\t\t\t\tLast-Minute-Angebote Saint Gilles Croix de Vie\t\t\t\t<\/a>\n\t\t\t<\/div>\n\n\t\t<\/article>\n\t\t\t\t<article class=\"sevsitemap-entry\">\n\t\t\t\t\t\n\t\t\t<div class=\"title\">\n\t\t\t\t<a href=\"https:\/\/www.campingvaldevie.fr\/de\/camping-saint-gilles-croix-de-vie\/camping-familial-saint-gilles-croix-de-vie\/\">\n\t\t\t\t\tIhr Aufenthalt auf einem Familiencampingplatz in der N\u00e4he von Saint-Gilles-Croix-de-Vie\t\t\t\t<\/a>\n\t\t\t<\/div>\n\n\t\t<\/article>\n\t\t\t\t<article class=\"sevsitemap-entry\">\n\t\t\t\t\t\n\t\t\t<div class=\"title\">\n\t\t\t\t<a href=\"https:\/\/www.campingvaldevie.fr\/de\/accueil-velo\/\">\n\t\t\t\t\tCamping Accueil V\u00e9lo en Vend\u00e9e\t\t\t\t<\/a>\n\t\t\t<\/div>\n\n\t\t<\/article>\n\t\t\t\t<article class=\"sevsitemap-entry\">\n\t\t\t\t\t\n\t\t\t<div class=\"title\">\n\t\t\t\t<a href=\"https:\/\/www.campingvaldevie.fr\/de\/camping-puy-du-fou\/\">\n\t\t\t\t\tCampingplatz vor den Toren des Puy du Fou\t\t\t\t<\/a>\n\t\t\t<\/div>\n\n\t\t<\/article>\n\t\t\t\t<article class=\"sevsitemap-entry\">\n\t\t\t\t\t\n\t\t\t<div class=\"title\">\n\t\t\t\t<a href=\"https:\/\/www.campingvaldevie.fr\/de\/camping-lac-vendee\/\">\n\t\t\t\t\tCampingplatz mit See in der Vend\u00e9e\t\t\t\t<\/a>\n\t\t\t<\/div>\n\n\t\t<\/article>\n\t\t\t\t<article class=\"sevsitemap-entry\">\n\t\t\t\t\t\n\t\t\t<div class=\"title\">\n\t\t\t\t<a href=\"https:\/\/www.campingvaldevie.fr\/de\/petit-camping-haut-de-gamme-vendee\/\">\n\t\t\t\t\tTop-Campingplatz Vend\u00e9e\t\t\t\t<\/a>\n\t\t\t<\/div>\n\n\t\t<\/article>\n\t\t\t\t<article class=\"sevsitemap-entry\">\n\t\t\t\t\t\n\t\t\t<div class=\"title\">\n\t\t\t\t<a href=\"https:\/\/www.campingvaldevie.fr\/de\/camping-proche-nature-vendee\/\">\n\t\t\t\t\tNaturcamping in der Vend\u00e9e\t\t\t\t<\/a>\n\t\t\t<\/div>\n\n\t\t<\/article>\n\t\t\t\t<article class=\"sevsitemap-entry\">\n\t\t\t\t\t\n\t\t\t<div class=\"title\">\n\t\t\t\t<a href=\"https:\/\/www.campingvaldevie.fr\/de\/camping-peche-vendee\/\">\n\t\t\t\t\tCamping Angeln Vend\u00e9e: \u00dcben Sie Ihr Lieblingshobby auf unserem Campingplatz aus!\t\t\t\t<\/a>\n\t\t\t<\/div>\n\n\t\t<\/article>\n\t\t\t\t<article class=\"sevsitemap-entry\">\n\t\t\t\t\t\n\t\t\t<div class=\"title\">\n\t\t\t\t<a href=\"https:\/\/www.campingvaldevie.fr\/de\/camping-beaulieu-sous-la-roche\/\">\n\t\t\t\t\tCamping in der N\u00e4he von Beaulieu-sous-la-Roche\t\t\t\t<\/a>\n\t\t\t<\/div>\n\n\t\t<\/article>\n\t\t\t\t<article class=\"sevsitemap-entry\">\n\t\t\t\t\t\n\t\t\t<div class=\"title\">\n\t\t\t\t<a href=\"https:\/\/www.campingvaldevie.fr\/de\/camping-bretignolles-sur-mer\/\">\n\t\t\t\t\tCampingplatz in der N\u00e4he von Br\u00e9tignolles sur Mer\t\t\t\t<\/a>\n\t\t\t<\/div>\n\n\t\t<\/article>\n\t\t\t\t<article class=\"sevsitemap-entry\">\n\t\t\t\t\t\n\t\t\t<div class=\"title\">\n\t\t\t\t<a href=\"https:\/\/www.campingvaldevie.fr\/de\/camping-bretignolles-sur-mer\/camping-avec-piscine-bretignolles-sur-mer\/\">\n\t\t\t\t\tCampingplatz mit Schwimmbad Br\u00e9tignolles sur Mer\t\t\t\t<\/a>\n\t\t\t<\/div>\n\n\t\t<\/article>\n\t\t\t\t<article class=\"sevsitemap-entry\">\n\t\t\t\t\t\n\t\t\t<div class=\"title\">\n\t\t\t\t<a href=\"https:\/\/www.campingvaldevie.fr\/de\/camping-bretignolles-sur-mer\/camping-familial\/\">\n\t\t\t\t\tFamilien-Campingplatz in der N\u00e4he von Br\u00e9tignolles-sur-Mer\t\t\t\t<\/a>\n\t\t\t<\/div>\n\n\t\t<\/article>\n\t\t\t\t<article class=\"sevsitemap-entry\">\n\t\t\t\t\t\n\t\t\t<div class=\"title\">\n\t\t\t\t<a href=\"https:\/\/www.campingvaldevie.fr\/de\/camping-bretignolles-sur-mer\/hebergement-proche-bretignolles-sur-mer\/\">\n\t\t\t\t\tMobilheim- und Stellplatzvermietung in der N\u00e4he von Br\u00e9tignolles sur Mer\t\t\t\t<\/a>\n\t\t\t<\/div>\n\n\t\t<\/article>\n\t\t\t\t<article class=\"sevsitemap-entry\">\n\t\t\t\t\t\n\t\t\t<div class=\"title\">\n\t\t\t\t<a href=\"https:\/\/www.campingvaldevie.fr\/de\/camping-spa-privatif-vendee\/\">\n\t\t\t\t\tCampingplatz Privater SPA Vend\u00e9e\t\t\t\t<\/a>\n\t\t\t<\/div>\n\n\t\t<\/article>\n\t\t\t\t<article class=\"sevsitemap-entry\">\n\t\t\t\t\t\n\t\t\t<div class=\"title\">\n\t\t\t\t<a href=\"https:\/\/www.campingvaldevie.fr\/de\/carte-vendee\/\">\n\t\t\t\t\tKarte von Vend\u00e9e\t\t\t\t<\/a>\n\t\t\t<\/div>\n\n\t\t<\/article>\n\t\t\t\t<article class=\"sevsitemap-entry\">\n\t\t\t\t\t\n\t\t\t<div class=\"title\">\n\t\t\t\t<a href=\"https:\/\/www.campingvaldevie.fr\/de\/clisson\/\">\n\t\t\t\t\tClisson\t\t\t\t<\/a>\n\t\t\t<\/div>\n\n\t\t<\/article>\n\t\t\t\t<article class=\"sevsitemap-entry\">\n\t\t\t\t\t\n\t\t\t<div class=\"title\">\n\t\t\t\t<a href=\"https:\/\/www.campingvaldevie.fr\/de\/cookie-management\/\">\n\t\t\t\t\tCookie-Management\t\t\t\t<\/a>\n\t\t\t<\/div>\n\n\t\t<\/article>\n\t\t\t\t<article class=\"sevsitemap-entry\">\n\t\t\t\t\t\n\t\t\t<div class=\"title\">\n\t\t\t\t<a href=\"https:\/\/www.campingvaldevie.fr\/de\/emplacement-3\/\">\n\t\t\t\t\tEntdecken Sie unsere Campingpl\u00e4tze in der Vend\u00e9e\t\t\t\t<\/a>\n\t\t\t<\/div>\n\n\t\t<\/article>\n\t\t\t\t<article class=\"sevsitemap-entry\">\n\t\t\t\t\t\n\t\t\t<div class=\"title\">\n\t\t\t\t<a href=\"https:\/\/www.campingvaldevie.fr\/de\/chemins-randonnee-vendee\/\">\n\t\t\t\t\tZahlreiche Wanderwege rund um den Campingplatz\t\t\t\t<\/a>\n\t\t\t<\/div>\n\n\t\t<\/article>\n\t\t\t\t<article class=\"sevsitemap-entry\">\n\t\t\t\t\t\n\t\t\t<div class=\"title\">\n\t\t\t\t<a href=\"https:\/\/www.campingvaldevie.fr\/de\/demande-dacces-aux-donnees\/\">\n\t\t\t\t\tAntrag auf Datenzugriff\t\t\t\t<\/a>\n\t\t\t<\/div>\n\n\t\t<\/article>\n\t\t\t\t<article class=\"sevsitemap-entry\">\n\t\t\t\t\t\n\t\t\t<div class=\"title\">\n\t\t\t\t<a href=\"https:\/\/www.campingvaldevie.fr\/de\/camping-familial-vendee\/\">\n\t\t\t\t\tEin unvergesslicher Urlaub auf unserem Familiencampingplatz in der Vend\u00e9e\t\t\t\t<\/a>\n\t\t\t<\/div>\n\n\t\t<\/article>\n\t\t\t\t<article class=\"sevsitemap-entry\">\n\t\t\t\t\t\n\t\t\t<div class=\"title\">\n\t\t\t\t<a href=\"https:\/\/www.campingvaldevie.fr\/de\/editorial\/\">\n\t\t\t\t\tEditorial\t\t\t\t<\/a>\n\t\t\t<\/div>\n\n\t\t<\/article>\n\t\t\t\t<article class=\"sevsitemap-entry\">\n\t\t\t\t\t\n\t\t\t<div class=\"title\">\n\t\t\t\t<a href=\"https:\/\/www.campingvaldevie.fr\/de\/editorial\/\">\n\t\t\t\t\tEditorial\t\t\t\t<\/a>\n\t\t\t<\/div>\n\n\t\t<\/article>\n\t\t\t\t<article class=\"sevsitemap-entry\">\n\t\t\t\t\t\n\t\t\t<div class=\"title\">\n\t\t\t\t<a href=\"https:\/\/www.campingvaldevie.fr\/de\/editorial\/\">\n\t\t\t\t\tEditorial\t\t\t\t<\/a>\n\t\t\t<\/div>\n\n\t\t<\/article>\n\t\t\t\t<article class=\"sevsitemap-entry\">\n\t\t\t\t\t\n\t\t\t<div class=\"title\">\n\t\t\t\t<a href=\"https:\/\/www.campingvaldevie.fr\/de\/experiences-famille-curieuse\/\">\n\t\t\t\t\tErfahrung 100% neugierige Familie\t\t\t\t<\/a>\n\t\t\t<\/div>\n\n\t\t<\/article>\n\t\t\t\t<article class=\"sevsitemap-entry\">\n\t\t\t\t\t\n\t\t\t<div class=\"title\">\n\t\t\t\t<a href=\"https:\/\/www.campingvaldevie.fr\/de\/experience-famille-curieuse\/\">\n\t\t\t\t\tErfahrung 100% neugierige Familie: Tag 1\t\t\t\t<\/a>\n\t\t\t<\/div>\n\n\t\t<\/article>\n\t\t\t\t<article class=\"sevsitemap-entry\">\n\t\t\t\t\t\n\t\t\t<div class=\"title\">\n\t\t\t\t<a href=\"https:\/\/www.campingvaldevie.fr\/de\/experiences-nature\/\">\n\t\t\t\t\tErfahrung 100% Natur\t\t\t\t<\/a>\n\t\t\t<\/div>\n\n\t\t<\/article>\n\t\t\t\t<article class=\"sevsitemap-entry\">\n\t\t\t\t\t\n\t\t\t<div class=\"title\">\n\t\t\t\t<a href=\"https:\/\/www.campingvaldevie.fr\/de\/experience-nature\/\">\n\t\t\t\t\t100% Naturerfahrung: Tag 1\t\t\t\t<\/a>\n\t\t\t<\/div>\n\n\t\t<\/article>\n\t\t\t\t<article class=\"sevsitemap-entry\">\n\t\t\t\t\t\n\t\t\t<div class=\"title\">\n\t\t\t\t<a href=\"https:\/\/www.campingvaldevie.fr\/de\/experience-nature-2\/\">\n\t\t\t\t\t100% Naturerfahrung: Tag 2\t\t\t\t<\/a>\n\t\t\t<\/div>\n\n\t\t<\/article>\n\t\t\t\t<article class=\"sevsitemap-entry\">\n\t\t\t\t\t\n\t\t\t<div class=\"title\">\n\t\t\t\t<a href=\"https:\/\/www.campingvaldevie.fr\/de\/experience-zen-detente\/\">\n\t\t\t\t\tErfahrung 100% Zen und Entspannung\t\t\t\t<\/a>\n\t\t\t<\/div>\n\n\t\t<\/article>\n\t\t\t\t<article class=\"sevsitemap-entry\">\n\t\t\t\t\t\n\t\t\t<div class=\"title\">\n\t\t\t\t<a href=\"https:\/\/www.campingvaldevie.fr\/de\/experience-famille-curieuse-2\/\">\n\t\t\t\t\tErfahrung 100 % neugierige Familie: Tag 2\t\t\t\t<\/a>\n\t\t\t<\/div>\n\n\t\t<\/article>\n\t\t\t\t<article class=\"sevsitemap-entry\">\n\t\t\t\t\t\n\t\t\t<div class=\"title\">\n\t\t\t\t<a href=\"https:\/\/www.campingvaldevie.fr\/de\/experience-famille-curieuse-3\/\">\n\t\t\t\t\tErfahrung 100 % neugierige Familie: Tag 3\t\t\t\t<\/a>\n\t\t\t<\/div>\n\n\t\t<\/article>\n\t\t\t\t<article class=\"sevsitemap-entry\">\n\t\t\t\t\t\n\t\t\t<div class=\"title\">\n\t\t\t\t<a href=\"https:\/\/www.campingvaldevie.fr\/de\/experience-zen-et-detente\/\">\n\t\t\t\t\tZen-Erfahrung und Entspannung : Tag 1\t\t\t\t<\/a>\n\t\t\t<\/div>\n\n\t\t<\/article>\n\t\t\t\t<article class=\"sevsitemap-entry\">\n\t\t\t\t\t\n\t\t\t<div class=\"title\">\n\t\t\t\t<a href=\"https:\/\/www.campingvaldevie.fr\/de\/experience-zen-et-detente-2\/\">\n\t\t\t\t\tZen-Erfahrung und Entspannung : Tag 2\t\t\t\t<\/a>\n\t\t\t<\/div>\n\n\t\t<\/article>\n\t\t\t\t<article class=\"sevsitemap-entry\">\n\t\t\t\t\t\n\t\t\t<div class=\"title\">\n\t\t\t\t<a href=\"https:\/\/www.campingvaldevie.fr\/de\/experience-zen-et-detente-jour-3\/\">\n\t\t\t\t\tZen-Erfahrung und Entspannung : Tag 3\t\t\t\t<\/a>\n\t\t\t<\/div>\n\n\t\t<\/article>\n\t\t\t\t<article class=\"sevsitemap-entry\">\n\t\t\t\t\t\n\t\t\t<div class=\"title\">\n\t\t\t\t<a href=\"https:\/\/www.campingvaldevie.fr\/de\/foire-aux-questions\/\">\n\t\t\t\t\tH\u00e4ufig gestellte Fragen\t\t\t\t<\/a>\n\t\t\t<\/div>\n\n\t\t<\/article>\n\t\t\t\t<article class=\"sevsitemap-entry\">\n\t\t\t\t\t\n\t\t\t<div class=\"title\">\n\t\t\t\t<a href=\"https:\/\/www.campingvaldevie.fr\/de\/gite-vendee\/\">\n\t\t\t\t\tFerienhaus in Vend\u00e9e\t\t\t\t<\/a>\n\t\t\t<\/div>\n\n\t\t<\/article>\n\t\t\t\t<article class=\"sevsitemap-entry\">\n\t\t\t\t\t\n\t\t\t<div class=\"title\">\n\t\t\t\t<a href=\"https:\/\/www.campingvaldevie.fr\/de\/galerie-photos\/\">\n\t\t\t\t\tFoto- und Videogalerie\t\t\t\t<\/a>\n\t\t\t<\/div>\n\n\t\t<\/article>\n\t\t\t\t<article class=\"sevsitemap-entry\">\n\t\t\t\t\t\n\t\t\t<div class=\"title\">\n\t\t\t\t<a href=\"https:\/\/www.campingvaldevie.fr\/de\/gestion-des-cookies\/\">\n\t\t\t\t\tVerwaltung von Cookies\t\t\t\t<\/a>\n\t\t\t<\/div>\n\n\t\t<\/article>\n\t\t\t\t<article class=\"sevsitemap-entry\">\n\t\t\t\t\t\n\t\t\t<div class=\"title\">\n\t\t\t\t<a href=\"https:\/\/www.campingvaldevie.fr\/de\/golf-des-fontenelles\/\">\n\t\t\t\t\tGolf des Fontenelles\t\t\t\t<\/a>\n\t\t\t<\/div>\n\n\t\t<\/article>\n\t\t\t\t<article class=\"sevsitemap-entry\">\n\t\t\t\t\t\n\t\t\t<div class=\"title\">\n\t\t\t\t<a href=\"https:\/\/www.campingvaldevie.fr\/de\/camping-3-etoiles-ouvert-a-lannee-val-de-vie-vendee\/\">\n\t\t\t\t\tHome\t\t\t\t<\/a>\n\t\t\t<\/div>\n\n\t\t<\/article>\n\t\t\t\t<article class=\"sevsitemap-entry\">\n\t\t\t\t\t\n\t\t\t<div class=\"title\">\n\t\t\t\t<a href=\"https:\/\/www.campingvaldevie.fr\/de\/kaart\/\">\n\t\t\t\t\tKaart\t\t\t\t<\/a>\n\t\t\t<\/div>\n\n\t\t<\/article>\n\t\t\t\t<article class=\"sevsitemap-entry\">\n\t\t\t\t\t\n\t\t\t<div class=\"title\">\n\t\t\t\t<a href=\"https:\/\/www.campingvaldevie.fr\/de\/nos-engagements\/\">\n\t\t\t\t\tDie Geisteshaltung des Campingplatzes und unsere Verpflichtungen\t\t\t\t<\/a>\n\t\t\t<\/div>\n\n\t\t<\/article>\n\t\t\t\t<article class=\"sevsitemap-entry\">\n\t\t\t\t\t\n\t\t\t<div class=\"title\">\n\t\t\t\t<a href=\"https:\/\/www.campingvaldevie.fr\/de\/la-peche-a-proximite-du-camping\/\">\n\t\t\t\t\tAngeln in der N\u00e4he des Campingplatzes\t\t\t\t<\/a>\n\t\t\t<\/div>\n\n\t\t<\/article>\n\t\t\t\t<article class=\"sevsitemap-entry\">\n\t\t\t\t\t\n\t\t\t<div class=\"title\">\n\t\t\t\t<a href=\"https:\/\/www.campingvaldevie.fr\/de\/la-roche-sur-yon\/\">\n\t\t\t\t\tLa Roche sur Yon\t\t\t\t<\/a>\n\t\t\t<\/div>\n\n\t\t<\/article>\n\t\t\t\t<article class=\"sevsitemap-entry\">\n\t\t\t\t\t\n\t\t\t<div class=\"title\">\n\t\t\t\t<a href=\"https:\/\/www.campingvaldevie.fr\/de\/la-roche-sur-yon\/\">\n\t\t\t\t\tLa Roche sur Yon\t\t\t\t<\/a>\n\t\t\t<\/div>\n\n\t\t<\/article>\n\t\t\t\t<article class=\"sevsitemap-entry\">\n\t\t\t\t\t\n\t\t\t<div class=\"title\">\n\t\t\t\t<a href=\"https:\/\/www.campingvaldevie.fr\/de\/la-roche-sur-yon\/\">\n\t\t\t\t\tLa Roche sur Yon\t\t\t\t<\/a>\n\t\t\t<\/div>\n\n\t\t<\/article>\n\t\t\t\t<article class=\"sevsitemap-entry\">\n\t\t\t\t\t\n\t\t\t<div class=\"title\">\n\t\t\t\t<a href=\"https:\/\/www.campingvaldevie.fr\/de\/le-golf-des-fontenelles\/\">\n\t\t\t\t\tGolf des Fontenelles\t\t\t\t<\/a>\n\t\t\t<\/div>\n\n\t\t<\/article>\n\t\t\t\t<article class=\"sevsitemap-entry\">\n\t\t\t\t\t\n\t\t\t<div class=\"title\">\n\t\t\t\t<a href=\"https:\/\/www.campingvaldevie.fr\/de\/le-grand-defi\/\">\n\t\t\t\t\tDie gro\u00dfe Herausforderung\t\t\t\t<\/a>\n\t\t\t<\/div>\n\n\t\t<\/article>\n\t\t\t\t<article class=\"sevsitemap-entry\">\n\t\t\t\t\t\n\t\t\t<div class=\"title\">\n\t\t\t\t<a href=\"https:\/\/www.campingvaldevie.fr\/de\/le-puy-du-fou\/\">\n\t\t\t\t\tPuy du Fou\t\t\t\t<\/a>\n\t\t\t<\/div>\n\n\t\t<\/article>\n\t\t\t\t<article class=\"sevsitemap-entry\">\n\t\t\t\t\t\n\t\t\t<div class=\"title\">\n\t\t\t\t<a href=\"https:\/\/www.campingvaldevie.fr\/de\/camping-soullans\/\">\n\t\t\t\t\tLe Val de Vie: Ihr Campingplatz in der N\u00e4he von Soullans\t\t\t\t<\/a>\n\t\t\t<\/div>\n\n\t\t<\/article>\n\t\t\t\t<article class=\"sevsitemap-entry\">\n\t\t\t\t\t\n\t\t\t<div class=\"title\">\n\t\t\t\t<a href=\"https:\/\/www.campingvaldevie.fr\/de\/les-plus-du-camping\/\">\n\t\t\t\t\tGute Gr\u00fcnde f\u00fcr den Campingplatz Val de Vie\t\t\t\t<\/a>\n\t\t\t<\/div>\n\n\t\t<\/article>\n\t\t\t\t<article class=\"sevsitemap-entry\">\n\t\t\t\t\t\n\t\t\t<div class=\"title\">\n\t\t\t\t<a href=\"https:\/\/www.campingvaldevie.fr\/de\/parcs-de-loisirs\/\">\n\t\t\t\t\tFreizeitparks\t\t\t\t<\/a>\n\t\t\t<\/div>\n\n\t\t<\/article>\n\t\t\t\t<article class=\"sevsitemap-entry\">\n\t\t\t\t\t\n\t\t\t<div class=\"title\">\n\t\t\t\t<a href=\"https:\/\/www.campingvaldevie.fr\/de\/parcs-de-loisirs\/le-puy-du-fou\/\">\n\t\t\t\t\tPuy du Fou\t\t\t\t<\/a>\n\t\t\t<\/div>\n\n\t\t<\/article>\n\t\t\t\t<article class=\"sevsitemap-entry\">\n\t\t\t\t\t\n\t\t\t<div class=\"title\">\n\t\t\t\t<a href=\"https:\/\/www.campingvaldevie.fr\/de\/activitees-bretignolles-sur-mer\/\">\n\t\t\t\t\tTop-Aktivit\u00e4ten in Bretignolles-sur-Mer\t\t\t\t<\/a>\n\t\t\t<\/div>\n\n\t\t<\/article>\n\t\t\t\t<article class=\"sevsitemap-entry\">\n\t\t\t\t\t\n\t\t\t<div class=\"title\">\n\t\t\t\t<a href=\"https:\/\/www.campingvaldevie.fr\/de\/les-sables-d-olonne\/\">\n\t\t\t\t\tLes Sables d'Olonne\t\t\t\t<\/a>\n\t\t\t<\/div>\n\n\t\t<\/article>\n\t\t\t\t<article class=\"sevsitemap-entry\">\n\t\t\t\t\t\n\t\t\t<div class=\"title\">\n\t\t\t\t<a href=\"https:\/\/www.campingvaldevie.fr\/de\/les-sables-dolonne\/\">\n\t\t\t\t\tLes Sables d'Olonne\t\t\t\t<\/a>\n\t\t\t<\/div>\n\n\t\t<\/article>\n\t\t\t\t<article class=\"sevsitemap-entry\">\n\t\t\t\t\t\n\t\t\t<div class=\"title\">\n\t\t\t\t<a href=\"https:\/\/www.campingvaldevie.fr\/de\/les-sables-dolonne\/\">\n\t\t\t\t\tLes Sables d'Olonne\t\t\t\t<\/a>\n\t\t\t<\/div>\n\n\t\t<\/article>\n\t\t\t\t<article class=\"sevsitemap-entry\">\n\t\t\t\t\t\n\t\t\t<div class=\"title\">\n\t\t\t\t<a href=\"https:\/\/www.campingvaldevie.fr\/de\/services-loisirs\/\">\n\t\t\t\t\tDie Dienste\t\t\t\t<\/a>\n\t\t\t<\/div>\n\n\t\t<\/article>\n\t\t\t\t<article class=\"sevsitemap-entry\">\n\t\t\t\t\t\n\t\t\t<div class=\"title\">\n\t\t\t\t<a href=\"https:\/\/www.campingvaldevie.fr\/de\/location-mois-hors-saison\/\">\n\t\t\t\t\tMiete Monat Nebensaison\t\t\t\t<\/a>\n\t\t\t<\/div>\n\n\t\t<\/article>\n\t\t\t\t<article class=\"sevsitemap-entry\">\n\t\t\t\t\t\n\t\t\t<div class=\"title\">\n\t\t\t\t<a href=\"https:\/\/www.campingvaldevie.fr\/de\/pitches\/\">\n\t\t\t\t\tVermietungen\t\t\t\t<\/a>\n\t\t\t<\/div>\n\n\t\t<\/article>\n\t\t\t\t<article class=\"sevsitemap-entry\">\n\t\t\t\t\t\n\t\t\t<div class=\"title\">\n\t\t\t\t<a href=\"https:\/\/www.campingvaldevie.fr\/de\/hebergements\/\">\n\t\t\t\t\tMieten Sie ein Mobilheim oder eine andere Mietunterkunft auf dem Campingplatz in der Vend\u00e9e\t\t\t\t<\/a>\n\t\t\t<\/div>\n\n\t\t<\/article>\n\t\t\t\t<article class=\"sevsitemap-entry\">\n\t\t\t\t\t\n\t\t\t<div class=\"title\">\n\t\t\t\t<a href=\"https:\/\/www.campingvaldevie.fr\/de\/mache\/\">\n\t\t\t\t\tMach\u00e9\t\t\t\t<\/a>\n\t\t\t<\/div>\n\n\t\t<\/article>\n\t\t\t\t<article class=\"sevsitemap-entry\">\n\t\t\t\t\t\n\t\t\t<div class=\"title\">\n\t\t\t\t<a href=\"https:\/\/www.campingvaldevie.fr\/de\/the-main-events-in-mache\/\">\n\t\t\t\t\tMach\u00e9\t\t\t\t<\/a>\n\t\t\t<\/div>\n\n\t\t<\/article>\n\t\t\t\t<article class=\"sevsitemap-entry\">\n\t\t\t\t\t\n\t\t\t<div class=\"title\">\n\t\t\t\t<a href=\"https:\/\/www.campingvaldevie.fr\/de\/principales-animations-mache\/\">\n\t\t\t\t\tMach\u00e9\t\t\t\t<\/a>\n\t\t\t<\/div>\n\n\t\t<\/article>\n\t\t\t\t<article class=\"sevsitemap-entry\">\n\t\t\t\t\t\n\t\t\t<div class=\"title\">\n\t\t\t\t<a href=\"https:\/\/www.campingvaldevie.fr\/de\/mache\/\">\n\t\t\t\t\tMach\u00e9\t\t\t\t<\/a>\n\t\t\t<\/div>\n\n\t\t<\/article>\n\t\t\t\t<article class=\"sevsitemap-entry\">\n\t\t\t\t\t\n\t\t\t<div class=\"title\">\n\t\t\t\t<a href=\"https:\/\/www.campingvaldevie.fr\/de\/mentions-legales\/\">\n\t\t\t\t\tRechtliche Hinweise\t\t\t\t<\/a>\n\t\t\t<\/div>\n\n\t\t<\/article>\n\t\t\t\t<article class=\"sevsitemap-entry\">\n\t\t\t\t\t\n\t\t\t<div class=\"title\">\n\t\t\t\t<a href=\"https:\/\/www.campingvaldevie.fr\/de\/news\/\">\n\t\t\t\t\tNews\t\t\t\t<\/a>\n\t\t\t<\/div>\n\n\t\t<\/article>\n\t\t\t\t<article class=\"sevsitemap-entry\">\n\t\t\t\t\t\n\t\t\t<div class=\"title\">\n\t\t\t\t<a href=\"https:\/\/www.campingvaldevie.fr\/de\/o-park\/\">\n\t\t\t\t\tO'Fun park und O'Gliss park in der N\u00e4he des Campingplatzes\t\t\t\t<\/a>\n\t\t\t<\/div>\n\n\t\t<\/article>\n\t\t\t\t<article class=\"sevsitemap-entry\">\n\t\t\t\t\t\n\t\t\t<div class=\"title\">\n\t\t\t\t<a href=\"https:\/\/www.campingvaldevie.fr\/de\/offre-flash\/\">\n\t\t\t\t\tBlitzangebot\t\t\t\t<\/a>\n\t\t\t<\/div>\n\n\t\t<\/article>\n\t\t\t\t<article class=\"sevsitemap-entry\">\n\t\t\t\t\t\n\t\t\t<div class=\"title\">\n\t\t\t\t<a href=\"https:\/\/www.campingvaldevie.fr\/de\/la-piscine\/\">\n\t\t\t\t\tWasserspa\u00df auf dem Campingplatz mit Pool in der Vendee\t\t\t\t<\/a>\n\t\t\t<\/div>\n\n\t\t<\/article>\n\t\t\t\t<article class=\"sevsitemap-entry\">\n\t\t\t\t\t\n\t\t\t<div class=\"title\">\n\t\t\t\t<a href=\"https:\/\/www.campingvaldevie.fr\/de\/plan-du-site\/\">\n\t\t\t\t\tSitemap\t\t\t\t<\/a>\n\t\t\t<\/div>\n\n\t\t<\/article>\n\t\t\t\t<article class=\"sevsitemap-entry\">\n\t\t\t\t\t\n\t\t\t<div class=\"title\">\n\t\t\t\t<a href=\"https:\/\/www.campingvaldevie.fr\/de\/planete-sauvage\/\">\n\t\t\t\t\tWilder Planet\t\t\t\t<\/a>\n\t\t\t<\/div>\n\n\t\t<\/article>\n\t\t\t\t<article class=\"sevsitemap-entry\">\n\t\t\t\t\t\n\t\t\t<div class=\"title\">\n\t\t\t\t<a href=\"https:\/\/www.campingvaldevie.fr\/de\/puy-du-fou\/\">\n\t\t\t\t\tPuy du Fou\t\t\t\t<\/a>\n\t\t\t<\/div>\n\n\t\t<\/article>\n\t\t\t\t<article class=\"sevsitemap-entry\">\n\t\t\t\t\t\n\t\t\t<div class=\"title\">\n\t\t\t\t<a href=\"https:\/\/www.campingvaldevie.fr\/de\/camping-aizenay\/\">\n\t\t\t\t\tBuchen Sie Ihren Urlaub auf einem Campingplatz in der N\u00e4he von Aizenay\t\t\t\t<\/a>\n\t\t\t<\/div>\n\n\t\t<\/article>\n\t\t\t\t<article class=\"sevsitemap-entry\">\n\t\t\t\t\t\n\t\t\t<div class=\"title\">\n\t\t\t\t<a href=\"https:\/\/www.campingvaldevie.fr\/de\/camping-la-roche-sur-yon\/\">\n\t\t\t\t\tBuchen Sie Ihren Urlaub auf einem Campingplatz in der N\u00e4he von La Roche-sur-Yon\t\t\t\t<\/a>\n\t\t\t<\/div>\n\n\t\t<\/article>\n\t\t\t\t<article class=\"sevsitemap-entry\">\n\t\t\t\t\t\n\t\t\t<div class=\"title\">\n\t\t\t\t<a href=\"https:\/\/www.campingvaldevie.fr\/de\/camping-pmr-vendee\/\">\n\t\t\t\t\tAufenthalt auf dem Campingplatz Val de Vie: der F\u00fchrer f\u00fcr PMR-Campingpl\u00e4tze in der Vend\u00e9e\t\t\t\t<\/a>\n\t\t\t<\/div>\n\n\t\t<\/article>\n\t\t\t\t<article class=\"sevsitemap-entry\">\n\t\t\t\t\t\n\t\t\t<div class=\"title\">\n\t\t\t\t<a href=\"https:\/\/www.campingvaldevie.fr\/de\/seminaire-vendee\/\">\n\t\t\t\t\tSeminar in der Vend\u00e9e\t\t\t\t<\/a>\n\t\t\t<\/div>\n\n\t\t<\/article>\n\t\t\t\t<article class=\"sevsitemap-entry\">\n\t\t\t\t\t\n\t\t\t<div class=\"title\">\n\t\t\t\t<a href=\"https:\/\/www.campingvaldevie.fr\/de\/seminaire-nantes\/\">\n\t\t\t\t\tSeminar in der N\u00e4he von Nantes in der Vend\u00e9e\t\t\t\t<\/a>\n\t\t\t<\/div>\n\n\t\t<\/article>\n\t\t\t\t<article class=\"sevsitemap-entry\">\n\t\t\t\t\t\n\t\t\t<div class=\"title\">\n\t\t\t\t<a href=\"https:\/\/www.campingvaldevie.fr\/de\/saint-hilaire-de-riez\/\">\n\t\t\t\t\tSaint Hilaire de Riez\t\t\t\t<\/a>\n\t\t\t<\/div>\n\n\t\t<\/article>\n\t\t\t\t<article class=\"sevsitemap-entry\">\n\t\t\t\t\t\n\t\t\t<div class=\"title\">\n\t\t\t\t<a href=\"https:\/\/www.campingvaldevie.fr\/de\/st-jean-de-monts\/\">\n\t\t\t\t\tSaint Jean de Monts\t\t\t\t<\/a>\n\t\t\t<\/div>\n\n\t\t<\/article>\n\t\t\t\t<article class=\"sevsitemap-entry\">\n\t\t\t\t\t\n\t\t\t<div class=\"title\">\n\t\t\t\t<a href=\"https:\/\/www.campingvaldevie.fr\/de\/saint-gilles-croix-de-vie\/\">\n\t\t\t\t\tSaint-Gilles-Croix-de-Vie\t\t\t\t<\/a>\n\t\t\t<\/div>\n\n\t\t<\/article>\n\t\t\t\t<article class=\"sevsitemap-entry\">\n\t\t\t\t\t\n\t\t\t<div class=\"title\">\n\t\t\t\t<a href=\"https:\/\/www.campingvaldevie.fr\/de\/saint-gilles-croix-de-vie\/\">\n\t\t\t\t\tSaint-Gilles-Croix-de-Vie\t\t\t\t<\/a>\n\t\t\t<\/div>\n\n\t\t<\/article>\n\t\t\t\t<article class=\"sevsitemap-entry\">\n\t\t\t\t\t\n\t\t\t<div class=\"title\">\n\t\t\t\t<a href=\"https:\/\/www.campingvaldevie.fr\/de\/st-gilles-croix-de-vie\/\">\n\t\t\t\t\tSaint-Gilles-Croix-de-Vie\t\t\t\t<\/a>\n\t\t\t<\/div>\n\n\t\t<\/article>\n\t\t\t\t<article class=\"sevsitemap-entry\">\n\t\t\t\t\t\n\t\t\t<div class=\"title\">\n\t\t\t\t<a href=\"https:\/\/www.campingvaldevie.fr\/de\/sitemap\/\">\n\t\t\t\t\tSite Map\t\t\t\t<\/a>\n\t\t\t<\/div>\n\n\t\t<\/article>\n\t\t\t\t<article class=\"sevsitemap-entry\">\n\t\t\t\t\t\n\t\t\t<div class=\"title\">\n\t\t\t\t<a href=\"https:\/\/www.campingvaldevie.fr\/de\/sitemap\/\">\n\t\t\t\t\tSitemap\t\t\t\t<\/a>\n\t\t\t<\/div>\n\n\t\t<\/article>\n\t\t\t\t<article class=\"sevsitemap-entry\">\n\t\t\t\t\t\n\t\t\t<div class=\"title\">\n\t\t\t\t<a href=\"https:\/\/www.campingvaldevie.fr\/de\/activites-coex-vendee\/\">\n\t\t\t\t\tTop 4 Aktivit\u00e4ten in Co\u00ebx\t\t\t\t<\/a>\n\t\t\t<\/div>\n\n\t\t<\/article>\n\t\t\t\t<article class=\"sevsitemap-entry\">\n\t\t\t\t\t\n\t\t\t<div class=\"title\">\n\t\t\t\t<a href=\"https:\/\/www.campingvaldevie.fr\/de\/tourisme-vendee\/\">\n\t\t\t\t\tTourismus in der Vend\u00e9e, die 10 besten Sehensw\u00fcrdigkeiten\t\t\t\t<\/a>\n\t\t\t<\/div>\n\n\t\t<\/article>\n\t\t\t\t<article class=\"sevsitemap-entry\">\n\t\t\t\t\t\n\t\t\t<div class=\"title\">\n\t\t\t\t<a href=\"https:\/\/www.campingvaldevie.fr\/de\/tourisme-vendee\/bretignolles-sur-mer\/\">\n\t\t\t\t\tBr\u00e9tignolles sur Mer\t\t\t\t<\/a>\n\t\t\t<\/div>\n\n\t\t<\/article>\n\t\t\t\t<article class=\"sevsitemap-entry\">\n\t\t\t\t\t\n\t\t\t<div class=\"title\">\n\t\t\t\t<a href=\"https:\/\/www.campingvaldevie.fr\/de\/tourisme-vendee\/lac-apremont\/\">\n\t\t\t\t\tEntdecken Sie den See von Apremont in der Vend\u00e9e\t\t\t\t<\/a>\n\t\t\t<\/div>\n\n\t\t<\/article>\n\t\t\t\t<article class=\"sevsitemap-entry\">\n\t\t\t\t\t\n\t\t\t<div class=\"title\">\n\t\t\t\t<a href=\"https:\/\/www.campingvaldevie.fr\/de\/tourisme-vendee\/ile-dyeu\/\">\n\t\t\t\t\tDie Insel Yeu\t\t\t\t<\/a>\n\t\t\t<\/div>\n\n\t\t<\/article>\n\t\t\t\t<article class=\"sevsitemap-entry\">\n\t\t\t\t\t\n\t\t\t<div class=\"title\">\n\t\t\t\t<a href=\"https:\/\/www.campingvaldevie.fr\/de\/tourisme-vendee\/la-roche-sur-yon\/\">\n\t\t\t\t\tLa Roche sur Yon\t\t\t\t<\/a>\n\t\t\t<\/div>\n\n\t\t<\/article>\n\t\t\t\t<article class=\"sevsitemap-entry\">\n\t\t\t\t\t\n\t\t\t<div class=\"title\">\n\t\t\t\t<a href=\"https:\/\/www.campingvaldevie.fr\/de\/tourisme-vendee\/les-sables-dolonne\/\">\n\t\t\t\t\tLes Sables d'Olonne\t\t\t\t<\/a>\n\t\t\t<\/div>\n\n\t\t<\/article>\n\t\t\t\t<article class=\"sevsitemap-entry\">\n\t\t\t\t\t\n\t\t\t<div class=\"title\">\n\t\t\t\t<a href=\"https:\/\/www.campingvaldevie.fr\/de\/tourisme-vendee\/plages-proches-camping\/\">\n\t\t\t\t\tDie Badeorte der Vend\u00e9e\t\t\t\t<\/a>\n\t\t\t<\/div>\n\n\t\t<\/article>\n\t\t\t\t<article class=\"sevsitemap-entry\">\n\t\t\t\t\t\n\t\t\t<div class=\"title\">\n\t\t\t\t<a href=\"https:\/\/www.campingvaldevie.fr\/de\/tourisme-vendee\/ville-de-nantes\/\">\n\t\t\t\t\tNantes\t\t\t\t<\/a>\n\t\t\t<\/div>\n\n\t\t<\/article>\n\t\t\t\t<article class=\"sevsitemap-entry\">\n\t\t\t\t\t\n\t\t\t<div class=\"title\">\n\t\t\t\t<a href=\"https:\/\/www.campingvaldevie.fr\/de\/tourisme-vendee\/saint-jean-de-monts\/\">\n\t\t\t\t\tSaint Jean de Monts\t\t\t\t<\/a>\n\t\t\t<\/div>\n\n\t\t<\/article>\n\t\t\t\t<article class=\"sevsitemap-entry\">\n\t\t\t\t\t\n\t\t\t<div class=\"title\">\n\t\t\t\t<a href=\"https:\/\/www.campingvaldevie.fr\/de\/tourisme-vendee\/saint-gilles-croix-de-vie\/\">\n\t\t\t\t\tSaint-Gilles-Croix-de-Vie\t\t\t\t<\/a>\n\t\t\t<\/div>\n\n\t\t<\/article>\n\t\t\t\t<article class=\"sevsitemap-entry\">\n\t\t\t\t\t\n\t\t\t<div class=\"title\">\n\t\t\t\t<a href=\"https:\/\/www.campingvaldevie.fr\/de\/tourisme-vendee\/tourisme-aizenay\/\">\n\t\t\t\t\tTourismus in Aizenay, was es zu sehen und zu besichtigen gibt\t\t\t\t<\/a>\n\t\t\t<\/div>\n\n\t\t<\/article>\n\t\t\t\t<article class=\"sevsitemap-entry\">\n\t\t\t\t\t\n\t\t\t<div class=\"title\">\n\t\t\t\t<a href=\"https:\/\/www.campingvaldevie.fr\/de\/tourisme-vendee\/plages-bretignolles-sur-mer\/\">\n\t\t\t\t\tAlles \u00fcber die Str\u00e4nde von Br\u00e9tignolles-sur-Mer\t\t\t\t<\/a>\n\t\t\t<\/div>\n\n\t\t<\/article>\n\t\t\t\t<article class=\"sevsitemap-entry\">\n\t\t\t\t\t\n\t\t\t<div class=\"title\">\n\t\t\t\t<a href=\"https:\/\/www.campingvaldevie.fr\/de\/tourisme-vendee\/ile-de-noirmoutier\/\">\n\t\t\t\t\tUrlaub in der Vend\u00e9e: Kurs auf die Insel Noirmoutier\t\t\t\t<\/a>\n\t\t\t<\/div>\n\n\t\t<\/article>\n\t\t\t\t<article class=\"sevsitemap-entry\">\n\t\t\t\t\t\n\t\t\t<div class=\"title\">\n\t\t\t\t<a href=\"https:\/\/www.campingvaldevie.fr\/de\/tourisme-vendee\/tourisme-apremont\/\">\n\t\t\t\t\tEin Besuch in Apremont, 5 Dinge, die Sie tun und sehen sollten\t\t\t\t<\/a>\n\t\t\t<\/div>\n\n\t\t<\/article>\n\t\t\t\t<article class=\"sevsitemap-entry\">\n\t\t\t\t\t\n\t\t\t<div class=\"title\">\n\t\t\t\t<a href=\"https:\/\/www.campingvaldevie.fr\/de\/tourisme-vendee\/tourisme-challans\/\">\n\t\t\t\t\tBesichtigung von Challans, Top 10 der besten Sehensw\u00fcrdigkeiten\t\t\t\t<\/a>\n\t\t\t<\/div>\n\n\t\t<\/article>\n\t\t\t\t<article class=\"sevsitemap-entry\">\n\t\t\t\t\t\n\t\t\t<div class=\"title\">\n\t\t\t\t<a href=\"https:\/\/www.campingvaldevie.fr\/de\/velo-rail-de-commequiers\/\">\n\t\t\t\t\tV\u00e9lo rail de Commequiers\t\t\t\t<\/a>\n\t\t\t<\/div>\n\n\t\t<\/article>\n\t\t\t\t<article class=\"sevsitemap-entry\">\n\t\t\t\t\t\n\t\t\t<div class=\"title\">\n\t\t\t\t<a href=\"https:\/\/www.campingvaldevie.fr\/de\/le-velo-rail-de-commequiers\/\">\n\t\t\t\t\tV\u00e9lo rail de Commequiers\t\t\t\t<\/a>\n\t\t\t<\/div>\n\n\t\t<\/article>\n\t\t\t\t<article class=\"sevsitemap-entry\">\n\t\t\t\t\t\n\t\t\t<div class=\"title\">\n\t\t\t\t<a href=\"https:\/\/www.campingvaldevie.fr\/de\/camping-proche-commequiers\/\">\n\t\t\t\t\tVal de Vie: Campingplatz in der N\u00e4he von Commequiers\t\t\t\t<\/a>\n\t\t\t<\/div>\n\n\t\t<\/article>\n\t\t\t\t<article class=\"sevsitemap-entry\">\n\t\t\t\t\t\n\t\t\t<div class=\"title\">\n\t\t\t\t<a href=\"https:\/\/www.campingvaldevie.fr\/de\/vendeeglobe\/\">\n\t\t\t\t\tVend\u00e9e Globe\t\t\t\t<\/a>\n\t\t\t<\/div>\n\n\t\t<\/article>\n\t\t\t\t<article class=\"sevsitemap-entry\">\n\t\t\t\t\t\n\t\t\t<div class=\"title\">\n\t\t\t\t<a href=\"https:\/\/www.campingvaldevie.fr\/de\/situation\/\">\n\t\t\t\t\tBesuche und Ausfl\u00fcge\t\t\t\t<\/a>\n\t\t\t<\/div>\n\n\t\t<\/article>\n\t\t\t\t<article class=\"sevsitemap-entry\">\n\t\t\t\t\t\n\t\t\t<div class=\"title\">\n\t\t\t\t<a href=\"https:\/\/www.campingvaldevie.fr\/de\/camping-apremont\/\">\n\t\t\t\t\tIhr Campingurlaub in der N\u00e4he von Apremont\t\t\t\t<\/a>\n\t\t\t<\/div>\n\n\t\t<\/article>\n\t\t\t\t<article class=\"sevsitemap-entry\">\n\t\t\t\t\t\n\t\t\t<div class=\"title\">\n\t\t\t\t<a href=\"https:\/\/www.campingvaldevie.fr\/de\/planete-sauvage-magical-world\/\">\n\t\t\t\t\tWild Planet\t\t\t\t<\/a>\n\t\t\t<\/div>\n\n\t\t<\/article>\n\t\t\t\t<article class=\"sevsitemap-entry\">\n\t\t\t\t\t\n\t\t\t<div class=\"title\">\n\t\t\t\t<a href=\"https:\/\/www.campingvaldevie.fr\/de\/wilde-planeet\/\">\n\t\t\t\t\tWilde Planeet\t\t\t\t<\/a>\n\t\t\t<\/div>\n\n\t\t<\/article>\n\t\t\t\t<article class=\"sevsitemap-entry\">\n\t\t\t\t\t\n\t\t\t<div class=\"title\">\n\t\t\t\t<a href=\"https:\/\/www.campingvaldevie.fr\/de\/wilder-planet\/\">\n\t\t\t\t\tWilder Planet\t\t\t\t<\/a>\n\t\t\t<\/div>\n\n\t\t<\/article>\n\t\t<h2>Nachrichten<\/h2>\t\t<article class=\"sevsitemap-entry\">\n\t\t\t\t\t\n\t\t\t<div class=\"title\">\n\t\t\t\t<time>15\/04\/2026<\/time> - \n\t\t\t\t<a href=\"https:\/\/www.campingvaldevie.fr\/de\/blog\/restaurants-bretignolles\/\">\n\t\t\t\t\tRestaurant Br\u00e9tignolles-sur-Mer: Die Top 10 Adressen zum Ausprobieren\t\t\t\t<\/a>\n\t\t\t<\/div>\n\n\t\t<\/article>\n\t\t<h2>Unterk\u00fcnfte<\/h2>\t\t<article class=\"sevsitemap-entry\">\n\t\t\t\n\t\t\t<div class=\"title\">\n\t\t\t\t<a href=\"https:\/\/www.campingvaldevie.fr\/de\/hebergement\/mobilhome-premium-33m2\/\">\n\t\t\t\t\tMobilheim Premium 33 m\u00b2- 2 Zimmer - 1 Badezimmer\t\t\t\t<\/a>\n\t\t\t<\/div>\n\n\t\t<\/article>\n\t\t\t\t<article class=\"sevsitemap-entry\">\n\t\t\t\n\t\t\t<div class=\"title\">\n\t\t\t\t<a href=\"https:\/\/www.campingvaldevie.fr\/de\/hebergement\/mobil-home-confort-35m%c2%b2-3-chambres-1-salle-de-bain-terrasse-semi-couverte\/\">\n\t\t\t\t\tMobilheim Komfort 35m\u00b2 - 3 Schlafzimmer - 1 Badezimmer - Halb\u00fcberdachte Terrasse\t\t\t\t<\/a>\n\t\t\t<\/div>\n\n\t\t<\/article>\n\t\t\t\t<article class=\"sevsitemap-entry\">\n\t\t\t\n\t\t\t<div class=\"title\">\n\t\t\t\t<a href=\"https:\/\/www.campingvaldevie.fr\/de\/hebergement\/mobilhome-confort-31m%c2%b2-2-chambres-4-personnes\/\">\n\t\t\t\t\tMobilheim Komfort+ 31m\u00b2 2 Zimmer 4 Personen\t\t\t\t<\/a>\n\t\t\t<\/div>\n\n\t\t<\/article>\n\t\t\t\t<article class=\"sevsitemap-entry\">\n\t\t\t\n\t\t\t<div class=\"title\">\n\t\t\t\t<a href=\"https:\/\/www.campingvaldevie.fr\/de\/hebergement\/mobilhome-31m%c2%b2-pmr-4-personnes\/\">\n\t\t\t\t\tMOBILHEIM 31M\u00b2 PMR 4 PERSONEN\t\t\t\t<\/a>\n\t\t\t<\/div>\n\n\t\t<\/article>\n\t\t\t\t<article class=\"sevsitemap-entry\">\n\t\t\t\n\t\t\t<div class=\"title\">\n\t\t\t\t<a href=\"https:\/\/www.campingvaldevie.fr\/de\/hebergement\/homeflower-premium-3-chambres-1-salle-de-bain-2\/\">\n\t\t\t\t\tHomeflower PREMIUM - 3 Schlafzimmer - 1 Badezimmer\t\t\t\t<\/a>\n\t\t\t<\/div>\n\n\t\t<\/article>\n\t\t\t\t<article class=\"sevsitemap-entry\">\n\t\t\t\n\t\t\t<div class=\"title\">\n\t\t\t\t<a href=\"https:\/\/www.campingvaldevie.fr\/de\/hebergement\/homeflower-premium-2-chambres-1-salle-de-bain\/\">\n\t\t\t\t\tHomeflower PREMIUM - 2 Schlafzimmer - 1 Badezimmer\t\t\t\t<\/a>\n\t\t\t<\/div>\n\n\t\t<\/article>\n\t\t\t\t<article class=\"sevsitemap-entry\">\n\t\t\t\n\t\t\t<div class=\"title\">\n\t\t\t\t<a href=\"https:\/\/www.campingvaldevie.fr\/de\/hebergement\/mobil-home-premium-3-chambres-1-salle-de-bain-avec-spa-6-personnes\/\">\n\t\t\t\t\tMobilheim Premium - 3 Schlafzimmer - 1 Badezimmer mit privatem SPA\t\t\t\t<\/a>\n\t\t\t<\/div>\n\n\t\t<\/article>\n\t\t\t\t<article class=\"sevsitemap-entry\">\n\t\t\t\n\t\t\t<div class=\"title\">\n\t\t\t\t<a href=\"https:\/\/www.campingvaldevie.fr\/de\/hebergement\/mobil-home-premium-2-chambres-1-salle-de-bain-avec-spa\/\">\n\t\t\t\t\tMobilheim Premium - 2 Schlafzimmer - 1 Badezimmer mit privatem SPA\t\t\t\t<\/a>\n\t\t\t<\/div>\n\n\t\t<\/article>\n\t\t\t\t<article class=\"sevsitemap-entry\">\n\t\t\t\n\t\t\t<div class=\"title\">\n\t\t\t\t<a href=\"https:\/\/www.campingvaldevie.fr\/de\/hebergement\/mobil-home-evasion-premium-3-chambres-2-salles-de-bains-avec-spa\/\">\n\t\t\t\t\tMobilheim Premium - 3 Schlafzimmer - 2 Badezimmer mit privatem SPA\t\t\t\t<\/a>\n\t\t\t<\/div>\n\n\t\t<\/article>\n\t\t\t\t<article class=\"sevsitemap-entry\">\n\t\t\t\n\t\t\t<div class=\"title\">\n\t\t\t\t<a href=\"https:\/\/www.campingvaldevie.fr\/de\/hebergement\/mobil-home-evasion-premium-2-chambres-2-salles-de-bains-avec-spa\/\">\n\t\t\t\t\tMobilheim Premium - 2 Schlafzimmer - 2 Badezimmer mit privatem SPA\t\t\t\t<\/a>\n\t\t\t<\/div>\n\n\t\t<\/article>\n\t\t\t\t<article class=\"sevsitemap-entry\">\n\t\t\t\n\t\t\t<div class=\"title\">\n\t\t\t\t<a href=\"https:\/\/www.campingvaldevie.fr\/de\/hebergement\/mobil-home-super-riviera-2-chambres-terrasse-semi-couverte\/\">\n\t\t\t\t\tMobilheim Confort 26m\u00b2 - 2 Schlafzimmer - 1 Badezimmer - \u00dcberdachte Terrasse\t\t\t\t<\/a>\n\t\t\t<\/div>\n\n\t\t<\/article>\n\t\t\t\t<article class=\"sevsitemap-entry\">\n\t\t\t\n\t\t\t<div class=\"title\">\n\t\t\t\t<a href=\"https:\/\/www.campingvaldevie.fr\/de\/hebergement\/tente-lodge-premium\/\">\n\t\t\t\t\tPremium Lodge-Zelt - 2 Schlafzimmer - 1 Badezimmer mit privatem SPA\t\t\t\t<\/a>\n\t\t\t<\/div>\n\n\t\t<\/article>\n\t\t\t\t<article class=\"sevsitemap-entry\">\n\t\t\t\n\t\t\t<div class=\"title\">\n\t\t\t\t<a href=\"https:\/\/www.campingvaldevie.fr\/de\/hebergement\/mobil-home-6-personnes-avec-terrasse-2016\/\">\n\t\t\t\t\tMobilheim Komfort 35m\u00b2 - 3 Schlafzimmer - 1 Badezimmer - Halb\u00fcberdachte Terrasse- LV\t\t\t\t<\/a>\n\t\t\t<\/div>\n\n\t\t<\/article>\n\t\t\t\t<article class=\"sevsitemap-entry\">\n\t\t\t\n\t\t\t<div class=\"title\">\n\t\t\t\t<a href=\"https:\/\/www.campingvaldevie.fr\/de\/hebergement\/mobilhome-46-personnes-avec-terrasse-de-10-ans\/\">\n\t\t\t\t\tMobilheim Komfort 32m\u00b2 - 2 Schlafzimmer - 1 Badezimmer - \u00dcberdachte Terrasse\t\t\t\t<\/a>\n\t\t\t<\/div>\n\n\t\t<\/article>\n\t\t\t\t<article class=\"sevsitemap-entry\">\n\t\t\t\n\t\t\t<div class=\"title\">\n\t\t\t\t<a href=\"https:\/\/www.campingvaldevie.fr\/de\/hebergement\/mobil-home-luxe-68-pers-avec-terrasse\/\">\n\t\t\t\t\tMobilheim Komfort 40m\u00b2 - 3 Schlafzimmer - 2 Badezimmer - \u00dcberdachte Terrasse\t\t\t\t<\/a>\n\t\t\t<\/div>\n\n\t\t<\/article>\n\t\t\t\t<article class=\"sevsitemap-entry\">\n\t\t\t\n\t\t\t<div class=\"title\">\n\t\t\t\t<a href=\"https:\/\/www.campingvaldevie.fr\/de\/hebergement\/chalet-samoa-6-8-pers-3-chambres\/\">\n\t\t\t\t\tChalet Confort 35m\u00b2 - 3 Zimmer - 1 Badezimmer - \u00dcberdachte Terrasse\t\t\t\t<\/a>\n\t\t\t<\/div>\n\n\t\t<\/article>\n\t\t\t\t<article class=\"sevsitemap-entry\">\n\t\t\t\n\t\t\t<div class=\"title\">\n\t\t\t\t<a href=\"https:\/\/www.campingvaldevie.fr\/de\/hebergement\/chalet-atlantis-5-pers-2-chambres\/\">\n\t\t\t\t\tChalet 30m\u00b2 Komfort - 2 Zimmer - 1 Badezimmer - \u00dcberdachte Terrasse\t\t\t\t<\/a>\n\t\t\t<\/div>\n\n\t\t<\/article>\n\t\t\t\t<article class=\"sevsitemap-entry\">\n\t\t\t\n\t\t\t<div class=\"title\">\n\t\t\t\t<a href=\"https:\/\/www.campingvaldevie.fr\/de\/hebergement\/mobil-home-4-6-pers-avec-terrasse\/\">\n\t\t\t\t\tMobilheim Standard 30m\u00b2 - 2 Schlafzimmer - 1 Badezimmer - Nicht \u00fcberdachte Terrasse\t\t\t\t<\/a>\n\t\t\t<\/div>\n\n\t\t<\/article>\n\t\t\t\t<article class=\"sevsitemap-entry\">\n\t\t\t\n\t\t\t<div class=\"title\">\n\t\t\t\t<a href=\"https:\/\/www.campingvaldevie.fr\/de\/hebergement\/mobil-home-4-pers-sans-sanitaire-avec-terrasse\/\">\n\t\t\t\t\tStandcaravan Standard 26m\u00b2 - 2 Schlafzimmer - Ohne Bad - Toilette - \u00dcberdachte Terrasse\t\t\t\t<\/a>\n\t\t\t<\/div>\n\n\t\t<\/article>\n\t\t<h2>Aktuelle Eintr\u00e4ge<\/h2>\t\t<article class=\"sevsitemap-entry\">\n\t\t\t\n\t\t\t<div class=\"title\">\n\t\t\t\t<a href=\"https:\/\/www.campingvaldevie.fr\/de\/editorial\/accueil-groupe-camping-peche-vendee\/\">\n\t\t\t\t\tGruppenunterkunft Camping Angeln Vend\u00e9e\t\t\t\t<\/a>\n\t\t\t<\/div>\n\n\t\t<\/article>\n\t\t\t\t<article class=\"sevsitemap-entry\">\n\t\t\t\n\t\t\t<div class=\"title\">\n\t\t\t\t<a href=\"https:\/\/www.campingvaldevie.fr\/de\/editorial\/accueil-groupe-randonnee-vendee\/\">\n\t\t\t\t\tStartseite Gruppenreise Wandern Vend\u00e9e\t\t\t\t<\/a>\n\t\t\t<\/div>\n\n\t\t<\/article>\n\t\t\t\t<article class=\"sevsitemap-entry\">\n\t\t\t\n\t\t\t<div class=\"title\">\n\t\t\t\t<a href=\"https:\/\/www.campingvaldevie.fr\/de\/editorial\/accueil-groupe-camping-avec-emplacement-vendee\/\">\n\t\t\t\t\tGruppenunterkunft Campingplatz mit Stellplatz Vend\u00e9e\t\t\t\t<\/a>\n\t\t\t<\/div>\n\n\t\t<\/article>\n\t\t\t\t<article class=\"sevsitemap-entry\">\n\t\t\t\n\t\t\t<div class=\"title\">\n\t\t\t\t<a href=\"https:\/\/www.campingvaldevie.fr\/de\/editorial\/19519\/\">\n\t\t\t\t\tHomeflower PREMIUM - 3 Schlafzimmer - 1 Badezimmer\t\t\t\t<\/a>\n\t\t\t<\/div>\n\n\t\t<\/article>\n\t\t\t\t<article class=\"sevsitemap-entry\">\n\t\t\t\n\t\t\t<div class=\"title\">\n\t\t\t\t<a href=\"https:\/\/www.campingvaldevie.fr\/de\/editorial\/petit-camping-club-enfant-vendee\/\">\n\t\t\t\t\tCampingplatz mit Kinderclub Vend\u00e9e\t\t\t\t<\/a>\n\t\t\t<\/div>\n\n\t\t<\/article>\n\t\t\t\t<article class=\"sevsitemap-entry\">\n\t\t\t\n\t\t\t<div class=\"title\">\n\t\t\t\t<a href=\"https:\/\/www.campingvaldevie.fr\/de\/editorial\/camping-tente-lodge-vendee\/\">\n\t\t\t\t\tCamping mit Lodge-Zelt in der Vend\u00e9e\t\t\t\t<\/a>\n\t\t\t<\/div>\n\n\t\t<\/article>\n\t\t\t\t<article class=\"sevsitemap-entry\">\n\t\t\t\n\t\t\t<div class=\"title\">\n\t\t\t\t<a href=\"https:\/\/www.campingvaldevie.fr\/de\/editorial\/camping-triathlon-saint-gilles-croix-de-vie\/\">\n\t\t\t\t\tCamping triathlon Saint Gilles Croix de Vie\t\t\t\t<\/a>\n\t\t\t<\/div>\n\n\t\t<\/article>\n\t\t\t\t<article class=\"sevsitemap-entry\">\n\t\t\t\n\t\t\t<div class=\"title\">\n\t\t\t\t<a href=\"https:\/\/www.campingvaldevie.fr\/de\/editorial\/accueil-groupe-sportif-challans\/\">\n\t\t\t\t\tStartseite Sportgruppen Challans\t\t\t\t<\/a>\n\t\t\t<\/div>\n\n\t\t<\/article>\n\t\t\t\t<article class=\"sevsitemap-entry\">\n\t\t\t\n\t\t\t<div class=\"title\">\n\t\t\t\t<a href=\"https:\/\/www.campingvaldevie.fr\/de\/editorial\/accueil-groupe-sportif-camping-vendee\/\">\n\t\t\t\t\tEmpfang von Sportgruppen auf dem Campingplatz Vend\u00e9e\t\t\t\t<\/a>\n\t\t\t<\/div>\n\n\t\t<\/article>\n\t\t\t\t<article class=\"sevsitemap-entry\">\n\t\t\t\n\t\t\t<div class=\"title\">\n\t\t\t\t<a href=\"https:\/\/www.campingvaldevie.fr\/de\/editorial\/hebergement-mariage-anniversaire-challans-aizenay\/\">\n\t\t\t\t\tUnterkunft Hochzeit oder Geburtstag Challans Aizenay\t\t\t\t<\/a>\n\t\t\t<\/div>\n\n\t\t<\/article>\n\t\t\t\t<article class=\"sevsitemap-entry\">\n\t\t\t\n\t\t\t<div class=\"title\">\n\t\t\t\t<a href=\"https:\/\/www.campingvaldevie.fr\/de\/editorial\/location-salle-vacances-vendee\/\">\n\t\t\t\t\tVermietung Ferienraum Vend\u00e9e\t\t\t\t<\/a>\n\t\t\t<\/div>\n\n\t\t<\/article>\n\t\t\t\t<article class=\"sevsitemap-entry\">\n\t\t\t\n\t\t\t<div class=\"title\">\n\t\t\t\t<a href=\"https:\/\/www.campingvaldevie.fr\/de\/editorial\/offres-dernieres-minutes-camping-calme-vendee\/\">\n\t\t\t\t\tLast-Minute-Angebote ruhiger Campingplatz Vend\u00e9e\t\t\t\t<\/a>\n\t\t\t<\/div>\n\n\t\t<\/article>\n\t\t\t\t<article class=\"sevsitemap-entry\">\n\t\t\t\n\t\t\t<div class=\"title\">\n\t\t\t\t<a href=\"https:\/\/www.campingvaldevie.fr\/de\/editorial\/camping-accueil-velo-en-vendee\/\">\n\t\t\t\t\tCamping fahrradfreundlich in der Vend\u00e9e\t\t\t\t<\/a>\n\t\t\t<\/div>\n\n\t\t<\/article>\n\t\t\t\t<article class=\"sevsitemap-entry\">\n\t\t\t\n\t\t\t<div class=\"title\">\n\t\t\t\t<a href=\"https:\/\/www.campingvaldevie.fr\/de\/editorial\/camping-randonnees-pedestres-vendee\/\">\n\t\t\t\t\tCampingplatz Wandern Vend\u00e9e\t\t\t\t<\/a>\n\t\t\t<\/div>\n\n\t\t<\/article>\n\t\t\t\t<article class=\"sevsitemap-entry\">\n\t\t\t\n\t\t\t<div class=\"title\">\n\t\t\t\t<a href=\"https:\/\/www.campingvaldevie.fr\/de\/editorial\/camping-proche-vendespace\/\">\n\t\t\t\t\tCampingplatz in der N\u00e4he von Vendespace\t\t\t\t<\/a>\n\t\t\t<\/div>\n\n\t\t<\/article>\n\t\t\t\t<article class=\"sevsitemap-entry\">\n\t\t\t\n\t\t\t<div class=\"title\">\n\t\t\t\t<a href=\"https:\/\/www.campingvaldevie.fr\/de\/editorial\/hebergement-groupe-vendespace\/\">\n\t\t\t\t\tGruppenunterkunft Vendespace\t\t\t\t<\/a>\n\t\t\t<\/div>\n\n\t\t<\/article>\n\t\t\t\t<article class=\"sevsitemap-entry\">\n\t\t\t\n\t\t\t<div class=\"title\">\n\t\t\t\t<a href=\"https:\/\/www.campingvaldevie.fr\/de\/editorial\/bon-plan-camping-proche-bretignolles-sur-mer\/\">\n\t\t\t\t\tG\u00fcnstiger Campingplatz in der N\u00e4he von Br\u00e9tignolles sur Mer\t\t\t\t<\/a>\n\t\t\t<\/div>\n\n\t\t<\/article>","protected":false},"excerpt":{"rendered":"","protected":false},"author":1,"featured_media":0,"parent":0,"menu_order":0,"comment_status":"open","ping_status":"closed","template":"","meta":{"_seopress_robots_primary_cat":"","_seopress_titles_title":"%%title%% %%page%%","_seopress_titles_desc":"","_seopress_robots_index":"","footnotes":""},"class_list":["post-7283","page","type-page","status-publish","hentry"],"_links":{"self":[{"href":"https:\/\/www.campingvaldevie.fr\/de\/wp-json\/wp\/v2\/pages\/7283","targetHints":{"allow":["GET"]}}],"collection":[{"href":"https:\/\/www.campingvaldevie.fr\/de\/wp-json\/wp\/v2\/pages"}],"about":[{"href":"https:\/\/www.campingvaldevie.fr\/de\/wp-json\/wp\/v2\/types\/page"}],"author":[{"embeddable":true,"href":"https:\/\/www.campingvaldevie.fr\/de\/wp-json\/wp\/v2\/users\/1"}],"replies":[{"embeddable":true,"href":"https:\/\/www.campingvaldevie.fr\/de\/wp-json\/wp\/v2\/comments?post=7283"}],"version-history":[{"count":2,"href":"https:\/\/www.campingvaldevie.fr\/de\/wp-json\/wp\/v2\/pages\/7283\/revisions"}],"predecessor-version":[{"id":15983,"href":"https:\/\/www.campingvaldevie.fr\/de\/wp-json\/wp\/v2\/pages\/7283\/revisions\/15983"}],"wp:attachment":[{"href":"https:\/\/www.campingvaldevie.fr\/de\/wp-json\/wp\/v2\/media?parent=7283"}],"curies":[{"name":"wp","href":"https:\/\/api.w.org\/{rel}","templated":true}]}}