{"id":75,"date":"2012-11-14T15:14:18","date_gmt":"2012-11-14T14:14:18","guid":{"rendered":"https:\/\/www.campingvaldevie.fr\/?page_id=75"},"modified":"2025-10-13T13:52:36","modified_gmt":"2025-10-13T11:52:36","slug":"standort-3","status":"publish","type":"page","link":"https:\/\/www.campingvaldevie.fr\/de\/emplacement-3\/","title":{"rendered":"Entdecken Sie unsere Campingpl\u00e4tze in der Vend\u00e9e"},"content":{"rendered":"<div class=\"wp-block-columns is-layout-flex wp-container-core-columns-is-layout-9d6595d7 wp-block-columns-is-layout-flex\">\n<div class=\"wp-block-column is-layout-flow wp-block-column-is-layout-flow\">\t\t<div id=\"sevdiaporama-133618600\" class=\"sev-diaporama-thumbs\">\n\n\t\t\t<div class=\"sev-diaporama-thumbs-full\">\n\t\t\t\t\t\t\t\t\n\t\t\t\t\t\n\t\t\t\t\t<img decoding=\"async\" id=\"sev_diaporama_thumbs_full_0\" class=\"active\" src=\"https:\/\/www.campingvaldevie.fr\/wp-content\/uploads\/2021\/09\/exterieur.png\" alt=\"\" longdesc=\"\" loading=\"lazy\">\n\n\t\t\t\t\t\t\t\t\t\n\t\t\t\t\t\n\t\t\t\t\t<img decoding=\"async\" id=\"sev_diaporama_thumbs_full_1\" class=\"\" src=\"https:\/\/www.campingvaldevie.fr\/wp-content\/uploads\/2018\/01\/DSC03068.jpg\" alt=\"Zeltpl\u00e4tze Campingplatz Val de Vie in der Vend\u00e9e\" longdesc=\"\" loading=\"lazy\">\n\n\t\t\t\t\t\t\t\t\t\n\t\t\t\t\t\n\t\t\t\t\t<img decoding=\"async\" id=\"sev_diaporama_thumbs_full_2\" class=\"\" src=\"https:\/\/www.campingvaldevie.fr\/wp-content\/uploads\/2018\/01\/DSC01742.jpg\" alt=\"baumbestandene Stellpl\u00e4tze des Campingplatzes Val de Vie in der Vend\u00e9e\" longdesc=\"\" loading=\"lazy\">\n\n\t\t\t\t\t\t\t\t\t\n\t\t\t\t\t\n\t\t\t\t\t<img decoding=\"async\" id=\"sev_diaporama_thumbs_full_3\" class=\"\" src=\"https:\/\/www.campingvaldevie.fr\/wp-content\/uploads\/2018\/01\/9.jpg\" alt=\"Blick auf die G\u00e4nge des Campingplatzes Val de Vie in der Vend\u00e9e\" longdesc=\"\" loading=\"lazy\">\n\n\t\t\t\t\t\t\t\t\t\n\t\t\t\t\t\n\t\t\t\t\t<img decoding=\"async\" id=\"sev_diaporama_thumbs_full_4\" class=\"\" src=\"https:\/\/www.campingvaldevie.fr\/wp-content\/uploads\/2018\/01\/Copie-de-DSC01384.jpg\" alt=\"Standort\" longdesc=\"\" loading=\"lazy\">\n\n\t\t\t\t\t\t\t\t\t\n\t\t\t\t\t\n\t\t\t\t\t<img decoding=\"async\" id=\"sev_diaporama_thumbs_full_5\" class=\"\" src=\"https:\/\/www.campingvaldevie.fr\/wp-content\/uploads\/2021\/11\/sanitaires-2.png\" alt=\"\" longdesc=\"\" loading=\"lazy\">\n\n\t\t\t\t\t\t\t\t\t\n\t\t\t\t\t\n\t\t\t\t\t<img decoding=\"async\" id=\"sev_diaporama_thumbs_full_6\" class=\"\" src=\"https:\/\/www.campingvaldevie.fr\/wp-content\/uploads\/2018\/01\/DSC01115.jpg\" alt=\"die nackten Stellpl\u00e4tze des Campingplatzes Val de Vie in der Vend\u00e9e\" longdesc=\"\" loading=\"lazy\">\n\n\t\t\t\t\t\t\t\t\t\n\t\t\t\t\t\n\t\t\t\t\t<img decoding=\"async\" id=\"sev_diaporama_thumbs_full_7\" class=\"\" src=\"https:\/\/www.campingvaldevie.fr\/wp-content\/uploads\/2021\/11\/emplacements.png\" alt=\"\" longdesc=\"\" loading=\"lazy\">\n\n\t\t\t\t\t\t\t\t\t\n\t\t\t\t\t\n\t\t\t\t\t<img decoding=\"async\" id=\"sev_diaporama_thumbs_full_8\" class=\"\" src=\"https:\/\/www.campingvaldevie.fr\/wp-content\/uploads\/2018\/01\/DSC01903.jpg\" alt=\"Wohnmobilstellplatz Campingplatz Val de Vie in der Vend\u00e9e\" longdesc=\"\" loading=\"lazy\">\n\n\t\t\t\t\t\t\t\t\t\n\t\t\t\t\t\n\t\t\t\t\t<img decoding=\"async\" id=\"sev_diaporama_thumbs_full_9\" class=\"\" src=\"https:\/\/www.campingvaldevie.fr\/wp-content\/uploads\/2018\/01\/DSC01999.jpg\" alt=\"Ansicht Standorte\" longdesc=\"\" loading=\"lazy\">\n\n\t\t\t\t\t\t\t\t\t\n\t\t\t\t\t\n\t\t\t\t\t<img decoding=\"async\" id=\"sev_diaporama_thumbs_full_10\" class=\"\" src=\"https:\/\/www.campingvaldevie.fr\/wp-content\/uploads\/2018\/01\/11.jpg\" alt=\"Wohnwagenpl\u00e4tze\" longdesc=\"\" loading=\"lazy\">\n\n\t\t\t\t\t\t\t\t\t\t\t\t<\/div>\n\n\t\t\t\t\t\t<div id=\"sevdiaporama-133618600-thumbs\" class=\"carousel slide sev-diaporama-thumbs-bottom\" data-interval=\"false\">\n\n\t\t\t\t<div class=\"carousel-inner\">\n\t\t\t\t\t\t\t\t\t\t\t\t\t\t\t\t\n\t\t\t\t\t\t\t\t\t\t\t\t<div class=\"carousel-item active\">\n\t\t\t\t\t\t\t<div class=\"carousel-item-container w-100 d-flex justify-content-between\">\n\t\t\t\t\t\t\n\t\t\t\t\t\t\t<img decoding=\"async\" class=\"d-block active\" src=\"https:\/\/www.campingvaldevie.fr\/wp-content\/uploads\/2021\/09\/exterieur-300x205.png\" alt=\"\" desc=\"\" loading=\"lazy\" data-target=\"0\">\n\n\t\t\t\t\t\t\n\t\t\t\t\t\t\n\t\t\t\t\t\t\t\t\t\t\t\n\t\t\t\t\t\t\n\t\t\t\t\t\t\t<img decoding=\"async\" class=\"d-block\" src=\"https:\/\/www.campingvaldevie.fr\/wp-content\/uploads\/2018\/01\/DSC03068-300x201.jpg\" alt=\"Zeltpl\u00e4tze Campingplatz Val de Vie in der Vend\u00e9e\" desc=\"\" loading=\"lazy\" data-target=\"1\">\n\n\t\t\t\t\t\t\n\t\t\t\t\t\t\n\t\t\t\t\t\t\t\t\t\t\t\n\t\t\t\t\t\t\n\t\t\t\t\t\t\t<img decoding=\"async\" class=\"d-block\" src=\"https:\/\/www.campingvaldevie.fr\/wp-content\/uploads\/2018\/01\/DSC01742-300x225.jpg\" alt=\"baumbestandene Stellpl\u00e4tze des Campingplatzes Val de Vie in der Vend\u00e9e\" desc=\"\" loading=\"lazy\" data-target=\"2\">\n\n\t\t\t\t\t\t\n\t\t\t\t\t\t\n\t\t\t\t\t\t\t\t\t\t\t\n\t\t\t\t\t\t\n\t\t\t\t\t\t\t<img decoding=\"async\" class=\"d-block\" src=\"https:\/\/www.campingvaldevie.fr\/wp-content\/uploads\/2018\/01\/9-300x152.jpg\" alt=\"Blick auf die G\u00e4nge des Campingplatzes Val de Vie in der Vend\u00e9e\" desc=\"\" loading=\"lazy\" data-target=\"3\">\n\n\t\t\t\t\t\t\n\t\t\t\t\t\t\t\t\t\t\t\t\t<\/div>\n\t\t\t\t\t\t<\/div>\n\t\t\t\t\t\t\n\t\t\t\t\t\t\t\t\t\t\t\n\t\t\t\t\t\t\t\t\t\t\t\t<div class=\"carousel-item\">\n\t\t\t\t\t\t\t<div class=\"carousel-item-container w-100 d-flex justify-content-between\">\n\t\t\t\t\t\t\n\t\t\t\t\t\t\t<img decoding=\"async\" class=\"d-block\" src=\"https:\/\/www.campingvaldevie.fr\/wp-content\/uploads\/2018\/01\/Copie-de-DSC01384-300x225.jpg\" alt=\"Standort\" desc=\"\" loading=\"lazy\" data-target=\"4\">\n\n\t\t\t\t\t\t\n\t\t\t\t\t\t\n\t\t\t\t\t\t\t\t\t\t\t\n\t\t\t\t\t\t\n\t\t\t\t\t\t\t<img decoding=\"async\" class=\"d-block\" src=\"https:\/\/www.campingvaldevie.fr\/wp-content\/uploads\/2021\/11\/sanitaires-2-300x129.png\" alt=\"\" desc=\"\" loading=\"lazy\" data-target=\"5\">\n\n\t\t\t\t\t\t\n\t\t\t\t\t\t\n\t\t\t\t\t\t\t\t\t\t\t\n\t\t\t\t\t\t\n\t\t\t\t\t\t\t<img decoding=\"async\" class=\"d-block\" src=\"https:\/\/www.campingvaldevie.fr\/wp-content\/uploads\/2018\/01\/DSC01115-300x225.jpg\" alt=\"die nackten Stellpl\u00e4tze des Campingplatzes Val de Vie in der Vend\u00e9e\" desc=\"\" loading=\"lazy\" data-target=\"6\">\n\n\t\t\t\t\t\t\n\t\t\t\t\t\t\n\t\t\t\t\t\t\t\t\t\t\t\n\t\t\t\t\t\t\n\t\t\t\t\t\t\t<img decoding=\"async\" class=\"d-block\" src=\"https:\/\/www.campingvaldevie.fr\/wp-content\/uploads\/2021\/11\/emplacements-300x86.png\" alt=\"\" desc=\"\" loading=\"lazy\" data-target=\"7\">\n\n\t\t\t\t\t\t\n\t\t\t\t\t\t\t\t\t\t\t\t\t<\/div>\n\t\t\t\t\t\t<\/div>\n\t\t\t\t\t\t\n\t\t\t\t\t\t\t\t\t\t\t\n\t\t\t\t\t\t\t\t\t\t\t\t<div class=\"carousel-item\">\n\t\t\t\t\t\t\t<div class=\"carousel-item-container w-100 d-flex justify-content-between\">\n\t\t\t\t\t\t\n\t\t\t\t\t\t\t<img decoding=\"async\" class=\"d-block\" src=\"https:\/\/www.campingvaldevie.fr\/wp-content\/uploads\/2018\/01\/DSC01903-300x225.jpg\" alt=\"Wohnmobilstellplatz Campingplatz Val de Vie in der Vend\u00e9e\" desc=\"\" loading=\"lazy\" data-target=\"8\">\n\n\t\t\t\t\t\t\n\t\t\t\t\t\t\n\t\t\t\t\t\t\t\t\t\t\t\n\t\t\t\t\t\t\n\t\t\t\t\t\t\t<img decoding=\"async\" class=\"d-block\" src=\"https:\/\/www.campingvaldevie.fr\/wp-content\/uploads\/2018\/01\/DSC01999-300x225.jpg\" alt=\"Ansicht Standorte\" desc=\"\" loading=\"lazy\" data-target=\"9\">\n\n\t\t\t\t\t\t\n\t\t\t\t\t\t\n\t\t\t\t\t\t\t\t\t\t\t\n\t\t\t\t\t\t\n\t\t\t\t\t\t\t<img decoding=\"async\" class=\"d-block\" src=\"https:\/\/www.campingvaldevie.fr\/wp-content\/uploads\/2018\/01\/11-300x152.jpg\" alt=\"Wohnwagenpl\u00e4tze\" desc=\"\" loading=\"lazy\" data-target=\"10\">\n\n\t\t\t\t\t\t\n\t\t\t\t\t\t\t\t\t\t\t\t\t<\/div>\n\t\t\t\t\t\t<\/div>\n\t\t\t\t\t\t\n\t\t\t\t\t\t\t\t\t<\/div>\n\n\t\t\t\t<a class=\"carousel-control-prev\" href=\"#sevdiaporama-133618600-thumbs\" role=\"button\" data-slide=\"prev\">\n\t\t\t\t\t<span class=\"carousel-control-prev-icon\" aria-hidden=\"true\"><\/span>\n\t\t\t\t\t<span class=\"sr-only\">Vorherige<\/span>\n\t\t\t\t<\/a>\n\t\t\t\t<a class=\"carousel-control-next\" href=\"#sevdiaporama-133618600-thumbs\" role=\"button\" data-slide=\"next\">\n\t\t\t\t\t<span class=\"carousel-control-next-icon\" aria-hidden=\"true\"><\/span>\n\t\t\t\t\t<span class=\"sr-only\">Weiter zu<\/span>\n\t\t\t\t<\/a>\n\t\t\t<\/div>\n\t\t<\/div>\n\t\t\n<\/div>\n\n\n\n<div class=\"wp-block-column is-vertically-aligned-center is-layout-flow wp-block-column-is-layout-flow\">\n<p>Wir bieten Ihnen verschiedene Pauschalen auf unseren Stellpl\u00e4tzen an, vom 4. April bis zum 28. September 2025f\u00fcr den Aufenthalt auf unserem 4-Sterne-Campingplatz im Herzen der Natur der Vend\u00e9e, gelegen in <strong>20 Minuten von den Str\u00e4nden entfernt.<\/strong><\/p>\n\n\n\n<p><a rel=\"noreferrer noopener\" href=\"https:\/\/my.web-visite.com\/F1jfoEHbxt\/33698296p&amp;159.23h&amp;46.35t\" target=\"_blank\"><strong>Klicken Sie HIER<\/strong><\/a> f\u00fcr eine Luftaufnahme der Standorte<\/p>\n\n\n\n<p><strong>Pauschale Komfort <em>:<\/em> <\/strong>Stellplatz mit Strom 10A \/ 2 Personen \/ 1 Fahrzeug \/ 1 Zelt, Wohnwagen oder Wohnmobil.<\/p>\n\n\n\n<p><\/p>\n\n\n\n<p><strong>Premium-Paket Freecamp Guinguette : <\/strong>150m\u00b2 gro\u00dfer Stellplatz, ausgestattet mit einer H\u00fctte mit K\u00fcche, Badezimmer und eigenem WC. <\/p>\n\n\n\n<p><strong>Pauschale Etape Randonneur : <\/strong>1 Person zu Fu\u00df oder mit dem Fahrrad \/ 1 Zelt ohne Strom. Ankunft nach 18 Uhr und Abreise vor 10 Uhr.<\/p>\n\n\n\n<p><strong>Pauschale Etape camping-car :<\/strong> 2 Personen im Wohnmobil mit Strom. Ankunft nach 18 Uhr und Abreise vor 10 Uhr.<\/p>\n\n\n\n<p><\/p>\n\n\n\n<p>Europ\u00e4ische Steckdosen k\u00f6nnen an der Rezeption des Campingplatzes gemietet werden.<\/p>\n<\/div>\n<\/div>\n\n\n\n<div style=\"height:40px\" aria-hidden=\"true\" class=\"wp-block-spacer\"><\/div>\n\n\n\n<h2 class=\"wp-block-heading\">Entdecken Sie unsere verschiedenen Formeln Stellpl\u00e4tze<\/h2>\n\n\n\n<h2 class=\"wp-block-heading\" id=\"emplpremium\">PREMIUMSTANDORT<\/h2>\n\n\n\n<ctv-product data-product-id=\"84864\"><\/ctv-product>\n\n\n\n<h2 class=\"wp-block-heading\" id=\"emplforfait\">STELLPLATZ PAUSCHALE<\/h2>\n\n\n\n<ctv-product data-product-id=\"84862\"><\/ctv-product>\n\n\n\n<ctv-product data-product-id=\"88334\"><\/ctv-product>\n\n\n\n<ctv-product data-product-id=\"90144\"><\/ctv-product>\n\n\n\n<ctv-product data-product-id=\"84866\"><\/ctv-product>\n\n\n\n<ctv-product data-product-id=\"104454\"><\/ctv-product>\n\n\n\n<h2 class=\"wp-block-heading\" id=\"emplsanitaire\">SANIT\u00c4RSTANDORT<\/h2>\n\n\n\n<ctv-product data-product-id=\"109460 \"><\/ctv-product>\n\n\n\n<p><\/p>\n\n\n\n<div class=\"wp-block-media-text alignwide is-stacked-on-mobile is-image-fill-element\"><figure class=\"wp-block-media-text__media\"><img loading=\"lazy\" decoding=\"async\" width=\"700\" height=\"466\" src=\"https:\/\/www.campingvaldevie.fr\/wp-content\/uploads\/2019\/11\/emplacement-camping-taille-humaine-vendee.jpg\" alt=\"\u00fcberschaubarer Campingplatz in der Vend\u00e9e\" class=\"wp-image-5694 size-full\" style=\"object-position:90% 54%\" srcset=\"https:\/\/www.campingvaldevie.fr\/wp-content\/uploads\/2019\/11\/emplacement-camping-taille-humaine-vendee.jpg 700w, https:\/\/www.campingvaldevie.fr\/wp-content\/uploads\/2019\/11\/emplacement-camping-taille-humaine-vendee-300x200.jpg 300w\" sizes=\"auto, (max-width: 700px) 100vw, 700px\" \/><\/figure><div class=\"wp-block-media-text__content\">\n<h2 class=\"wp-block-heading\">Ein Campingplatz mit ger\u00e4umigen Stellpl\u00e4tzen<\/h2>\n\n\n\n<p>Die <a href=\"https:\/\/www.campingvaldevie.fr\/de\/\">camping du Val de Vie im Herzen der Vend\u00e9e<\/a> im Herzen der Vend\u00e9e ist ein <strong>ruhige und famili\u00e4re Einrichtung<\/strong>Das Haus liegt in einer gr\u00fcnen Oase, nur wenige Schritte von dem <strong>Apremont-See<\/strong>. Ein ger\u00e4umiges Grundst\u00fcck, das perfekt gepflegt ist und \u00fcber einen Sanit\u00e4rbereich verf\u00fcgt. Hier haben Sie Platz f\u00fcr Ihren <strong>Zelt<\/strong>Ihr <strong>Wohnmobil<\/strong> oder Ihr <strong>Wohnwagen <\/strong>und sch\u00f6ne N\u00e4chte unter dem Sternenhimmel verbringen.<\/p>\n\n\n\n<p>Hecken trennen jeden <strong>Standort<\/strong>So k\u00f6nnen Sie Ihre <strong>Privatsph\u00e4re<\/strong> w\u00e4hrend Ihres gesamten Aufenthalts. Genie\u00dfen Sie von<strong>schattige Stellpl\u00e4tze<\/strong> die sich in einer gesch\u00fctzten nat\u00fcrlichen Umgebung befinden. Hier sind der Respekt und die Ruhe jedes Einzelnen von gr\u00f6\u00dfter Bedeutung, damit Ihr <strong>Aufenthalt<\/strong> l\u00e4uft gut. Innerhalb dieses <strong>campingplatz mit stellplatz in der Vend\u00e9e<\/strong>Sie haben uneingeschr\u00e4nkten Zugang zu den sanit\u00e4ren Einrichtungen. Die Besitzer legen gro\u00dfen Wert darauf, dass diese immer sauber sind!<\/p>\n\n\n\n<p>Also ja, verlieren Sie keine Zeit mehr und buchen Sie schon jetzt die Anmietung Ihres <strong>Zeltplatz auf diesem Campingplatz in der Vend\u00e9e<\/strong>. Sie werden diesen kleinen Campingplatz lieben! Sie k\u00f6nnen sich auf ein Team verlassen, das sich um Sie k\u00fcmmert. Wenn Sie lieber in einem Mobilheim schlafen m\u00f6chten, entdecken Sie unsere <a href=\"\/de\/unterkunfte\/\">vermietung von Mobilheimen in der Vend\u00e9e<\/a> !<\/p>\n<\/div><\/div>\n\n\n\n<div style=\"height:40px\" aria-hidden=\"true\" class=\"wp-block-spacer\"><\/div>\n\n\n\n<div class=\"wp-block-media-text alignwide has-media-on-the-right is-stacked-on-mobile is-image-fill-element\"><div class=\"wp-block-media-text__content\">\n<h2 class=\"wp-block-heading\">Campingpl\u00e4tze in der Vend\u00e9e inmitten der Natur<\/h2>\n\n\n\n<p>Die <strong>Val de Vie<\/strong> geh\u00f6rt zu den Campingpl\u00e4tzen in Frankreich, die inmitten einer unber\u00fchrten Natur liegen. Weit entfernt von den gro\u00dfen Badeorten befinden Sie sich im <strong>Ruhe<\/strong> und <strong>so nah wie m\u00f6glich an der Umwelt<\/strong> durch das Mieten eines <strong>Standort<\/strong> hier. Ja, die Einrichtung verf\u00fcgt nicht nur \u00fcber eine ideale Lage, sondern ist auch Teil einer <strong>\u00f6kologischer Ansatz<\/strong> das ganze Jahr \u00fcber. Entdecken Sie also dieses kleine St\u00fcck Paradies, das Ihnen einen au\u00dfergew\u00f6hnlichen Urlaub bescheren wird.<\/p>\n\n\n\n<p>Wenn Sie in das Herz der Vend\u00e9e eintauchen, k\u00f6nnen Sie sicher sein, dass Ihnen die Augen \u00fcbergehen. Postkartenkulisse, Landschaften, die ebenso erhaben wie vielf\u00e4ltig sind, <strong>Meer<\/strong> und <strong>Kampagne<\/strong>Hier gibt es f\u00fcr jeden Geschmack etwas. Egal, welche Art von Urlaub Sie erleben m\u00f6chten, hier finden Sie bestimmt, was Sie suchen. Jetzt m\u00fcssen Sie nur noch die richtige Unterkunft f\u00fcr Ihren Urlaub finden. <strong>campingplatz in Vend\u00e9e<\/strong> in diesem <a href=\"https:\/\/www.campingvaldevie.fr\/de\/camping-nature-vendee\/\">naturcamping in der Vend\u00e9e<\/a>.<\/p>\n\n\n\n<p>Vor Ort k\u00f6nnen Sie sich in der Bar mit Fl\u00fcssigkeit versorgen und die Gelegenheit nutzen, um sich mit einem der in der Snackbar angebotenen Produkte zu st\u00e4rken. W\u00e4hrend Sie an Ihrem Cocktail nippen, haben Sie einen atemberaubenden Blick auf die Kuppel der <a href=\"https:\/\/www.campingvaldevie.fr\/de\/der-pool\/\">Hallenbad des Campingplatzes in der Vend\u00e9e<\/a>. Hier werden Sie magische und unvergessliche Momente miteinander teilen. Der Pool wird schnell zu einem Ihrer Lieblingsorte zwischen zwei Spazierg\u00e4ngen werden!<\/p>\n<\/div><figure class=\"wp-block-media-text__media\"><img loading=\"lazy\" decoding=\"async\" width=\"640\" height=\"480\" src=\"https:\/\/www.campingvaldevie.fr\/wp-content\/uploads\/2022\/05\/IMG_8242.jpg\" alt=\"Wohnmobil Vend\u00e9e\" class=\"wp-image-17201 size-full\" style=\"object-position:55% 48%\" srcset=\"https:\/\/www.campingvaldevie.fr\/wp-content\/uploads\/2022\/05\/IMG_8242.jpg 640w, https:\/\/www.campingvaldevie.fr\/wp-content\/uploads\/2022\/05\/IMG_8242-300x225.jpg 300w\" sizes=\"auto, (max-width: 640px) 100vw, 640px\" \/><\/figure><\/div>\n\n\n\n<div style=\"height:40px\" aria-hidden=\"true\" class=\"wp-block-spacer\"><\/div>\n\n\n\n<div class=\"wp-block-media-text alignwide is-stacked-on-mobile is-image-fill-element\"><figure class=\"wp-block-media-text__media\"><img loading=\"lazy\" decoding=\"async\" width=\"477\" height=\"1024\" src=\"https:\/\/www.campingvaldevie.fr\/wp-content\/uploads\/2022\/11\/vendee-477x1024.jpg\" alt=\"campingplatz vendee\" class=\"wp-image-20079 size-full\" style=\"object-position:50% 50%\" srcset=\"https:\/\/www.campingvaldevie.fr\/wp-content\/uploads\/2022\/11\/vendee-477x1024.jpg 477w, https:\/\/www.campingvaldevie.fr\/wp-content\/uploads\/2022\/11\/vendee-140x300.jpg 140w, https:\/\/www.campingvaldevie.fr\/wp-content\/uploads\/2022\/11\/vendee.jpg 596w\" sizes=\"auto, (max-width: 477px) 100vw, 477px\" \/><\/figure><div class=\"wp-block-media-text__content\">\n<h2 class=\"wp-block-heading\">Die unumg\u00e4nglichen Sehensw\u00fcrdigkeiten der Vend\u00e9e w\u00e4hrend eines Urlaubs auf einem Campingplatz<\/h2>\n\n\n\n<p>Die <strong>Vend\u00e9e ist ein wundersch\u00f6nes Departement in Frankreich<\/strong> die voller interessanter Sehensw\u00fcrdigkeiten und Attraktionen steckt. Zwischen Sandstr\u00e4nden, malerischen D\u00f6rfern und historischen Denkm\u00e4lern finden Sie bestimmt etwas, das Sie sich ansehen oder besichtigen k\u00f6nnen. Hier sind einige der Orte, die Sie w\u00e4hrend Ihrer <strong>Ferien <\/strong>in einem <strong>campingplatz in Vend\u00e9e <\/strong>in den Pays de la Loire :<\/p>\n\n\n\n<ul class=\"wp-block-list\">\n<li><strong>Saint Gilles Croix de Vie<\/strong> Dieser Badeort ist wegen seiner langen Sandstr\u00e4nde beliebt. Er verf\u00fcgt au\u00dferdem \u00fcber zahlreiche Gesch\u00e4fte, Restaurants und Unterhaltungsm\u00f6glichkeiten. Der <strong><a href=\"\/de\/tourismus-vendee\/saint-gilles-croix-de-vie\/\" data-type=\"URL\">der Campingplatz liegt in der N\u00e4he von Saint Gilles Croix de vie<\/a><\/strong>Sie k\u00f6nnen die Stadt also problemlos besuchen.<\/li>\n\n\n\n<li>Die <strong>Sables d'Olonne<\/strong> : Les Sables d'Olonne liegt an der K\u00fcste der Vend\u00e9e und verf\u00fcgt \u00fcber zahlreiche Attraktionen wie einen Yachthafen und Str\u00e4nde, die f\u00fcr alle zug\u00e4nglich sind. Nutzen Sie das breite Angebot an Aktivit\u00e4ten, angefangen beim Besuch eines Aquariums bis hin zur Erkundung der nahegelegenen Inseln!<\/li>\n\n\n\n<li><strong>Saint Hilaire de Riez<\/strong> : Diese Stadt am Meer beherbergt zahlreiche Str\u00e4nde und Sandd\u00fcnen. Verbringen Sie den Tag damit, sich zu sonnen oder am Strand entlang zu wandern. Vergessen Sie aber nicht, die \u00f6rtlichen Restaurants, Bars und Gesch\u00e4fte zu entdecken!<\/li>\n\n\n\n<li>Die <strong>Puy du Fou<\/strong> : Le Puy du Fou ist ein historischer Themenpark mit lebendigen Shows und t\u00e4glichen Attraktionen. Sehen Sie sich die gro\u00dfe Show an, fahren Sie auf einem Panzer oder spazieren Sie durch das mittelalterliche Dorf von <strong>Vend\u00e9e bekannteste der Pays de la Loire<\/strong> !<\/li>\n\n\n\n<li><strong>Saint Jean de Monts<\/strong> : Saint Jean de Monts liegt im Herzen der Vend\u00e9e und hat f\u00fcr Besucher viele Attraktionen zu bieten. Mit ihren trendigen Restaurants und Gesch\u00e4ften sowie ihrer einzigartigen Architektur wird diese Stadt garantiert jedem gefallen. Au\u00dferdem befinden Sie sich in der N\u00e4he einiger der <strong>sch\u00f6nsten Str\u00e4nde der Vend\u00e9e<\/strong> !<\/li>\n<\/ul>\n\n\n\n<p>Wenn Sie eine bestimmte Information \u00fcber einen Besuch, einen Ort, eine Attraktion oder eine andere Information w\u00fcnschen, gibt Ihnen unser Team gerne Auskunft. <strong>beste Adressen<\/strong> ; n\u00e4hern Sie sich der Rezeption unseres <a href=\"https:\/\/www.campingvaldevie.fr\/de\/camping-beaulieu-sous-la-roche\/\">Campingplatz in der N\u00e4he von Beaulieu sous la roche<\/a>.<\/p>\n<\/div><\/div>\n\n\n\n<p><\/p>","protected":false},"excerpt":{"rendered":"<p>Wir empfangen Sie auf ger\u00e4umigen, abgegrenzten und schattigen oder halbschattigen Stellpl\u00e4tzen...<\/p>","protected":false},"author":1,"featured_media":0,"parent":0,"menu_order":0,"comment_status":"open","ping_status":"closed","template":"","meta":{"_seopress_robots_primary_cat":"","_seopress_titles_title":"Emplacement de camping en Vend\u00e9e \u00e0 Mach\u00e9 (85) - Camping Val de Vie","_seopress_titles_desc":"Location d'emplacement de camping pour tente caravane et camping-car en Vend\u00e9e dans un cadre familial et nature.","_seopress_robots_index":"","footnotes":""},"class_list":["post-75","page","type-page","status-publish","hentry"],"_links":{"self":[{"href":"https:\/\/www.campingvaldevie.fr\/de\/wp-json\/wp\/v2\/pages\/75","targetHints":{"allow":["GET"]}}],"collection":[{"href":"https:\/\/www.campingvaldevie.fr\/de\/wp-json\/wp\/v2\/pages"}],"about":[{"href":"https:\/\/www.campingvaldevie.fr\/de\/wp-json\/wp\/v2\/types\/page"}],"author":[{"embeddable":true,"href":"https:\/\/www.campingvaldevie.fr\/de\/wp-json\/wp\/v2\/users\/1"}],"replies":[{"embeddable":true,"href":"https:\/\/www.campingvaldevie.fr\/de\/wp-json\/wp\/v2\/comments?post=75"}],"version-history":[{"count":26,"href":"https:\/\/www.campingvaldevie.fr\/de\/wp-json\/wp\/v2\/pages\/75\/revisions"}],"predecessor-version":[{"id":26625,"href":"https:\/\/www.campingvaldevie.fr\/de\/wp-json\/wp\/v2\/pages\/75\/revisions\/26625"}],"wp:attachment":[{"href":"https:\/\/www.campingvaldevie.fr\/de\/wp-json\/wp\/v2\/media?parent=75"}],"curies":[{"name":"wp","href":"https:\/\/api.w.org\/{rel}","templated":true}]}}