{"id":15950,"date":"2022-05-09T09:58:26","date_gmt":"2022-05-09T07:58:26","guid":{"rendered":"https:\/\/www.campingvaldevie.fr\/velo-rail-de-commequiers\/"},"modified":"2022-05-09T09:58:31","modified_gmt":"2022-05-09T07:58:31","slug":"velo-rail-de-commequiers","status":"publish","type":"page","link":"https:\/\/www.campingvaldevie.fr\/en\/velo-rail-de-commequiers\/","title":{"rendered":"V\u00e9lo rail de Commequiers"},"content":{"rendered":"<div class=\"wp-block-columns is-layout-flex wp-container-core-columns-is-layout-9d6595d7 wp-block-columns-is-layout-flex\">\n<div class=\"wp-block-column is-layout-flow wp-block-column-is-layout-flow\">\n<p>Der Bahnhof f\u00fcr das Schienenfahrrad befindet sich in Commequiers. Der urspr\u00fcngliche Bahnhof wurde um 1890 gebaut, um einen Bahnhof im SNCF-Stil aus Ziegelsteinen zu errichten. Sie lag an der Kreuzung der Reiseziele Co\u00ebx - La Roche sur Yon, der K\u00fcste von Notre Dame de Riez, Saint Gilles Croix de vie und Challans.  <\/p>\n\n\n\n<p>Sp\u00e4ter machte der starke Verkehr mit den Z\u00fcgen, die D\u00fcnger, Getreide, Baumaterial, Kohle und vor allem Vieh transportierten, die Einrichtung eines Hotels in einem 1895 erbauten Haus erforderlich. Das neue Hotel gegen\u00fcber dem Bahnhof wurde \"Hotel du chemin de fer\" (Eisenbahnhotel) genannt. Im selben Jahr wurde das Bahnhofsrestaurant gegr\u00fcndet.<\/p>\n\n\n\n<p>Die Strecke wurde 1940 geschlossen und w\u00e4hrend der Besatzungszeit bis 1970 wieder in Betrieb genommen. Erneut abgeschafft, wurde sie 1982 wieder er\u00f6ffnet. Derzeit ist die Strecke in Richtung La Roche sur Yon geschlossen. Nur <strong>ein Abschnitt der alten Strecke zwischen Commequiers und Co\u00ebx<\/strong> ist erhalten geblieben und wird nun von den Draisinen der V\u00e9lo rail f\u00fcr touristische Zwecke genutzt.<\/p>\n\n\n\n<h2 class=\"wp-block-heading\" id=\"venez-vivre-un-moment-inoubliable-pres-du-camping\">Erleben Sie eine unvergessliche Zeit in der N\u00e4he des Campingplatzes<\/h2>\n\n\n\n<p>Today, the V\u00e9lo rail has moved into a new railway station, since the old building was previously used as a family home. Es ist ein Ort, an dem sich Reisende begegnen: Die einen kaufen ihre Fahrkarte am Schalter, die anderen kommen von einer originellen Fahrt zur\u00fcck.<\/p>\n\n\n\n<p>Mit der Draisine k\u00f6nnen Sie sich auf der Eisenbahnstrecke fortbewegen. Mit diesem Fahrzeug k\u00f6nnen Sie die Inspektion von Eisenbahnstrecken durchf\u00fchren, indem Sie die Techniker und das f\u00fcr die Wartung erforderliche Material transportieren. Diese Draisinen nutzen verschiedene Formen von Energie: Muskelkraft (Arme oder Beine) oder Dampf- oder Dieselkraft.<\/p>\n<\/div>\n\n\n\n<div class=\"wp-block-column is-layout-flow wp-block-column-is-layout-flow\">\n<p>Heute setzt die Fahrradschiene von Commequiers <strong>20 Cyclo-Draisinen<\/strong> ein. They use the muscle power of two cars. Sie bef\u00f6rdern 2 bis 4 Personen oder sogar 5 Personen, darunter ein Kindter unter 12 Jahren.<\/p>\n\n\n\n<h2 class=\"wp-block-heading\" id=\"embarquez-dans-ce-vehicule-atypique\">Steigen Sie in dieses atypische Fahrzeug ein!<\/h2>\n\n\n\n<p>Auf dieser Strecke k\u00f6nnen Sie den Charme der gr\u00fcnen K\u00fcste und die typischen Wohnh\u00e4user der Basse Bocage entdecken und genie\u00dfen. Die Strecke erhebt sich von Commequiers \u00fcber Saint Maixent sur Vie, um ihr Abenteuer in der kleinen Gemeinde Co\u00ebx zu beenden. Es ist vor allem sehr gesellig, eine gute Stimmung entlang der gesamten Strecke. Die V\u00e9lo rail garantiert Ihnen <strong>eine originelle und gesellige Fahrt<\/strong>die Sie mit Freunden oder der Familie teilen k\u00f6nnen!!!<\/p>\n\n\n\n<p>Sie \u00fcberqueren das Viadukt \u00fcber den Fluss Vie, das aus W\u00e4llen mit Nieten besteht, wie das Eiffel-Prinzip. Ein Ort, an dem sich das rhythmische Ger\u00e4usch des Schienenfahrrads auf den Bahngleisen mit dem Schlummer dieses so von Ruhe gepr\u00e4gten Ortes vermischt.<\/p>\n\n\n\n<p>Der \" Vie \" ist ein Fluss in der Vend\u00e9e, der die S\u00fcmpfe bedient. It has 13 kilometres of water. Der Ursprung seines Namens stammt aus dem 11. Jahrhundert, \"Via\", das vielleicht von \"Vigia\", feucht, abstammt. Sie ist bev\u00f6lkert von Wei\u00dffischen (Ablettes und Rotaugen) und Raubfischen (Hecht, Karpfen, Barsch...).<\/p>\n\n\n\n<p>Please note <strong>9.8 Kilometres<\/strong> auf der Bahnstrecke zur\u00fcckgelegt haben, erreichen Sie die Gemeinde Co\u00ebx. Mithilfe der Drehscheibe drehen Sie Ihre Draisine um und beginnen mit dem R\u00fcckweg.<\/p>\n\n\n\n<p>Weitere Informationen: <a href=\"http:\/\/www.velorail-vendee.fr\" target=\"_blank\" rel=\"noreferrer noopener\">www.velorail-vendee.fr<\/a><\/p>\n<\/div>\n<\/div>\n\n<h2 class=\"wp-block-heading\">Fotogalerie<\/h2>\n\t\t\t<div id=\"sevgallery-1675488770\" class=\"sev-diaporama sev-diaporama-portfolio\">\n\t\t\t<div class=\"row\">\n\n\t\t\t\n\t\t\t\t\n\t\t\t\t<div class=\"sev-diaporama-portfolio-item col-12 col-sm  col-shrink\">\n\t\t\t\t\t<a href=\"https:\/\/www.campingvaldevie.fr\/wp-content\/uploads\/2022\/02\/velo-rail-commequiers-arrivee-en-gare-IMG_1397.jpg\" data-lightbox=\"sevgallery-1675488770\" style=\"background-image: url(https:\/\/www.campingvaldevie.fr\/wp-content\/uploads\/2022\/02\/velo-rail-commequiers-arrivee-en-gare-IMG_1397.jpg)\">\n\t\t\t\t\t\t<img decoding=\"async\" src=\"https:\/\/www.campingvaldevie.fr\/wp-content\/uploads\/2022\/02\/velo-rail-commequiers-arrivee-en-gare-IMG_1397.jpg\" alt=\"velo rail de commequiers\" loading=\"lazy\">\n\t\t\t\t\t<\/a>\n\t\t\t\t<\/div>\n\n\t\t\t\t\n\t\t\t\t\t\t\t\t\t\t\t\n\t\t\t\t\n\t\t\t\t<div class=\"sev-diaporama-portfolio-item col-12 col-sm  col-grow\">\n\t\t\t\t\t<a href=\"https:\/\/www.campingvaldevie.fr\/wp-content\/uploads\/2022\/02\/velo-rail-commequiers-IMG_1406.jpg\" data-lightbox=\"sevgallery-1675488770\" style=\"background-image: url(https:\/\/www.campingvaldevie.fr\/wp-content\/uploads\/2022\/02\/velo-rail-commequiers-IMG_1406.jpg)\">\n\t\t\t\t\t\t<img decoding=\"async\" src=\"https:\/\/www.campingvaldevie.fr\/wp-content\/uploads\/2022\/02\/velo-rail-commequiers-IMG_1406.jpg\" alt=\"velo rail near the campsite\" loading=\"lazy\">\n\t\t\t\t\t<\/a>\n\t\t\t\t<\/div>\n\n\t\t\t\t\n\t\t\t\t\t\t\t\t\t\t\t\n\t\t\t\t\n\t\t\t\t<div class=\"sev-diaporama-portfolio-item col-12 col-sm\">\n\t\t\t\t\t<a href=\"https:\/\/www.campingvaldevie.fr\/wp-content\/uploads\/2022\/02\/velo-rail-commequiers-la-balade-IMG_2280.jpg\" data-lightbox=\"sevgallery-1675488770\" style=\"background-image: url(https:\/\/www.campingvaldevie.fr\/wp-content\/uploads\/2022\/02\/velo-rail-commequiers-la-balade-IMG_2280.jpg)\">\n\t\t\t\t\t\t<img decoding=\"async\" src=\"https:\/\/www.campingvaldevie.fr\/wp-content\/uploads\/2022\/02\/velo-rail-commequiers-la-balade-IMG_2280.jpg\" alt=\"velo rail de commequiers close to the campsite\" loading=\"lazy\">\n\t\t\t\t\t<\/a>\n\t\t\t\t<\/div>\n\n\t\t\t\t\t\t\t\t\t<div class=\"w-100\"><\/div>\n\t\t\t\t\t\t\t\t\t\n\t\t\t\t\t\t\t\t\t\t\t\n\t\t\t\t\n\t\t\t\t<div class=\"sev-diaporama-portfolio-item col-12 col-sm\">\n\t\t\t\t\t<a href=\"https:\/\/www.campingvaldevie.fr\/wp-content\/uploads\/2022\/02\/velo-rail-commequiers-la-gare-exterieur-IMG_1387.jpg\" data-lightbox=\"sevgallery-1675488770\" style=\"background-image: url(https:\/\/www.campingvaldevie.fr\/wp-content\/uploads\/2022\/02\/velo-rail-commequiers-la-gare-exterieur-IMG_1387.jpg)\">\n\t\t\t\t\t\t<img decoding=\"async\" src=\"https:\/\/www.campingvaldevie.fr\/wp-content\/uploads\/2022\/02\/velo-rail-commequiers-la-gare-exterieur-IMG_1387.jpg\" alt=\"velo rail station\" loading=\"lazy\">\n\t\t\t\t\t<\/a>\n\t\t\t\t<\/div>\n\n\t\t\t\t\n\t\t\t\t\t\t\t\t\t\t\t\n\t\t\t\t\n\t\t\t\t<div class=\"sev-diaporama-portfolio-item col-12 col-sm  col-shrink\">\n\t\t\t\t\t<a href=\"https:\/\/www.campingvaldevie.fr\/wp-content\/uploads\/2022\/02\/velo-rail-commequiers-triage-IMG_1409.jpg\" data-lightbox=\"sevgallery-1675488770\" style=\"background-image: url(https:\/\/www.campingvaldevie.fr\/wp-content\/uploads\/2022\/02\/velo-rail-commequiers-triage-IMG_1409.jpg)\">\n\t\t\t\t\t\t<img decoding=\"async\" src=\"https:\/\/www.campingvaldevie.fr\/wp-content\/uploads\/2022\/02\/velo-rail-commequiers-triage-IMG_1409.jpg\" alt=\"velo rail station\" loading=\"lazy\">\n\t\t\t\t\t<\/a>\n\t\t\t\t<\/div>\n\n\t\t\t\t\n\t\t\t\t\t\t\t\t\t\t\t\t\t\t<\/div>\n\t\t\t<\/div>\n\n\t\t\t<script>\n\t\t\tjQuery(function($) {\n\n\t\t\t\tvar marginPortfolio = function() {\n\n\t\t\t\t\tvar $diapo          = $('#sevgallery-1675488770');\n\t\t\t\t\tvar container_width = $diapo.parent().outerWidth();\n\t\t\t\t\tvar side            = ( $(window).innerWidth() - container_width ) \/ 2;\n\n\t\t\t\t\t$diapo.css( {\n\t\t\t\t\t\t'margin-left': '-' + side + 'px',\n\t\t\t\t\t\t'margin-right': '-' + side + 'px',\n\t\t\t\t\t} );\n\t\t\t\t};\n\n\t\t\t\t$( window ).resize( function() {\n\t\t\t\t\tmarginPortfolio();\n\t\t\t\t} );\n\t\t\t\tmarginPortfolio();\n\t\t\t});\n\t\t\t<\/script>","protected":false},"excerpt":{"rendered":"<p>Der Bahnhof f\u00fcr das Schienenfahrrad befindet sich in Commequiers. Der urspr\u00fcngliche Bahnhof wurde um 1890 gebaut, um einen Bahnhof im SNCF-Stil aus Ziegelsteinen zu errichten. Sie lag an der Kreuzung der Reiseziele Co\u00ebx &#8211; La Roche sur Yon, der K\u00fcste von Notre Dame de Riez, Saint Gilles Croix de vie und Challans. Sp\u00e4ter machte der [&hellip;]<\/p>\n","protected":false},"author":1,"featured_media":0,"parent":0,"menu_order":0,"comment_status":"closed","ping_status":"closed","template":"","meta":{"_seopress_robots_primary_cat":"","_seopress_titles_title":"V\u00e9lo rail de Commequiers","_seopress_titles_desc":"Heute setzt die Fahrradschiene von Commequiers 20 Fahrraddraisinen ein. Diese nutzen die Muskelkraft der Beine von zwei Passagieren","_seopress_robots_index":"","footnotes":""},"class_list":["post-15950","page","type-page","status-publish","hentry"],"_links":{"self":[{"href":"https:\/\/www.campingvaldevie.fr\/en\/wp-json\/wp\/v2\/pages\/15950","targetHints":{"allow":["GET"]}}],"collection":[{"href":"https:\/\/www.campingvaldevie.fr\/en\/wp-json\/wp\/v2\/pages"}],"about":[{"href":"https:\/\/www.campingvaldevie.fr\/en\/wp-json\/wp\/v2\/types\/page"}],"author":[{"embeddable":true,"href":"https:\/\/www.campingvaldevie.fr\/en\/wp-json\/wp\/v2\/users\/1"}],"replies":[{"embeddable":true,"href":"https:\/\/www.campingvaldevie.fr\/en\/wp-json\/wp\/v2\/comments?post=15950"}],"version-history":[{"count":1,"href":"https:\/\/www.campingvaldevie.fr\/en\/wp-json\/wp\/v2\/pages\/15950\/revisions"}],"predecessor-version":[{"id":15957,"href":"https:\/\/www.campingvaldevie.fr\/en\/wp-json\/wp\/v2\/pages\/15950\/revisions\/15957"}],"wp:attachment":[{"href":"https:\/\/www.campingvaldevie.fr\/en\/wp-json\/wp\/v2\/media?parent=15950"}],"curies":[{"name":"wp","href":"https:\/\/api.w.org\/{rel}","templated":true}]}}