{"id":20275,"date":"2022-12-06T19:20:24","date_gmt":"2022-12-06T18:20:24","guid":{"rendered":"https:\/\/www.campingvaldevie.fr\/?page_id=20275"},"modified":"2024-12-17T15:26:52","modified_gmt":"2024-12-17T14:26:52","slug":"toerisme-vendee","status":"publish","type":"page","link":"https:\/\/www.campingvaldevie.fr\/nl\/tourisme-vendee\/","title":{"rendered":"Toerisme in de Vend\u00e9e, de 10 leukste bezienswaardigheden"},"content":{"rendered":"<p>La <strong>Vend\u00e9e<\/strong> is een toeristische bestemming die elk jaar toeristen van over de hele wereld aantrekt. Je kunt er een culturele of artistieke rondreis maken. Wat zijn de <strong>toeristische attracties<\/strong> aantrekkelijke plekjes in de Vend\u00e9e? Ontdek de 10 leukste dingen die je niet mag missen tijdens je verblijf in de Vend\u00e9e. <a href=\"https:\/\/www.vendee-tourisme.com\/\" target=\"_blank\" rel=\"noreferrer noopener\"><strong>bezoek aan Vend\u00e9e<\/strong><\/a> in <strong>Loire<\/strong>.<\/p>\n\n\n\n<div class=\"wp-block-columns is-layout-flex wp-container-core-columns-is-layout-9d6595d7 wp-block-columns-is-layout-flex\">\n<div class=\"wp-block-column is-layout-flow wp-block-column-is-layout-flow\">\n<h2 class=\"wp-block-heading has-text-align-center\">De prachtige stranden van de Vend\u00e9e&nbsp;<\/h2>\n\n\n\n<p>De Vend\u00e9e heeft <strong>250 kilometer aan stranden <\/strong>met <strong>badplaatsen<\/strong>. Onder de beroemde stranden zijn hier de stranden die je niet mag missen:<\/p>\n<\/div>\n<\/div>\n\n\n\n<div class=\"wp-block-media-text alignfull has-media-on-the-right is-stacked-on-mobile is-vertically-aligned-center is-style-default\" style=\"grid-template-columns:auto 40%\"><div class=\"wp-block-media-text__content\">\n<ol class=\"wp-block-list\">\n<li><strong>Het strand van Par\u00e9e du Jonc<\/strong><\/li>\n<\/ol>\n\n\n\n<p>Dit is een wild strand bij <strong>Saint-Jean-de-Monts<\/strong>. Vanaf de afgelegen plek hoor je alleen het geluid van de oceaan, wat zeker in de smaak zal vallen bij mensen die op zoek zijn naar een vredige, ontspannen sfeer. Naast de schoonheid <strong>natuurlijk en wild<\/strong>Je kunt ook genieten van activiteiten met familie en vrienden, zoals :<\/p>\n\n\n\n<ul class=\"wp-block-list\">\n<li>Vissen te voet ;<\/li>\n\n\n\n<li>Paardrijden ;&nbsp;<\/li>\n\n\n\n<li>Enzovoort.<\/li>\n<\/ul>\n\n\n\n<ol start=\"2\" class=\"wp-block-list\">\n<li><strong>La Baigneuse strand<\/strong><\/li>\n<\/ol>\n\n\n\n<p>Dit is een van de <strong>Saint-Jean-de-Monts <\/strong>bekend als <strong>geanimeerd<\/strong> omdat het een van de drukste plekken is voor toeristen. Het is er erg levendig, zelfs 's avonds, dankzij de bars en restaurants langs de waterkant. Ideaal dus voor een dagje uit met vrienden. Naast de schoonheid zijn er nog een aantal andere redenen om hier een uitstapje te maken, zoals :<\/p>\n\n\n\n<ul class=\"wp-block-list\">\n<li>Zijn uitgestrekte vooroever ;<\/li>\n<\/ul>\n\n\n\n<ul class=\"wp-block-list\">\n<li>Het fijne zand ;<\/li>\n\n\n\n<li>Kalm water zonder stroming;<\/li>\n\n\n\n<li>Om te feesten;<\/li>\n\n\n\n<li>Enzovoort.&nbsp;<\/li>\n<\/ul>\n\n\n\n<p>Wat activiteiten betreft, kun je souvenirfoto's maken naast het standbeeld van de \"Baadster\" of het beeld van Henry Murail.<\/p>\n\n\n\n<ol start=\"3\" class=\"wp-block-list\">\n<li><strong>De stranden van Barb\u00e2tre&nbsp;&nbsp;<\/strong><\/li>\n<\/ol>\n\n\n\n<p>De mooiste stranden van de Vend\u00e9e zijn te vinden aan de<strong>Eiland Noirmoutier<\/strong>. Het strand van Barb\u00e2tre is een van de mooiste stranden, met bijna 7 km strand om langs te wandelen of te kiezen voor het bos dat aan het strand grenst. Het strand van Barb\u00e2tre is <strong>authentiek<\/strong>Dit is een heel bijzondere plek, met goed bewaarde flora en fauna. Wat deze plek zo bijzonder maakt, is dat de lokale bevolking hier komt om te surfen of windsurfen.&nbsp;<\/p>\n<\/div><figure class=\"wp-block-media-text__media\"><img loading=\"lazy\" decoding=\"async\" width=\"1024\" height=\"683\" src=\"https:\/\/www.campingvaldevie.fr\/wp-content\/uploads\/2022\/12\/plage-paree-du-jonc-1024x683.jpg\" alt=\"Stranden van de Vend\u00e9e\" class=\"wp-image-20305 size-large\" srcset=\"https:\/\/www.campingvaldevie.fr\/wp-content\/uploads\/2022\/12\/plage-paree-du-jonc-1024x683.jpg 1024w, https:\/\/www.campingvaldevie.fr\/wp-content\/uploads\/2022\/12\/plage-paree-du-jonc-300x200.jpg 300w, https:\/\/www.campingvaldevie.fr\/wp-content\/uploads\/2022\/12\/plage-paree-du-jonc-768x512.jpg 768w, https:\/\/www.campingvaldevie.fr\/wp-content\/uploads\/2022\/12\/plage-paree-du-jonc.jpg 1200w\" sizes=\"auto, (max-width: 1024px) 100vw, 1024px\" \/><\/figure><\/div>\n\n\n\n<div style=\"height:30px\" aria-hidden=\"true\" class=\"wp-block-spacer\"><\/div>\n\n\n\n<div class=\"wp-block-media-text alignfull is-stacked-on-mobile is-vertically-aligned-center is-style-default\" style=\"grid-template-columns:40% auto\"><figure class=\"wp-block-media-text__media\"><img loading=\"lazy\" decoding=\"async\" width=\"1024\" height=\"683\" src=\"https:\/\/www.campingvaldevie.fr\/wp-content\/uploads\/2022\/12\/musee-coquillage-1024x683.jpg\" alt=\"schelpenmuseum\" class=\"wp-image-20312 size-full\" srcset=\"https:\/\/www.campingvaldevie.fr\/wp-content\/uploads\/2022\/12\/musee-coquillage-1024x683.jpg 1024w, https:\/\/www.campingvaldevie.fr\/wp-content\/uploads\/2022\/12\/musee-coquillage-300x200.jpg 300w, https:\/\/www.campingvaldevie.fr\/wp-content\/uploads\/2022\/12\/musee-coquillage-768x512.jpg 768w, https:\/\/www.campingvaldevie.fr\/wp-content\/uploads\/2022\/12\/musee-coquillage.jpg 1200w\" sizes=\"auto, (max-width: 1024px) 100vw, 1024px\" \/><\/figure><div class=\"wp-block-media-text__content\">\n<h2 class=\"wp-block-heading has-text-align-left\">Populaire musea in de Vend\u00e9e<\/h2>\n\n\n\n<p>Tot de bekendste behoren :<\/p>\n\n\n\n<ol start=\"4\" class=\"wp-block-list\">\n<li><strong>De parel van de goden&nbsp;<\/strong><\/li>\n<\/ol>\n\n\n\n<p>Het is een klein museum in <strong>Saint-Gilles-Croix-de-Vie<\/strong> die alle verzamelingen heeft van <strong>Sardines uit de Vend\u00e9e<\/strong> die al 135 jaar bestaan. De Parel van de Goden maakt deel uit van het toeristische en gastronomische erfgoed van de Atlantische Oceaan. Hier kun je sardines van hoge kwaliteit proeven om je smaakpapillen te verwennen. Je kunt er zelfs kopen, want het museum heeft ook een winkel en ateliers.<\/p>\n\n\n\n<ol start=\"5\" class=\"wp-block-list\">\n<li><strong>Het schelpdiermuseum<\/strong><\/li>\n<\/ol>\n\n\n\n<p>Ben je gefascineerd door de schoonheid van zeeschelpen? Bezoek dan dit museum in <strong>Sables-d'Olonne<\/strong>. In dit museum vind je verschillende texturen en vari\u00ebteiten door de collectie heen. Je leert er ook veel over de zeebodem en het mysterie van de zee.&nbsp;<\/p>\n\n\n\n<ol start=\"6\" class=\"wp-block-list\">\n<li><strong>Het museum van de Abdij van het Heilig Kruis<\/strong><\/li>\n<\/ol>\n\n\n\n<p>Het werd opgericht door de benedictijner nonnen en heeft als taak hedendaagse en moderne kunstwerken tentoon te stellen. Het is een plek om te dagdromen, dankzij de rust die hier heerst. Het museum is een echte pionier in Frankrijk en staat op de lijst van historisch erfgoed.&nbsp;<\/p>\n\n\n\n<ol start=\"7\" class=\"wp-block-list\">\n<li><strong>De schuilplaats van Grasla<\/strong><\/li>\n<\/ol>\n\n\n\n<p>Dit is een bos in de Vend\u00e9e, in de gemeente Brouzils, dat diende als toevluchtsoord voor de Vend\u00e9ens tijdens de Vend\u00e9e-oorlogen in 1793-94. Het is een leuke manier om het bos in groep te bezoeken.&nbsp;<\/p>\n\n\n\n<p>Als je al deze musea op de best mogelijke manier wilt bezoeken, boek dan je vakantie in een <a href=\"\/nl\/\"><strong>kamperen in de Vend\u00e9e<\/strong><\/a>.&nbsp;&nbsp;<\/p>\n<\/div><\/div>\n\n\n\n<div style=\"height:30px\" aria-hidden=\"true\" class=\"wp-block-spacer\"><\/div>\n\n\n\n<div class=\"wp-block-media-text alignfull has-media-on-the-right is-stacked-on-mobile is-vertically-aligned-center is-style-default\" style=\"grid-template-columns:auto 40%\"><div class=\"wp-block-media-text__content\">\n<h2 class=\"wp-block-heading has-text-align-left\">Parken in de Vend\u00e9e<\/h2>\n\n\n\n<ol start=\"8\" class=\"wp-block-list\">\n<li><strong>Puy du Fou<\/strong><\/li>\n<\/ol>\n\n\n\n<p>Reis terug in de tijd door de mooiste <strong>recreatiepark in Frankrijk<\/strong> sinds onze <a href=\"https:\/\/www.campingvaldevie.fr\/nl\/camping-puy-du-fou\/\">camping Puy du Fou<\/a>. Hier zijn slechts een paar redenen om deze unieke locatie te ontdekken:\u00a0<\/p>\n\n\n\n<ul class=\"wp-block-list\">\n<li>Spectaculaire shows die je onderdompelen in verschillende werelden;<\/li>\n\n\n\n<li>Themagastenhuizen;<\/li>\n\n\n\n<li>Verbeterde kennis ;<\/li>\n\n\n\n<li>Enzovoort.&nbsp;<\/li>\n<\/ul>\n\n\n\n<ol start=\"9\" class=\"wp-block-list\">\n<li><strong>Bloemenpark Court d'Aron<\/strong><\/li>\n<\/ol>\n\n\n\n<p>Dit ecologisch verantwoorde park beslaat 10 hectare. Geniet van een moment van ontspanning en ontsnapping in dit botanische erfgoedpark. Je vindt er planten uit alle 5 de continenten, waaronder de Aziatische lotus.&nbsp;<\/p>\n\n\n\n<ol start=\"10\" class=\"wp-block-list\">\n<li><strong>Henri Joyau's park<\/strong><\/li>\n<\/ol>\n\n\n\n<p>Het is een gebied in het hart van Montaigu, ontworpen voor zowel vermaak als ontspanning. Het is versierd met tuinen in de Engelse traditie en herbergt een kasteel uit 1841. Er zijn paden om hard te lopen en een rivier beneden.&nbsp;<\/p>\n<\/div><figure class=\"wp-block-media-text__media\"><img loading=\"lazy\" decoding=\"async\" width=\"1024\" height=\"683\" src=\"https:\/\/www.campingvaldevie.fr\/wp-content\/uploads\/2022\/12\/visite-puy-du-fou-1024x683.jpg\" alt=\"puy du fou bezoeken\" class=\"wp-image-20319 size-full\" srcset=\"https:\/\/www.campingvaldevie.fr\/wp-content\/uploads\/2022\/12\/visite-puy-du-fou-1024x683.jpg 1024w, https:\/\/www.campingvaldevie.fr\/wp-content\/uploads\/2022\/12\/visite-puy-du-fou-300x200.jpg 300w, https:\/\/www.campingvaldevie.fr\/wp-content\/uploads\/2022\/12\/visite-puy-du-fou-768x512.jpg 768w, https:\/\/www.campingvaldevie.fr\/wp-content\/uploads\/2022\/12\/visite-puy-du-fou.jpg 1200w\" sizes=\"auto, (max-width: 1024px) 100vw, 1024px\" \/><\/figure><\/div>\n\n\n\n<div style=\"height:30px\" aria-hidden=\"true\" class=\"wp-block-spacer\"><\/div>\n\n\n\n<h2 class=\"wp-block-heading has-text-align-center\">Ontdek ook<\/h2>\n\n\n\n<div class=\"wp-block-columns is-layout-flex wp-container-core-columns-is-layout-9d6595d7 wp-block-columns-is-layout-flex\">\n<div class=\"wp-block-column is-layout-flow wp-block-column-is-layout-flow\">\n<div class=\"wp-block-cover\"><span aria-hidden=\"true\" class=\"wp-block-cover__background has-background-dim-30 has-background-dim\"><\/span><img loading=\"lazy\" decoding=\"async\" width=\"700\" height=\"466\" class=\"wp-block-cover__image-background wp-image-18902\" alt=\"vakantie Kleine camping bij Br\u00e9tignolles sur Mer\" src=\"https:\/\/www.campingvaldevie.fr\/wp-content\/uploads\/2022\/09\/vacances-petit-camping-proche-bretignolles-sur-mer.jpg\" data-object-fit=\"cover\" srcset=\"https:\/\/www.campingvaldevie.fr\/wp-content\/uploads\/2022\/09\/vacances-petit-camping-proche-bretignolles-sur-mer.jpg 700w, https:\/\/www.campingvaldevie.fr\/wp-content\/uploads\/2022\/09\/vacances-petit-camping-proche-bretignolles-sur-mer-300x200.jpg 300w\" sizes=\"auto, (max-width: 700px) 100vw, 700px\" \/><div class=\"wp-block-cover__inner-container is-layout-flow wp-block-cover-is-layout-flow\">\n<p class=\"has-text-align-center has-white-color has-text-color has-link-color has-large-font-size wp-elements-1049e23a50ec7d6772cd656100f8d764\"><a href=\"\/nl\/toerisme-vendee\/bretignolles-sur-mer\/\">Bretignolles-sur-Mer<\/a><\/p>\n<\/div><\/div>\n<\/div>\n\n\n\n<div class=\"wp-block-column is-layout-flow wp-block-column-is-layout-flow\">\n<div class=\"wp-block-cover\"><span aria-hidden=\"true\" class=\"wp-block-cover__background has-background-dim-30 has-background-dim\"><\/span><img loading=\"lazy\" decoding=\"async\" width=\"1200\" height=\"800\" class=\"wp-block-cover__image-background wp-image-1639\" alt=\"Noirmoutier\" src=\"https:\/\/www.campingvaldevie.fr\/wp-content\/uploads\/2018\/01\/Noirmoutier.jpg\" data-object-fit=\"cover\" srcset=\"https:\/\/www.campingvaldevie.fr\/wp-content\/uploads\/2018\/01\/Noirmoutier.jpg 1200w, https:\/\/www.campingvaldevie.fr\/wp-content\/uploads\/2018\/01\/Noirmoutier-300x200.jpg 300w, https:\/\/www.campingvaldevie.fr\/wp-content\/uploads\/2018\/01\/Noirmoutier-1024x683.jpg 1024w, https:\/\/www.campingvaldevie.fr\/wp-content\/uploads\/2018\/01\/Noirmoutier-768x512.jpg 768w\" sizes=\"auto, (max-width: 1200px) 100vw, 1200px\" \/><div class=\"wp-block-cover__inner-container is-layout-flow wp-block-cover-is-layout-flow\">\n<p class=\"has-text-align-center has-white-color has-text-color has-link-color has-large-font-size wp-elements-1423ddace094b0431fe6461c57aef04c\"><mark style=\"background-color:rgba(0, 0, 0, 0)\" class=\"has-inline-color has-white-color\"><a href=\"\/nl\/toerisme-vendee\/ile-de-noirmoutier\/\">Eiland Noirmoutier<\/a><\/mark><\/p>\n<\/div><\/div>\n<\/div>\n\n\n\n<div class=\"wp-block-column is-layout-flow wp-block-column-is-layout-flow\">\n<div class=\"wp-block-cover\"><span aria-hidden=\"true\" class=\"wp-block-cover__background has-background-dim-30 has-background-dim\"><\/span><img loading=\"lazy\" decoding=\"async\" width=\"1024\" height=\"683\" class=\"wp-block-cover__image-background wp-image-23329\" alt=\"toerisme ile d&#039;yeu\" src=\"https:\/\/www.campingvaldevie.fr\/wp-content\/uploads\/2024\/01\/tourisme-ile-yeu.jpg\" data-object-fit=\"cover\" srcset=\"https:\/\/www.campingvaldevie.fr\/wp-content\/uploads\/2024\/01\/tourisme-ile-yeu.jpg 1024w, https:\/\/www.campingvaldevie.fr\/wp-content\/uploads\/2024\/01\/tourisme-ile-yeu-300x200.jpg 300w, https:\/\/www.campingvaldevie.fr\/wp-content\/uploads\/2024\/01\/tourisme-ile-yeu-768x512.jpg 768w\" sizes=\"auto, (max-width: 1024px) 100vw, 1024px\" \/><div class=\"wp-block-cover__inner-container is-layout-flow wp-block-cover-is-layout-flow\">\n<p class=\"has-text-align-center has-white-color has-text-color has-link-color has-large-font-size wp-elements-12ca4cef5cab96b26f9a200617985897\"><mark style=\"background-color:rgba(0, 0, 0, 0)\" class=\"has-inline-color has-white-color\"><a href=\"\/nl\/toerisme-vendee\/ile-dyeu\/\">Yeu-eiland<\/a><\/mark><\/p>\n<\/div><\/div>\n<\/div>\n<\/div>\n\n\n\n<div style=\"height:30px\" aria-hidden=\"true\" class=\"wp-block-spacer\"><\/div>\n\n\n\n<div class=\"wp-block-columns is-layout-flex wp-container-core-columns-is-layout-9d6595d7 wp-block-columns-is-layout-flex\">\n<div class=\"wp-block-column is-layout-flow wp-block-column-is-layout-flow\">\n<div class=\"wp-block-cover\"><span aria-hidden=\"true\" class=\"wp-block-cover__background has-background-dim-30 has-background-dim\"><\/span><img loading=\"lazy\" decoding=\"async\" width=\"1200\" height=\"800\" class=\"wp-block-cover__image-background wp-image-1615\" alt=\"la-roche-sur-yon\" src=\"https:\/\/www.campingvaldevie.fr\/wp-content\/uploads\/2018\/01\/la-roche-sur-yon.jpg\" data-object-fit=\"cover\" srcset=\"https:\/\/www.campingvaldevie.fr\/wp-content\/uploads\/2018\/01\/la-roche-sur-yon.jpg 1200w, https:\/\/www.campingvaldevie.fr\/wp-content\/uploads\/2018\/01\/la-roche-sur-yon-300x200.jpg 300w, https:\/\/www.campingvaldevie.fr\/wp-content\/uploads\/2018\/01\/la-roche-sur-yon-1024x683.jpg 1024w, https:\/\/www.campingvaldevie.fr\/wp-content\/uploads\/2018\/01\/la-roche-sur-yon-768x512.jpg 768w\" sizes=\"auto, (max-width: 1200px) 100vw, 1200px\" \/><div class=\"wp-block-cover__inner-container is-layout-flow wp-block-cover-is-layout-flow\">\n<p class=\"has-text-align-center has-white-color has-text-color has-link-color has-large-font-size wp-elements-1da3e2f37b4ea74b95aace54e5b15f99\"><mark style=\"background-color:rgba(0, 0, 0, 0)\" class=\"has-inline-color has-white-color\"><a href=\"\/nl\/toerisme-vendee\/la-roche-sur-yon\/\">La Roche sur Yon<\/a><\/mark><\/p>\n<\/div><\/div>\n<\/div>\n\n\n\n<div class=\"wp-block-column is-layout-flow wp-block-column-is-layout-flow\">\n<div class=\"wp-block-cover\"><span aria-hidden=\"true\" class=\"wp-block-cover__background has-background-dim-30 has-background-dim\"><\/span><img loading=\"lazy\" decoding=\"async\" width=\"1100\" height=\"733\" class=\"wp-block-cover__image-background wp-image-1881\" alt=\"prieur\u00e9 la chaume les sables d&#039;olonne\" src=\"https:\/\/www.campingvaldevie.fr\/wp-content\/uploads\/2018\/02\/les-sables-d_olonne-IMG_5738.jpg\" data-object-fit=\"cover\" srcset=\"https:\/\/www.campingvaldevie.fr\/wp-content\/uploads\/2018\/02\/les-sables-d_olonne-IMG_5738.jpg 1100w, https:\/\/www.campingvaldevie.fr\/wp-content\/uploads\/2018\/02\/les-sables-d_olonne-IMG_5738-300x200.jpg 300w, https:\/\/www.campingvaldevie.fr\/wp-content\/uploads\/2018\/02\/les-sables-d_olonne-IMG_5738-1024x682.jpg 1024w, https:\/\/www.campingvaldevie.fr\/wp-content\/uploads\/2018\/02\/les-sables-d_olonne-IMG_5738-768x512.jpg 768w\" sizes=\"auto, (max-width: 1100px) 100vw, 1100px\" \/><div class=\"wp-block-cover__inner-container is-layout-flow wp-block-cover-is-layout-flow\">\n<p class=\"has-text-align-center has-white-color has-text-color has-link-color has-large-font-size wp-elements-d68667b84d19ea17c5e02227e2c4e068\"><mark style=\"background-color:rgba(0, 0, 0, 0)\" class=\"has-inline-color has-white-color\"><a href=\"\/nl\/toerisme-vendee\/les-sables-dolonne\/\">Sables d'Olonne<\/a><\/mark><\/p>\n<\/div><\/div>\n<\/div>\n\n\n\n<div class=\"wp-block-column is-layout-flow wp-block-column-is-layout-flow\">\n<div class=\"wp-block-cover\"><span aria-hidden=\"true\" class=\"wp-block-cover__background has-background-dim-30 has-background-dim\"><\/span><img loading=\"lazy\" decoding=\"async\" width=\"1100\" height=\"733\" class=\"wp-block-cover__image-background wp-image-1906\" alt=\"plage-mer-saint-jean-de-monts\" src=\"https:\/\/www.campingvaldevie.fr\/wp-content\/uploads\/2018\/02\/plage-mer-saint-jean-de-monts-IMG_6321.jpg\" data-object-fit=\"cover\" srcset=\"https:\/\/www.campingvaldevie.fr\/wp-content\/uploads\/2018\/02\/plage-mer-saint-jean-de-monts-IMG_6321.jpg 1100w, https:\/\/www.campingvaldevie.fr\/wp-content\/uploads\/2018\/02\/plage-mer-saint-jean-de-monts-IMG_6321-300x200.jpg 300w, https:\/\/www.campingvaldevie.fr\/wp-content\/uploads\/2018\/02\/plage-mer-saint-jean-de-monts-IMG_6321-1024x682.jpg 1024w, https:\/\/www.campingvaldevie.fr\/wp-content\/uploads\/2018\/02\/plage-mer-saint-jean-de-monts-IMG_6321-768x512.jpg 768w\" sizes=\"auto, (max-width: 1100px) 100vw, 1100px\" \/><div class=\"wp-block-cover__inner-container is-layout-flow wp-block-cover-is-layout-flow\">\n<p class=\"has-text-align-center has-white-color has-text-color has-link-color has-large-font-size wp-elements-a6f40ab91299b679ba73e75f2e3e1ec8\"><mark style=\"background-color:rgba(0, 0, 0, 0)\" class=\"has-inline-color has-white-color\"><a href=\"\/nl\/toerisme-vendee\/stranden-in-de-buurt-van-camping\/\">Stranden in de buurt van de camping<\/a><\/mark><\/p>\n<\/div><\/div>\n<\/div>\n<\/div>\n\n\n\n<div style=\"height:30px\" aria-hidden=\"true\" class=\"wp-block-spacer\"><\/div>\n\n\n\n<div class=\"wp-block-columns is-layout-flex wp-container-core-columns-is-layout-9d6595d7 wp-block-columns-is-layout-flex\">\n<div class=\"wp-block-column is-layout-flow wp-block-column-is-layout-flow\">\n<div class=\"wp-block-cover\"><span aria-hidden=\"true\" class=\"wp-block-cover__background has-background-dim-30 has-background-dim\"><\/span><img loading=\"lazy\" decoding=\"async\" width=\"700\" height=\"466\" class=\"wp-block-cover__image-background wp-image-18224\" alt=\"vakantie Beste kleine camping Saint Gilles croix de Vie\" src=\"https:\/\/www.campingvaldevie.fr\/wp-content\/uploads\/2022\/07\/vacances-meilleur-petit-camping-saint-gilles-croix-de-vie.png\" data-object-fit=\"cover\" srcset=\"https:\/\/www.campingvaldevie.fr\/wp-content\/uploads\/2022\/07\/vacances-meilleur-petit-camping-saint-gilles-croix-de-vie.png 700w, https:\/\/www.campingvaldevie.fr\/wp-content\/uploads\/2022\/07\/vacances-meilleur-petit-camping-saint-gilles-croix-de-vie-300x200.png 300w\" sizes=\"auto, (max-width: 700px) 100vw, 700px\" \/><div class=\"wp-block-cover__inner-container is-layout-flow wp-block-cover-is-layout-flow\">\n<p class=\"has-text-align-center has-white-color has-text-color has-link-color has-large-font-size wp-elements-365f1d3702f8221317cb6bedfc70b0f1\"><mark style=\"background-color:rgba(0, 0, 0, 0)\" class=\"has-inline-color has-white-color\"><a href=\"\/nl\/toerisme-vendee\/saint-gilles-croix-de-vie\/\">Saint-Gilles-Croix-de-Vie<\/a><\/mark><\/p>\n<\/div><\/div>\n<\/div>\n\n\n\n<div class=\"wp-block-column is-layout-flow wp-block-column-is-layout-flow\">\n<div class=\"wp-block-cover\"><span aria-hidden=\"true\" class=\"wp-block-cover__background has-background-dim-30 has-background-dim\"><\/span><img loading=\"lazy\" decoding=\"async\" width=\"1100\" height=\"733\" class=\"wp-block-cover__image-background wp-image-1904\" alt=\"estacade-saint-jean-de-monts\" src=\"https:\/\/www.campingvaldevie.fr\/wp-content\/uploads\/2018\/02\/estacade-saint-jean-de-monts-IMG_0344.jpg\" style=\"object-position:32% 73%\" data-object-fit=\"cover\" data-object-position=\"32% 73%\" srcset=\"https:\/\/www.campingvaldevie.fr\/wp-content\/uploads\/2018\/02\/estacade-saint-jean-de-monts-IMG_0344.jpg 1100w, https:\/\/www.campingvaldevie.fr\/wp-content\/uploads\/2018\/02\/estacade-saint-jean-de-monts-IMG_0344-300x200.jpg 300w, https:\/\/www.campingvaldevie.fr\/wp-content\/uploads\/2018\/02\/estacade-saint-jean-de-monts-IMG_0344-1024x682.jpg 1024w, https:\/\/www.campingvaldevie.fr\/wp-content\/uploads\/2018\/02\/estacade-saint-jean-de-monts-IMG_0344-768x512.jpg 768w\" sizes=\"auto, (max-width: 1100px) 100vw, 1100px\" \/><div class=\"wp-block-cover__inner-container is-layout-flow wp-block-cover-is-layout-flow\">\n<p class=\"has-text-align-center has-white-color has-text-color has-link-color has-large-font-size wp-elements-23413e466965d6a42203e4648fefe9df\"><mark style=\"background-color:rgba(0, 0, 0, 0)\" class=\"has-inline-color has-white-color\"><a href=\"\/nl\/toerisme-vendee\/saint-jean-de-monts\/\">Saint-Jean-de-Monts<\/a><\/mark><\/p>\n<\/div><\/div>\n<\/div>\n\n\n\n<div class=\"wp-block-column is-layout-flow wp-block-column-is-layout-flow\">\n<div class=\"wp-block-cover\"><span aria-hidden=\"true\" class=\"wp-block-cover__background has-background-dim-30 has-background-dim\"><\/span><img loading=\"lazy\" decoding=\"async\" width=\"471\" height=\"456\" class=\"wp-block-cover__image-background wp-image-20294\" alt=\"\" src=\"https:\/\/www.campingvaldevie.fr\/wp-content\/uploads\/2022\/12\/visiter-aizenay.jpg\" data-object-fit=\"cover\" srcset=\"https:\/\/www.campingvaldevie.fr\/wp-content\/uploads\/2022\/12\/visiter-aizenay.jpg 471w, https:\/\/www.campingvaldevie.fr\/wp-content\/uploads\/2022\/12\/visiter-aizenay-300x290.jpg 300w\" sizes=\"auto, (max-width: 471px) 100vw, 471px\" \/><div class=\"wp-block-cover__inner-container is-layout-flow wp-block-cover-is-layout-flow\">\n<p class=\"has-text-align-center has-white-color has-text-color has-link-color has-large-font-size wp-elements-31fbaa67b8461a2d94e27b40c98e160a\"><mark style=\"background-color:rgba(0, 0, 0, 0)\" class=\"has-inline-color has-white-color\"><a href=\"\/nl\/toerisme-vendee\/toerisme-aizenay\/\">Aizenay<\/a><\/mark><\/p>\n<\/div><\/div>\n<\/div>\n<\/div>\n\n\n\n<div style=\"height:30px\" aria-hidden=\"true\" class=\"wp-block-spacer\"><\/div>\n\n\n\n<div class=\"wp-block-columns is-layout-flex wp-container-core-columns-is-layout-9d6595d7 wp-block-columns-is-layout-flex\">\n<div class=\"wp-block-column is-layout-flow wp-block-column-is-layout-flow\">\n<div class=\"wp-block-cover\"><span aria-hidden=\"true\" class=\"wp-block-cover__background has-background-dim-30 has-background-dim\"><\/span><img loading=\"lazy\" decoding=\"async\" width=\"1200\" height=\"800\" class=\"wp-block-cover__image-background wp-image-20331\" alt=\"Meer van Apremont\" src=\"https:\/\/www.campingvaldevie.fr\/wp-content\/uploads\/2022\/12\/lac-apremont.jpg\" data-object-fit=\"cover\" srcset=\"https:\/\/www.campingvaldevie.fr\/wp-content\/uploads\/2022\/12\/lac-apremont.jpg 1200w, https:\/\/www.campingvaldevie.fr\/wp-content\/uploads\/2022\/12\/lac-apremont-300x200.jpg 300w, https:\/\/www.campingvaldevie.fr\/wp-content\/uploads\/2022\/12\/lac-apremont-1024x683.jpg 1024w, https:\/\/www.campingvaldevie.fr\/wp-content\/uploads\/2022\/12\/lac-apremont-768x512.jpg 768w\" sizes=\"auto, (max-width: 1200px) 100vw, 1200px\" \/><div class=\"wp-block-cover__inner-container is-layout-flow wp-block-cover-is-layout-flow\">\n<p class=\"has-text-align-center has-white-color has-text-color has-link-color has-large-font-size wp-elements-e33951fa60518564fcf3bac6169de525\"><mark style=\"background-color:rgba(0, 0, 0, 0)\" class=\"has-inline-color has-white-color\"><a href=\"\/nl\/toerisme-vendee\/toerisme-apremont\/\">Apremont<\/a><\/mark><\/p>\n<\/div><\/div>\n<\/div>\n\n\n\n<div class=\"wp-block-column is-layout-flow wp-block-column-is-layout-flow\">\n<div class=\"wp-block-cover\"><span aria-hidden=\"true\" class=\"wp-block-cover__background has-background-dim-30 has-background-dim\"><\/span><img loading=\"lazy\" decoding=\"async\" width=\"700\" height=\"466\" class=\"wp-block-cover__image-background wp-image-18875\" alt=\"vakantie Beste kleine camping bij Challans\" src=\"https:\/\/www.campingvaldevie.fr\/wp-content\/uploads\/2022\/09\/vacances-meilleur-petit-camping-proche-challans.jpg\" style=\"object-position:44% 56%\" data-object-fit=\"cover\" data-object-position=\"44% 56%\" srcset=\"https:\/\/www.campingvaldevie.fr\/wp-content\/uploads\/2022\/09\/vacances-meilleur-petit-camping-proche-challans.jpg 700w, https:\/\/www.campingvaldevie.fr\/wp-content\/uploads\/2022\/09\/vacances-meilleur-petit-camping-proche-challans-300x200.jpg 300w\" sizes=\"auto, (max-width: 700px) 100vw, 700px\" \/><div class=\"wp-block-cover__inner-container is-layout-flow wp-block-cover-is-layout-flow\">\n<p class=\"has-text-align-center has-white-color has-text-color has-link-color has-large-font-size wp-elements-3faa066b3ad9b49981a6e60433eeaef9\"><mark style=\"background-color:rgba(0, 0, 0, 0)\" class=\"has-inline-color has-white-color\"><a href=\"\/nl\/toerisme-vendee\/challans-toerisme\/\">Aansprakelijkheid<\/a><\/mark><\/p>\n<\/div><\/div>\n<\/div>\n\n\n\n<div class=\"wp-block-column is-layout-flow wp-block-column-is-layout-flow\">\n<div class=\"wp-block-cover\"><span aria-hidden=\"true\" class=\"wp-block-cover__background has-background-dim-30 has-background-dim\"><\/span><img loading=\"lazy\" decoding=\"async\" width=\"1100\" height=\"733\" class=\"wp-block-cover__image-background wp-image-1784\" alt=\"Kathedraal van Nantes\" src=\"https:\/\/www.campingvaldevie.fr\/wp-content\/uploads\/2018\/01\/cathedrale-saint-pierre-de-nantes-IMG_6904.jpg\" data-object-fit=\"cover\" srcset=\"https:\/\/www.campingvaldevie.fr\/wp-content\/uploads\/2018\/01\/cathedrale-saint-pierre-de-nantes-IMG_6904.jpg 1100w, https:\/\/www.campingvaldevie.fr\/wp-content\/uploads\/2018\/01\/cathedrale-saint-pierre-de-nantes-IMG_6904-300x200.jpg 300w, https:\/\/www.campingvaldevie.fr\/wp-content\/uploads\/2018\/01\/cathedrale-saint-pierre-de-nantes-IMG_6904-1024x682.jpg 1024w, https:\/\/www.campingvaldevie.fr\/wp-content\/uploads\/2018\/01\/cathedrale-saint-pierre-de-nantes-IMG_6904-768x512.jpg 768w\" sizes=\"auto, (max-width: 1100px) 100vw, 1100px\" \/><div class=\"wp-block-cover__inner-container is-layout-flow wp-block-cover-is-layout-flow\">\n<p class=\"has-text-align-center has-white-color has-text-color has-link-color has-large-font-size wp-elements-95199cd148b4fd3502271db12c7efbce\"><mark style=\"background-color:rgba(0, 0, 0, 0)\" class=\"has-inline-color has-white-color\"><a href=\"\/nl\/toerisme-vendee\/stad-van-nantes\/\">Nantes<\/a><\/mark><\/p>\n<\/div><\/div>\n<\/div>\n<\/div>","protected":false},"excerpt":{"rendered":"<p>La Vend\u00e9e est une destination touristique qui s\u00e9duit chaque ann\u00e9e des touristes de tous horizons. Vous pouvez y effectuer une visite culturelle ou artistique. Quels sont les sites touristiques attrayants de Vend\u00e9e \u2009? D\u00e9couvrez les 10 meilleures choses \u00e0 ne pas rater pendant votre visite en Vend\u00e9e dans les Pays de la Loire. Les magnifiques [&hellip;]<\/p>\n","protected":false},"author":4,"featured_media":0,"parent":0,"menu_order":0,"comment_status":"closed","ping_status":"closed","template":"","meta":{"_seopress_robots_primary_cat":"","_seopress_titles_title":"Tourisme en Vend\u00e9e : vacances, s\u00e9jour et tourisme","_seopress_titles_desc":"Partez \u00e0 la d\u00e9couverte des plus beaux sites touristiques en Vend\u00e9e. Nous vous donnons toutes les informations pratiques pour pr\u00e9parer vos vacances sereinement !","_seopress_robots_index":"","footnotes":""},"class_list":["post-20275","page","type-page","status-publish","hentry"],"_links":{"self":[{"href":"https:\/\/www.campingvaldevie.fr\/nl\/wp-json\/wp\/v2\/pages\/20275","targetHints":{"allow":["GET"]}}],"collection":[{"href":"https:\/\/www.campingvaldevie.fr\/nl\/wp-json\/wp\/v2\/pages"}],"about":[{"href":"https:\/\/www.campingvaldevie.fr\/nl\/wp-json\/wp\/v2\/types\/page"}],"author":[{"embeddable":true,"href":"https:\/\/www.campingvaldevie.fr\/nl\/wp-json\/wp\/v2\/users\/4"}],"replies":[{"embeddable":true,"href":"https:\/\/www.campingvaldevie.fr\/nl\/wp-json\/wp\/v2\/comments?post=20275"}],"version-history":[{"count":14,"href":"https:\/\/www.campingvaldevie.fr\/nl\/wp-json\/wp\/v2\/pages\/20275\/revisions"}],"predecessor-version":[{"id":26135,"href":"https:\/\/www.campingvaldevie.fr\/nl\/wp-json\/wp\/v2\/pages\/20275\/revisions\/26135"}],"wp:attachment":[{"href":"https:\/\/www.campingvaldevie.fr\/nl\/wp-json\/wp\/v2\/media?parent=20275"}],"curies":[{"name":"wp","href":"https:\/\/api.w.org\/{rel}","templated":true}]}}