{"id":26540,"date":"2025-08-04T09:02:47","date_gmt":"2025-08-04T07:02:47","guid":{"rendered":"https:\/\/www.campingvaldevie.fr\/?page_id=26540"},"modified":"2025-09-08T10:40:21","modified_gmt":"2025-09-08T08:40:21","slug":"camping-coex","status":"publish","type":"page","link":"https:\/\/www.campingvaldevie.fr\/nl\/camping-coex\/","title":{"rendered":"Welkom op uw camping in de omgeving van Co\u00ebx"},"content":{"rendered":"<p class=\"has-text-align-center\">La<strong> Vend\u00e9e<\/strong>is <strong>109 km immense stranden<\/strong> , <strong>twee eilanden<\/strong> wilde, ongerepte landschappen - het Ile d'Yeu en Noirmoutier - en de<strong> natuurlijke omgevingen <\/strong>die schommelen tussen bossen, moerassen, bossen en door heggen omgeven landbouwgrond. En tussen deze prachtige landschappen<strong> Loire <\/strong>is onze aangename<strong> camping op een steenworp afstand van Co\u00ebx<\/strong>. Kies voor <strong>breng uw vakantie door in onze <\/strong><a href=\"https:\/\/www.campingvaldevie.fr\/nl\/\">4-sterren camping in Vend\u00e9e<\/a>Dit is de belofte van een rustig etablissement, een gezellige familiesfeer, dicht bij de bezienswaardigheden van de regio en vooral 4-sterrenaccommodatie en -diensten!<br><\/p>\n\n\n\n<h2 class=\"wp-block-heading has-text-align-center\"><strong><strong>Je verblijf in onze 4-sterrenaccommodatie<\/strong><\/strong><\/h2>\n\n\n\n<p class=\"has-text-align-center\">Bezoek <strong>camping Val de Vie<\/strong>Met een ruim aanbod aan accommodaties om uit te kiezen, hebben we aan alles gedacht zodat elke vakantieganger de accommodatie kan vinden die bij hem of haar past. <strong>Standaard stacaravan<\/strong>, <strong>comfort<\/strong>, <strong>premium<\/strong> naar de camping, hoef je alleen nog maar de accommodatie in de Vend\u00e9e te kiezen die het beste bij je past.<strong> unaniem <\/strong>aan alle leden van de familie!<br><\/p>\n\n\n\n<div class=\"wp-block-columns are-vertically-aligned-center is-layout-flex wp-container-core-columns-is-layout-9d6595d7 wp-block-columns-is-layout-flex\">\n<div class=\"wp-block-column is-vertically-aligned-center is-layout-flow wp-block-column-is-layout-flow\" style=\"flex-basis:35%\">\n<figure class=\"wp-block-image size-large is-style-default\"><img loading=\"lazy\" decoding=\"async\" width=\"1024\" height=\"768\" src=\"https:\/\/www.campingvaldevie.fr\/wp-content\/uploads\/2024\/05\/agora-3-et-sa-grande-terrasse-et-cuisine-atypique-1024x768.jpg\" alt=\"Comfort stacaravan\" class=\"wp-image-24853\" srcset=\"https:\/\/www.campingvaldevie.fr\/wp-content\/uploads\/2024\/05\/agora-3-et-sa-grande-terrasse-et-cuisine-atypique-1024x768.jpg 1024w, https:\/\/www.campingvaldevie.fr\/wp-content\/uploads\/2024\/05\/agora-3-et-sa-grande-terrasse-et-cuisine-atypique-300x225.jpg 300w, https:\/\/www.campingvaldevie.fr\/wp-content\/uploads\/2024\/05\/agora-3-et-sa-grande-terrasse-et-cuisine-atypique-768x576.jpg 768w, https:\/\/www.campingvaldevie.fr\/wp-content\/uploads\/2024\/05\/agora-3-et-sa-grande-terrasse-et-cuisine-atypique-1536x1152.jpg 1536w, https:\/\/www.campingvaldevie.fr\/wp-content\/uploads\/2024\/05\/agora-3-et-sa-grande-terrasse-et-cuisine-atypique.jpg 2016w\" sizes=\"auto, (max-width: 1024px) 100vw, 1024px\" \/><\/figure>\n<\/div>\n\n\n\n<div class=\"wp-block-column is-vertically-aligned-center is-layout-flow wp-block-column-is-layout-flow\" style=\"flex-basis:66.66%\">\n<h3 class=\"wp-block-heading\"><strong>Standaard stacaravan<\/strong><\/h3>\n\n\n\n<p>Stelt u zich eens voor dat u uw vakantie in de Vend\u00e9e doorbrengt in onze <strong>camping in de buurt van Co\u00ebx<\/strong> en in het comfort van uw <strong>mobil-home standaard<\/strong>. Van<strong> 26 tot 35m2<\/strong>Deze goed ingerichte accommodaties bieden comfortabel plaats aan maximaal vier personen. <strong>1 tot 6 personen<\/strong>. De aanwezigheid van <strong>2 slaapkamers<\/strong> geeft je een afgezonderde ruimte om je batterijen op te laden. In je <a href=\"https:\/\/www.campingvaldevie.fr\/nl\/accommodatie\/\">stacaravan in Vend\u00e9e<\/a>Met een halfoverdekt terras, volledig ingerichte woonkamer en keuken, eenpersoons- en tweepersoonsbedden en een badkamer met wastafel en toilet.<\/p>\n\n\n\n<h3 class=\"wp-block-heading\"><strong>Comfort stacaravan<\/strong><\/h3>\n\n\n\n<p>En als je je koffers neerzet in <strong>Vend\u00e9e<\/strong> in de <strong>Comfort stacaravan met terras op onze camping bij Co\u00ebx<\/strong> ? Met zijn <strong>3 slaapkamers<\/strong>Het is ideaal voor gezinnen of groepen vrienden die op zoek zijn naar nog meer plezier. <strong>meer ruimte<\/strong> en <strong>comfort <\/strong>dat <strong>standaard stacaravan<\/strong>. Binnen, een <strong>volledig uitgeruste keuken<\/strong> kunt u uw maaltijden net als thuis bereiden, terwijl de <strong>tentoonstelling<\/strong> Het lichte, uitnodigende interieur nodigt je uit om te ontspannen met je gezin. La <strong>moderne badkamer<\/strong> heeft een ruime douche en een apart toilet voor maximaal comfort.<\/p>\n<\/div>\n<\/div>\n\n\n\n<div class=\"wp-block-columns are-vertically-aligned-center is-layout-flex wp-container-core-columns-is-layout-9d6595d7 wp-block-columns-is-layout-flex\">\n<div class=\"wp-block-column is-vertically-aligned-center is-layout-flow wp-block-column-is-layout-flow\" style=\"flex-basis:66.66%\">\n<h3 class=\"wp-block-heading\"><strong>Premium stacaravan<\/strong><\/h3>\n\n\n\n<p>Geniet van een uitzonderlijk verblijf in <strong>Vend\u00e9e<\/strong> door te kiezen voor onze <strong>Premium stacaravans<\/strong>een combinatie van comfort, luxe en ontspanning. Je zult het genoegen hebben om met volle teugen te genieten van een <strong>priv\u00e9 spa<\/strong> om te genieten van een moment van totale ontspanning na een dag de wonderen van de <strong>Loire<\/strong>. Onze <strong>stacaravans van 29m\u00b2 tot 43m\u00b2.<\/strong> voorstellen <strong>2 tot 3 slaapkamers<\/strong> en topapparatuur, waaronder <strong>moderne badkamers<\/strong> en <strong>XXL terrassen<\/strong> om optimaal te genieten van de prachtige natuurlijke omgeving.<\/p>\n\n\n\n<h3 class=\"wp-block-heading\"><strong>Kampeerplaatsen<\/strong><\/h3>\n\n\n\n<p>De staanplaatsen in de open lucht van onze <strong>camping in de buurt van Co\u00ebx<\/strong> de traditionele kampeerervaring combineren met toegang tot diensten en activiteiten <strong>4 sterren <\/strong>van <strong>Camping Val de Vie.<\/strong> <strong>Tent<\/strong>, <strong>caravan<\/strong> of <strong>camper<\/strong>elke locatie wordt zorgvuldig gemarkeerd en <strong>gearceerd<\/strong>. Er wordt alles aan gedaan om je rust en privacy te garanderen tijdens je <strong>vakantie in Vend\u00e9e<\/strong>. Afhankelijk van wat je wilt, kun je kiezen voor een Comfort kampeerplaats met elektriciteit, een Step kampeerplaats geschikt voor wandelaars of campers, of een Premium Freecamp Guinguette kampeerplaats met eigen keuken en sanitair!<\/p>\n<\/div>\n\n\n\n<div class=\"wp-block-column is-vertically-aligned-center is-layout-flow wp-block-column-is-layout-flow\" style=\"flex-basis:35%\">\n<figure class=\"wp-block-image size-full is-style-default\"><img loading=\"lazy\" decoding=\"async\" width=\"778\" height=\"357\" src=\"https:\/\/www.campingvaldevie.fr\/wp-content\/uploads\/2022\/11\/Capture-home-flower.png\" alt=\"Stacaravan camping\" class=\"wp-image-19503\" srcset=\"https:\/\/www.campingvaldevie.fr\/wp-content\/uploads\/2022\/11\/Capture-home-flower.png 778w, https:\/\/www.campingvaldevie.fr\/wp-content\/uploads\/2022\/11\/Capture-home-flower-300x138.png 300w, https:\/\/www.campingvaldevie.fr\/wp-content\/uploads\/2022\/11\/Capture-home-flower-768x352.png 768w\" sizes=\"auto, (max-width: 778px) 100vw, 778px\" \/><\/figure>\n<\/div>\n<\/div>\n\n\n\n<div style=\"height:30px\" aria-hidden=\"true\" class=\"wp-block-spacer\"><\/div>\n\n\n\n<div class=\"wp-block-columns is-layout-flex wp-container-core-columns-is-layout-9d6595d7 wp-block-columns-is-layout-flex\">\n<div class=\"wp-block-column is-layout-flow wp-block-column-is-layout-flow\">\n<h2 class=\"wp-block-heading has-text-align-center\"><strong>Boek uw vakantieaccommodatie op de camping<\/strong><\/h2>\n\n\n\n<p>Deze<strong> 4-sterren camping bij Apremont<\/strong> zet <a href=\"\/nl\/accommodatie\/\">verhuur van verschillende soorten accommodatie<\/a> Stacaravan, lodgetent, volledig uitgerust chalet, schaduwrijke staanplaats... Vergeet niet de beoordelingen te lezen om de juiste keuze te maken!<\/p>\n\n\n\n<p>De stacaravan in het bijzonder is gemeubileerd en uitgerust met een keuken, woonkamer, badkamer en ongeveer 2 slaapkamers. Buiten hebben sommige stacaravans een terras en een jacuzzi.<\/p>\n\n\n\n<details>\n<summary>Meer lezen<\/summary>\n<p>De <strong>camping in de buurt van Apremont<\/strong> zijn onderverdeeld in <strong>3 bereiken<\/strong> :\n<ul><li>La <strong>premium assortiment<\/strong> brengt samen <strong>luxe accommodatie<\/strong> met een oppervlakte van 30m\u00b2 tot 43m\u00b2, zoals de premium lodgetent. Deze heeft een oppervlakte van 32 m\u00b2 en een kwaliteitsuitrusting (ruim terras, <strong>priv\u00e9 spa<\/strong>tuinmeubilair, enz.).<\/li>\n<li>La <strong>comfortbereik<\/strong> brengt samen <strong>comfortabele accommodatie<\/strong>Onze comfort stacaravans. Deze stacaravans vari\u00ebren in grootte van 26 m\u00b2 tot 40 m\u00b2 en zijn geschikt voor 4 tot 8 personen.<\/li>\n<li>La <strong>standaardaanbod<\/strong> biedt een <strong>voldoende comfort<\/strong>. Dit is het geval voor de standaard stacaravan met 26 m\u00b2 en 2 slaapkamers.<\/li><\/ul>\n<\/p>\n<\/details>\n\n\n\n<div class=\"wp-block-columns is-layout-flex wp-container-core-columns-is-layout-9d6595d7 wp-block-columns-is-layout-flex\">\n<div class=\"wp-block-column is-layout-flow wp-block-column-is-layout-flow\" style=\"flex-basis:33.33%\">\n<div class=\"wp-block-create-block-sev-encartsimplebg aligncenter\"><aside class=\"encart-simplebg-sev small\"><a href=\"\/nl\/accommodatie\/#sev-gamme-standard\" class=\"d-flex flex-column align-items-center\"><div class=\"encart-title\"><span>Standaard vanaf \u20ac199 per week<\/span><\/div><img decoding=\"async\" src=\"https:\/\/www.campingvaldevie.fr\/wp-content\/uploads\/2022\/03\/standard.jpg\" alt=\"standaard serie stacaravan\"\/><button class=\"btn\"><\/button><\/a><\/aside><\/div>\n<\/div>\n\n\n\n<div class=\"wp-block-column is-layout-flow wp-block-column-is-layout-flow\" style=\"flex-basis:66.66%\">\n<div class=\"wp-block-create-block-sev-encartsimplebg\"><aside class=\"encart-simplebg-sev small\"><a href=\"\/nl\/accommodatie\/#sev-gamme-confort\" class=\"d-flex flex-column align-items-center\"><div class=\"encart-title\"><span>Comfort vanaf \u20ac269 per week<\/span><\/div><img decoding=\"async\" src=\"https:\/\/www.campingvaldevie.fr\/wp-content\/uploads\/2020\/12\/IMG_2469.jpg\" alt=\"tentoonstelling\"\/><button class=\"btn\"><\/button><\/a><\/aside><\/div>\n<\/div>\n<\/div>\n\n\n\n<div class=\"wp-block-columns is-layout-flex wp-container-core-columns-is-layout-9d6595d7 wp-block-columns-is-layout-flex\">\n<div class=\"wp-block-column is-layout-flow wp-block-column-is-layout-flow\" style=\"flex-basis:66.66%\">\n<div class=\"wp-block-create-block-sev-encartsimplebg\"><aside class=\"encart-simplebg-sev small\"><a href=\"\/nl\/accommodatie\/#sev-gamme-premium\" class=\"d-flex flex-column align-items-center\"><div class=\"encart-title\"><span>Premium aanbod vanaf \u20ac379 per week<\/span><\/div><img decoding=\"async\" src=\"https:\/\/www.campingvaldevie.fr\/wp-content\/uploads\/2022\/07\/meilleur-petit-camping-saint-gilles-croix-de-vie.png\" alt=\"Beste kleine camping Saint Gilles croix de Vie\"\/><button class=\"btn\"><\/button><\/a><\/aside><\/div>\n<\/div>\n\n\n\n<div class=\"wp-block-column is-layout-flow wp-block-column-is-layout-flow\" style=\"flex-basis:33.33%\">\n<div class=\"wp-block-create-block-sev-encartsimplebg\"><aside class=\"encart-simplebg-sev small\"><a href=\"\/nl\/locatie\/\" class=\"d-flex flex-column align-items-center\"><div class=\"encart-title\"><span>Kampeerplaatsen vanaf \u20ac100 per week<\/span><\/div><img decoding=\"async\" src=\"https:\/\/www.campingvaldevie.fr\/wp-content\/uploads\/2019\/11\/emplacement-camping-taille-humaine-vendee.jpg\" alt=\"camping op menselijke schaal in de Vend\u00e9e\"\/><button class=\"btn\"><\/button><\/a><\/aside><\/div>\n<\/div>\n<\/div>\n\n\n\n<div class=\"wp-block-buttons alignwide is-layout-flex wp-block-buttons-is-layout-flex\">\n<div class=\"wp-block-button aligncenter\"><a class=\"wp-block-button__link wp-element-button\" href=\"\/nl\/accommodatie\/\">Ontdek de accommodatie<\/a><\/div>\n<\/div>\n<\/div>\n<\/div>\n\n\n\n<div style=\"height:30px\" aria-hidden=\"true\" class=\"wp-block-spacer\"><\/div>\n\n\n\n<div class=\"wp-block-media-text alignfull has-media-on-the-right is-stacked-on-mobile is-vertically-aligned-center is-style-default\" style=\"grid-template-columns:auto 56%\"><div class=\"wp-block-media-text__content\">\n<h2 class=\"wp-block-heading has-text-align-left has-text-color\" style=\"color:#000000\"><strong><strong>Het overdekte en verwarmde zwembad op uw camping bij Co\u00ebx<\/strong><\/strong><\/h2>\n\n\n\n<p>In uw <strong>camping in de buurt van Co\u00ebx<\/strong>Je zult het genoegen hebben om <strong>verwarmd binnenzwembad<\/strong>. Dit is het centrale punt van de camping, waar jong en oud elkaar graag ontmoeten om te ontspannen of plezier te maken. Verwarmd tot <strong>28\u00b0<\/strong>De temperatuur is altijd ideaal en het is een genot om erin te waden, zwemmen of spetteren. Elke dag geopend van <strong>10.00 tot 19.00 uur.<\/strong>Je kunt er 's ochtends, 's middags en 's avonds van genieten, wat voor weer het ook is!<\/p>\n\n\n\n<p>Deze <strong>zwembad<\/strong> is ook bijzonder populair bij vakantiegangers die op zoek zijn naar ontspanning dankzij de aanwezigheid van <strong>ligstoelen<\/strong> en <strong>twee aangrenzende terrassen<\/strong>.<\/p>\n\n\n\n<p>Tot slot, op slechts een paar stappen van uw <strong>stacaravans<\/strong>Je hebt altijd gemakkelijk toegang tot dit waterpark. Zo kun je je dagen doorbrengen met plezier maken of ontspannen zonder dat je de camping hoeft te verlaten!<\/p>\n\n\n\n<div class=\"wp-block-buttons is-layout-flex wp-block-buttons-is-layout-flex\">\n<div class=\"wp-block-button\"><a class=\"wp-block-button__link wp-element-button\" href=\"\/nl\/het-zwembad\/\">Ontdek het zwembad<\/a><\/div>\n<\/div>\n<\/div><figure class=\"wp-block-media-text__media\"><img loading=\"lazy\" decoding=\"async\" width=\"1024\" height=\"768\" src=\"https:\/\/www.campingvaldevie.fr\/wp-content\/uploads\/2022\/11\/piscine-couverte-et-chauffee-4.jpg\" alt=\"zwembad groep camping vend\u00e9e\" class=\"wp-image-20113 size-full\" srcset=\"https:\/\/www.campingvaldevie.fr\/wp-content\/uploads\/2022\/11\/piscine-couverte-et-chauffee-4.jpg 1024w, https:\/\/www.campingvaldevie.fr\/wp-content\/uploads\/2022\/11\/piscine-couverte-et-chauffee-4-300x225.jpg 300w, https:\/\/www.campingvaldevie.fr\/wp-content\/uploads\/2022\/11\/piscine-couverte-et-chauffee-4-768x576.jpg 768w\" sizes=\"auto, (max-width: 1024px) 100vw, 1024px\" \/><\/figure><\/div>\n\n\n\n<div style=\"height:30px\" aria-hidden=\"true\" class=\"wp-block-spacer\"><\/div>\n\n\n\n<figure class=\"wp-block-gallery alignwide has-nested-images columns-default is-cropped wp-block-gallery-1 is-layout-flex wp-block-gallery-is-layout-flex\">\n<figure class=\"wp-block-image size-full\"><img loading=\"lazy\" decoding=\"async\" width=\"767\" height=\"717\" data-id=\"19687\" src=\"https:\/\/www.campingvaldevie.fr\/wp-content\/uploads\/2022\/11\/piscine-valdevie.png\" alt=\"zwembad coex\" class=\"wp-image-19687\" srcset=\"https:\/\/www.campingvaldevie.fr\/wp-content\/uploads\/2022\/11\/piscine-valdevie.png 767w, https:\/\/www.campingvaldevie.fr\/wp-content\/uploads\/2022\/11\/piscine-valdevie-300x280.png 300w\" sizes=\"auto, (max-width: 767px) 100vw, 767px\" \/><\/figure>\n\n\n\n<figure class=\"wp-block-image size-large\"><img loading=\"lazy\" decoding=\"async\" width=\"1024\" height=\"576\" data-id=\"7543\" src=\"https:\/\/www.campingvaldevie.fr\/wp-content\/uploads\/2020\/12\/tente-lodge-COTTON-1024x576.jpg\" alt=\"Stacaravan tent camping val de vie\" class=\"wp-image-7543\" srcset=\"https:\/\/www.campingvaldevie.fr\/wp-content\/uploads\/2020\/12\/tente-lodge-COTTON-1024x576.jpg 1024w, https:\/\/www.campingvaldevie.fr\/wp-content\/uploads\/2020\/12\/tente-lodge-COTTON-300x169.jpg 300w, https:\/\/www.campingvaldevie.fr\/wp-content\/uploads\/2020\/12\/tente-lodge-COTTON-768x432.jpg 768w, https:\/\/www.campingvaldevie.fr\/wp-content\/uploads\/2020\/12\/tente-lodge-COTTON-1536x864.jpg 1536w, https:\/\/www.campingvaldevie.fr\/wp-content\/uploads\/2020\/12\/tente-lodge-COTTON.jpg 1920w\" sizes=\"auto, (max-width: 1024px) 100vw, 1024px\" \/><\/figure>\n<\/figure>\n\n\n\n<div style=\"height:30px\" aria-hidden=\"true\" class=\"wp-block-spacer\"><\/div>\n\n\n\n<div class=\"wp-block-media-text alignfull is-stacked-on-mobile is-vertically-aligned-center is-image-fill-element is-style-default\" style=\"grid-template-columns:56% auto\"><figure class=\"wp-block-media-text__media\"><img loading=\"lazy\" decoding=\"async\" width=\"1024\" height=\"768\" src=\"https:\/\/www.campingvaldevie.fr\/wp-content\/uploads\/2022\/11\/116126317_293508091899316_6098317041213719654_n-1024x768.jpg\" alt=\"groepen op de camping\" class=\"wp-image-20181 size-full\" style=\"object-position:50% 50%\" srcset=\"https:\/\/www.campingvaldevie.fr\/wp-content\/uploads\/2022\/11\/116126317_293508091899316_6098317041213719654_n-1024x768.jpg 1024w, https:\/\/www.campingvaldevie.fr\/wp-content\/uploads\/2022\/11\/116126317_293508091899316_6098317041213719654_n-300x225.jpg 300w, https:\/\/www.campingvaldevie.fr\/wp-content\/uploads\/2022\/11\/116126317_293508091899316_6098317041213719654_n-768x576.jpg 768w, https:\/\/www.campingvaldevie.fr\/wp-content\/uploads\/2022\/11\/116126317_293508091899316_6098317041213719654_n.jpg 1125w\" sizes=\"auto, (max-width: 1024px) 100vw, 1024px\" \/><\/figure><div class=\"wp-block-media-text__content\">\n<h2 class=\"wp-block-heading has-text-align-left has-text-color\" style=\"color:#000000\"><strong><strong><strong>Een breed scala aan diensten en activiteiten<\/strong><\/strong><\/strong><\/h2>\n\n\n\n<p>Om uw <strong>verblijf in Vend\u00e9e<\/strong> nog aangenamer, de <strong>camping Val de Vie<\/strong> biedt u een<strong> een breed scala aan diensten en activiteiten <\/strong>voor iedereen:<\/p>\n\n\n\n<h3 class=\"wp-block-heading\"><strong>Diensten ter plaatse :<\/strong><\/h3>\n\n\n\n<ul class=\"wp-block-list\">\n<li><strong>Wi-Fi<\/strong> gratis op de hele camping<\/li>\n\n\n\n<li><strong>Barbecue huren<\/strong> en koelkast voor maaltijden buitenshuis<\/li>\n\n\n\n<li><strong>Huur kinderbed<\/strong> en kinderstoel voor gezinnen<\/li>\n\n\n\n<li><strong>Wasserij<\/strong> met wasmachine en wasdroger<\/li>\n\n\n\n<li><strong>Bruikleen van strijkijzer en strijkplank<\/strong><\/li>\n\n\n\n<li><strong>Lening van stofzuiger<\/strong> voor het schoonmaken van huuraccommodaties<\/li>\n\n\n\n<li><strong>Afhaalmaaltijden<\/strong> koude dranken, ijs, brood en gebak<\/li>\n\n\n\n<li><strong>Snackbar<\/strong> en <strong>basisboodschappen<\/strong><\/li>\n\n\n\n<li><strong>Toegankelijke toiletten<\/strong> voor mensen met beperkte mobiliteit<\/li>\n<\/ul>\n\n\n\n<h3 class=\"wp-block-heading\"><strong>Vrijetijdsactiviteiten ter plaatse :<\/strong><\/h3>\n\n\n\n<ul class=\"wp-block-list\">\n<li><strong>Verwarmd en overdekt zwembad<\/strong> (open van 10 tot 19 uur)<\/li>\n\n\n\n<li><strong>Home-Ball gebied<\/strong> (collectief spel 6x6m)<\/li>\n\n\n\n<li><strong>Trampoline<\/strong>, <strong>hangbrug<\/strong>, <strong>dia<\/strong> en <strong>schommel<\/strong><\/li>\n\n\n\n<li><strong>Bowls spelletjes<\/strong>, <strong>tafeltennis<\/strong>, <strong>tafelvoetbal<\/strong> en <strong>sjoelbak<\/strong><\/li>\n\n\n\n<li><strong>Miniboerderij<\/strong> voor kinderen<\/li>\n<\/ul>\n\n\n\n<p>In uw <strong>camping in de buurt van Co\u00ebx<\/strong>Alles is aanwezig om je verblijf zo aangenaam mogelijk te maken.<\/p>\n\n\n\n<p>Geniet van een onvergetelijke vakantie in je eigen huis <strong>camping op een steenworp afstand van Co\u00ebx<\/strong> ! Boek nu uw verblijf op onze familiecamping in de Vend\u00e9e en geniet volop van de schoonheid van de streek!<\/p>\n\n\n\n<p><\/p>\n<\/div><\/div>\n\n\n\n<div style=\"height:30px\" aria-hidden=\"true\" class=\"wp-block-spacer\"><\/div>\n\n\n\n<div class=\"wp-block-columns is-layout-flex wp-container-core-columns-is-layout-9d6595d7 wp-block-columns-is-layout-flex\">\n<div class=\"wp-block-column is-layout-flow wp-block-column-is-layout-flow\">\n<div class=\"wp-block-buttons is-layout-flex wp-block-buttons-is-layout-flex\">\n<div class=\"wp-block-button aligncenter\"><a class=\"wp-block-button__link wp-element-button\" href=\"https:\/\/bookingpremium.secureholiday.net\/fr\/10284\/\" target=\"_blank\" rel=\"noreferrer noopener\">Boek<\/a><\/div>\n<\/div>\n<\/div>\n\n\n\n<div class=\"wp-block-column is-layout-flow wp-block-column-is-layout-flow\">\n<div class=\"wp-block-buttons is-layout-flex wp-block-buttons-is-layout-flex\">\n<div class=\"wp-block-button aligncenter\"><a class=\"wp-block-button__link wp-element-button\" href=\"\/nl\/neem-contact-op-met\/\">Neem contact met ons op<\/a><\/div>\n<\/div>\n<\/div>\n<\/div>\n\n\n\n<div class=\"wp-block-group\"><div class=\"wp-block-group__inner-container is-layout-constrained wp-block-group-is-layout-constrained\">\n<h2 class=\"wp-block-heading has-text-align-center\">Ontdek ook<\/h2>\n\n\n\n<div class=\"wp-block-columns is-layout-flex wp-container-core-columns-is-layout-9d6595d7 wp-block-columns-is-layout-flex\">\n<div class=\"wp-block-column is-layout-flow wp-block-column-is-layout-flow\">\n<div class=\"wp-block-cover is-light has-small-font-size\" style=\"min-height:350px;aspect-ratio:unset;\"><img loading=\"lazy\" decoding=\"async\" width=\"1200\" height=\"800\" class=\"wp-block-cover__image-background wp-image-20331\" alt=\"Meer van Apremont\" src=\"https:\/\/www.campingvaldevie.fr\/wp-content\/uploads\/2022\/12\/lac-apremont.jpg\" data-object-fit=\"cover\" srcset=\"https:\/\/www.campingvaldevie.fr\/wp-content\/uploads\/2022\/12\/lac-apremont.jpg 1200w, https:\/\/www.campingvaldevie.fr\/wp-content\/uploads\/2022\/12\/lac-apremont-300x200.jpg 300w, https:\/\/www.campingvaldevie.fr\/wp-content\/uploads\/2022\/12\/lac-apremont-1024x683.jpg 1024w, https:\/\/www.campingvaldevie.fr\/wp-content\/uploads\/2022\/12\/lac-apremont-768x512.jpg 768w\" sizes=\"auto, (max-width: 1200px) 100vw, 1200px\" \/><span aria-hidden=\"true\" class=\"wp-block-cover__background has-background-dim\"><\/span><div class=\"wp-block-cover__inner-container is-layout-flow wp-block-cover-is-layout-flow\">\n<p class=\"has-text-align-center has-large-font-size\"><a href=\"https:\/\/www.campingvaldevie.fr\/nl\/camping-dichtbij-commequiers\/\">Camping Les Foug\u00e8res<\/a><\/p>\n<\/div><\/div>\n<\/div>\n\n\n\n<div class=\"wp-block-column is-layout-flow wp-block-column-is-layout-flow\">\n<div class=\"wp-block-cover is-light has-small-font-size\" style=\"min-height:350px;aspect-ratio:unset;\"><img loading=\"lazy\" decoding=\"async\" width=\"1200\" height=\"800\" class=\"wp-block-cover__image-background wp-image-20298\" alt=\"toerisme aizenay\" src=\"https:\/\/www.campingvaldevie.fr\/wp-content\/uploads\/2022\/12\/tourisme-aizenay.jpg\" data-object-fit=\"cover\" srcset=\"https:\/\/www.campingvaldevie.fr\/wp-content\/uploads\/2022\/12\/tourisme-aizenay.jpg 1200w, https:\/\/www.campingvaldevie.fr\/wp-content\/uploads\/2022\/12\/tourisme-aizenay-300x200.jpg 300w, https:\/\/www.campingvaldevie.fr\/wp-content\/uploads\/2022\/12\/tourisme-aizenay-1024x683.jpg 1024w, https:\/\/www.campingvaldevie.fr\/wp-content\/uploads\/2022\/12\/tourisme-aizenay-768x512.jpg 768w\" sizes=\"auto, (max-width: 1200px) 100vw, 1200px\" \/><span aria-hidden=\"true\" class=\"wp-block-cover__background has-background-dim\"><\/span><div class=\"wp-block-cover__inner-container is-layout-flow wp-block-cover-is-layout-flow\">\n<p class=\"has-text-align-center has-large-font-size\"><a href=\"\/nl\/camping-la-roche-sur-yon\/\">Camping La Roche-sur-Yon<\/a><\/p>\n<\/div><\/div>\n<\/div>\n\n\n\n<div class=\"wp-block-column is-layout-flow wp-block-column-is-layout-flow\">\n<div class=\"wp-block-cover has-small-font-size\" style=\"min-height:350px;aspect-ratio:unset;\"><img loading=\"lazy\" decoding=\"async\" width=\"700\" height=\"466\" class=\"wp-block-cover__image-background wp-image-18902\" alt=\"vakantie Kleine camping bij Br\u00e9tignolles sur Mer\" src=\"https:\/\/www.campingvaldevie.fr\/wp-content\/uploads\/2022\/09\/vacances-petit-camping-proche-bretignolles-sur-mer.jpg\" data-object-fit=\"cover\" srcset=\"https:\/\/www.campingvaldevie.fr\/wp-content\/uploads\/2022\/09\/vacances-petit-camping-proche-bretignolles-sur-mer.jpg 700w, https:\/\/www.campingvaldevie.fr\/wp-content\/uploads\/2022\/09\/vacances-petit-camping-proche-bretignolles-sur-mer-300x200.jpg 300w\" sizes=\"auto, (max-width: 700px) 100vw, 700px\" \/><span aria-hidden=\"true\" class=\"wp-block-cover__background has-background-dim\"><\/span><div class=\"wp-block-cover__inner-container is-layout-flow wp-block-cover-is-layout-flow\">\n<p class=\"has-text-align-center has-large-font-size\"><a href=\"\/nl\/camping-bretignolles-sur-mer\/\">Camping Bretignolles<\/a><\/p>\n<\/div><\/div>\n<\/div>\n<\/div>\n<\/div><\/div>","protected":false},"excerpt":{"rendered":"<p>La Vend\u00e9e, c\u2019est 109 km d\u2019immenses plages , deux \u00eeles aux paysages sauvages et pr\u00e9serv\u00e9s &#8211; l\u2019Ile d\u2019Yeu et Noirmoutier &#8211; et des environnements naturels qui oscillent entre for\u00eats, marais, bois et bocage. Et parmi ces beaux paysages des Pays de la Loire se trouve notre agr\u00e9able camping situ\u00e9 \u00e0 deux pas de Co\u00ebx. Choisir [&hellip;]<\/p>\n","protected":false},"author":2,"featured_media":0,"parent":0,"menu_order":0,"comment_status":"closed","ping_status":"closed","template":"","meta":{"_seopress_robots_primary_cat":"","_seopress_titles_title":"Camping 4 \u00e9toiles pr\u00e8s de Co\u00ebx en Vend\u00e9e | Val de Vie","_seopress_titles_desc":"Vivez des vacances inoubliables en Vend\u00e9e dans notre camping 4 \u00e9toiles pr\u00e8s de Co\u00ebx : piscine chauff\u00e9e, mobil-homes tout confort et activit\u00e9s familiales.","_seopress_robots_index":"","footnotes":""},"class_list":["post-26540","page","type-page","status-publish","hentry"],"_links":{"self":[{"href":"https:\/\/www.campingvaldevie.fr\/nl\/wp-json\/wp\/v2\/pages\/26540","targetHints":{"allow":["GET"]}}],"collection":[{"href":"https:\/\/www.campingvaldevie.fr\/nl\/wp-json\/wp\/v2\/pages"}],"about":[{"href":"https:\/\/www.campingvaldevie.fr\/nl\/wp-json\/wp\/v2\/types\/page"}],"author":[{"embeddable":true,"href":"https:\/\/www.campingvaldevie.fr\/nl\/wp-json\/wp\/v2\/users\/2"}],"replies":[{"embeddable":true,"href":"https:\/\/www.campingvaldevie.fr\/nl\/wp-json\/wp\/v2\/comments?post=26540"}],"version-history":[{"count":6,"href":"https:\/\/www.campingvaldevie.fr\/nl\/wp-json\/wp\/v2\/pages\/26540\/revisions"}],"predecessor-version":[{"id":26546,"href":"https:\/\/www.campingvaldevie.fr\/nl\/wp-json\/wp\/v2\/pages\/26540\/revisions\/26546"}],"wp:attachment":[{"href":"https:\/\/www.campingvaldevie.fr\/nl\/wp-json\/wp\/v2\/media?parent=26540"}],"curies":[{"name":"wp","href":"https:\/\/api.w.org\/{rel}","templated":true}]}}