{"id":26571,"date":"2025-09-22T11:44:47","date_gmt":"2025-09-22T09:44:47","guid":{"rendered":"https:\/\/www.campingvaldevie.fr\/?page_id=26571"},"modified":"2026-02-25T11:38:02","modified_gmt":"2026-02-25T10:38:02","slug":"bretignolles-sur-mer-stranden","status":"publish","type":"page","link":"https:\/\/www.campingvaldevie.fr\/nl\/tourisme-vendee\/plages-bretignolles-sur-mer\/","title":{"rendered":"Alles wat je moet weten over de stranden van Br\u00e9tignolles-sur-Mer"},"content":{"rendered":"<p class=\"has-text-align-center\"><strong>Br\u00e9tignolles-sur-Mer<\/strong>met zijn gevarieerde kustlijn van <strong>13 km<\/strong>is een bestemming bij uitstek op de <strong>Kust van de Vend\u00e9e<\/strong>. Met zijn uitgestrekte vlaktes, ongerepte duinen en rotsachtige baaien is er voor elk wat wils. Voor een geslaagde vakantie stel je je dagen voor op een <strong>Br\u00e9tignolles-sur-Mer strand<\/strong>aangevuld door de rust van onze<a href=\"https:\/\/www.campingvaldevie.fr\/nl\/\"> 4-sterren camping in Vend\u00e9e<\/a>. Het is de belofte van een vakantie in balans tussen de energie van de Atlantische Oceaan en de rust van het achterland.<\/p>\n\n\n\n<h2 class=\"wp-block-heading\"><strong>Br\u00e9tignolles-sur-Mer stranden in een oogopslag<\/strong><\/h2>\n\n\n\n<p>Om je te helpen kiezen, volgt hier een kort overzicht van de juweeltjes van de Bretonse kust.<\/p>\n\n\n\n<table style=\"border-collapse: collapse; width: 100%; text-align: left;\">\n  <thead>\n    <tr>\n      <th style=\"border: 1px solid #000; padding: 8px;\">Strand<\/th>\n      <th style=\"border: 1px solid #000; padding: 8px;\">Ideaal voor...<\/th>\n      <th style=\"border: 1px solid #000; padding: 8px;\">Eerste hulppost<\/th>\n      <th style=\"border: 1px solid #000; padding: 8px;\">Toegang PRM<\/th>\n      <th style=\"border: 1px solid #000; padding: 8px;\">Honden toegestaan (voorwaarden)<\/th>\n    <\/tr>\n  <\/thead>\n  <tbody>\n    <tr>\n      <td style=\"border: 1px solid #000; padding: 8px;\">La Normandeli\u00e8re<\/td>\n      <td style=\"border: 1px solid #000; padding: 8px;\">Gezinnen, watersport<\/td>\n      <td style=\"border: 1px solid #000; padding: 8px;\">Ja (half juni tot half september)<\/td>\n      <td style=\"border: 1px solid #000; padding: 8px;\">Ja (Tiralo)<\/td>\n      <td style=\"border: 1px solid #000; padding: 8px;\">Ja (20.00-10.00 uur, 1\/06-30\/09)<\/td>\n    <\/tr>\n    <tr>\n      <td style=\"border: 1px solid #000; padding: 8px;\">Duinen<\/td>\n      <td style=\"border: 1px solid #000; padding: 8px;\">Natuur, surfen, kitesurfen<\/td>\n      <td style=\"border: 1px solid #000; padding: 8px;\">Ja (juli-augustus)<\/td>\n      <td style=\"border: 1px solid #000; padding: 8px;\">Ja (vloeren)<\/td>\n      <td style=\"border: 1px solid #000; padding: 8px;\">Ja (de hele dag aangelijnd)<\/td>\n    <\/tr>\n    <tr>\n      <td style=\"border: 1px solid #000; padding: 8px;\">La Sauzaie<\/td>\n      <td style=\"border: 1px solid #000; padding: 8px;\">Ervaren surfers, kreken<\/td>\n      <td style=\"border: 1px solid #000; padding: 8px;\">Ja (juli-augustus)<\/td>\n      <td style=\"border: 1px solid #000; padding: 8px;\">Ja (vasthouden)<\/td>\n      <td style=\"border: 1px solid #000; padding: 8px;\">Ja (20.00-10.00 uur, 1\/06-30\/09)<\/td>\n    <\/tr>\n    <tr>\n      <td style=\"border: 1px solid #000; padding: 8px;\">La Par\u00e9e<\/td>\n      <td style=\"border: 1px solid #000; padding: 8px;\">Vissen aan de kust, dorpssfeer<\/td>\n      <td style=\"border: 1px solid #000; padding: 8px;\">Ja<\/td>\n      <td style=\"border: 1px solid #000; padding: 8px;\">Ja (vasthouden)<\/td>\n      <td style=\"border: 1px solid #000; padding: 8px;\">Ja (20.00-10.00 uur, 1\/06-30\/09)<\/td>\n    <\/tr>\n    <tr>\n      <td style=\"border: 1px solid #000; padding: 8px;\">Marais Girard<\/td>\n      <td style=\"border: 1px solid #000; padding: 8px;\">Gezinnen, gemoedsrust<\/td>\n      <td style=\"border: 1px solid #000; padding: 8px;\">Geen<\/td>\n      <td style=\"border: 1px solid #000; padding: 8px;\">Ja (vasthouden)<\/td>\n      <td style=\"border: 1px solid #000; padding: 8px;\">Ja (20.00-10.00 uur, 1\/06-30\/09)<\/td>\n    <\/tr>\n  <\/tbody>\n<\/table>\n\n\n\n<div style=\"height:30px\" aria-hidden=\"true\" class=\"wp-block-spacer\"><\/div>\n\n\n\n<div class=\"wp-block-media-text alignfull has-media-on-the-right is-stacked-on-mobile is-vertically-aligned-center is-style-default\" style=\"grid-template-columns:auto 40%\"><div class=\"wp-block-media-text__content\">\n<h2 class=\"wp-block-heading has-text-align-left\">Het strand van La Normandeli\u00e8re: de place to be voor gezinnen<\/h2>\n\n\n\n<p>Gelegen rue de <strong>La Normandeli\u00e8re<\/strong>Dit strand wordt vaak genoemd als <strong>\"HET geweldige familiestrand <\/strong>van het resort. De zachte helling is geruststellend voor ouders.<\/p>\n\n\n\n<ul class=\"wp-block-list\">\n<li><strong>Ons advies:<\/strong> Een eerstehulppost is geopend van half juni tot half september. Een Tiralo is beschikbaar voor mensen met beperkte mobiliteit. Er is parkeergelegenheid in de buurt.<\/li>\n\n\n\n<li><strong>Onze favoriet :<\/strong> het zeewaterzwembad, een fantastisch en veilig speelterrein voor de jongste bezoekers wanneer de zee zich terugtrekt.<\/li>\n\n\n\n<li><strong>Vrije tijd :<\/strong> de gemeentelijke zeilschool biedt <strong>catamaran kennismaking<\/strong>op <strong>kajak<\/strong> of de <strong>windsurfen<\/strong>. De rotsen worden omgetoverd tot een natuurlijk aquarium voor leerling-vissers op het intergetijdengebied.<\/li>\n<\/ul>\n<\/div><figure class=\"wp-block-media-text__media\"><img loading=\"lazy\" decoding=\"async\" width=\"1024\" height=\"683\" src=\"https:\/\/www.campingvaldevie.fr\/wp-content\/uploads\/2022\/02\/ecole-de-voile-de-la-normandeliere-bretignolles-sur-mer-IMG_2182-1024x683.jpg\" alt=\"Normandi\u00eb strand\" class=\"wp-image-14450 size-large\" srcset=\"https:\/\/www.campingvaldevie.fr\/wp-content\/uploads\/2022\/02\/ecole-de-voile-de-la-normandeliere-bretignolles-sur-mer-IMG_2182-1024x683.jpg 1024w, https:\/\/www.campingvaldevie.fr\/wp-content\/uploads\/2022\/02\/ecole-de-voile-de-la-normandeliere-bretignolles-sur-mer-IMG_2182-300x200.jpg 300w, https:\/\/www.campingvaldevie.fr\/wp-content\/uploads\/2022\/02\/ecole-de-voile-de-la-normandeliere-bretignolles-sur-mer-IMG_2182-768x512.jpg 768w, https:\/\/www.campingvaldevie.fr\/wp-content\/uploads\/2022\/02\/ecole-de-voile-de-la-normandeliere-bretignolles-sur-mer-IMG_2182.jpg 1200w\" sizes=\"auto, (max-width: 1024px) 100vw, 1024px\" \/><\/figure><\/div>\n\n\n\n<div style=\"height:30px\" aria-hidden=\"true\" class=\"wp-block-spacer\"><\/div>\n\n\n\n<div class=\"wp-block-media-text alignfull is-stacked-on-mobile is-vertically-aligned-center is-style-default\" style=\"grid-template-columns:40% auto\"><figure class=\"wp-block-media-text__media\"><img loading=\"lazy\" decoding=\"async\" width=\"1024\" height=\"682\" src=\"https:\/\/www.campingvaldevie.fr\/wp-content\/uploads\/2018\/02\/dunes-saint-jean-de-monts-IMG_4427-1024x682.jpg\" alt=\"Duinen strand\" class=\"wp-image-12890 size-full\" srcset=\"https:\/\/www.campingvaldevie.fr\/wp-content\/uploads\/2018\/02\/dunes-saint-jean-de-monts-IMG_4427-1024x682.jpg 1024w, https:\/\/www.campingvaldevie.fr\/wp-content\/uploads\/2018\/02\/dunes-saint-jean-de-monts-IMG_4427-300x200.jpg 300w, https:\/\/www.campingvaldevie.fr\/wp-content\/uploads\/2018\/02\/dunes-saint-jean-de-monts-IMG_4427-768x512.jpg 768w, https:\/\/www.campingvaldevie.fr\/wp-content\/uploads\/2018\/02\/dunes-saint-jean-de-monts-IMG_4427.jpg 1100w\" sizes=\"auto, (max-width: 1024px) 100vw, 1024px\" \/><\/figure><div class=\"wp-block-media-text__content\">\n<h2 class=\"wp-block-heading has-text-align-left\">Duinenstrand: de roep van de open zee en surfen<\/h2>\n\n\n\n<p>Ten zuiden van<a href=\"https:\/\/www.campingvaldevie.fr\/nl\/toerisme-vendee\/bretignolles-sur-mer\/\"> Br\u00e9tignolles-sur-Mer<\/a>Het strand van de duinen strekt zich over meerdere kilometers uit, een beschermd natuurgebied dat op de Werelderfgoedlijst staat.<strong> Natura 2000<\/strong>. Dit is een <strong>Br\u00e9tignolles-sur-Mer strand<\/strong> met zijn wilde en authentieke karakter.<\/p>\n\n\n\n<ul class=\"wp-block-list\">\n<li><strong>Ons advies:<\/strong> Talrijke parkeerplaatsen zorgen voor een gemakkelijke toegang. De veiligheid wordt gegarandeerd door twee eerstehulpposten in juli en augustus. Toegang vanaf onze <a href=\"https:\/\/www.campingvaldevie.fr\/nl\/camping-pmr-vendee\/\">PRM camping in Vend\u00e9e<\/a> is uitgerust met vlonders.<\/li>\n\n\n\n<li><strong>Onze favoriet :<\/strong> zijn onmetelijkheid. Zelfs in hartje zomer vind je hier altijd wel een rustig plekje om je handdoek neer te leggen, weg van de drukte.<\/li>\n\n\n\n<li><strong>Sportaanbod :<\/strong> is de place to be voor de <strong>surfen <\/strong>en de <strong>kitesurf<\/strong>Duinen, met speciale gebieden (Duinen 1 en Duinen 2). Scholen zoals <strong>Breti SURFSCHOOL<\/strong> om te beginnen.<\/li>\n<\/ul>\n<\/div><\/div>\n\n\n\n<div style=\"height:30px\" aria-hidden=\"true\" class=\"wp-block-spacer\"><\/div>\n\n\n\n<div class=\"wp-block-media-text alignfull has-media-on-the-right is-stacked-on-mobile is-vertically-aligned-center is-style-default\" style=\"grid-template-columns:auto 40%\"><div class=\"wp-block-media-text__content\">\n<h2 class=\"wp-block-heading has-text-align-left\">Sauzaie strand: de plek voor ervaren surfers<\/h2>\n\n\n\n<p>In het noorden leidt de corniche naar de <strong>Sauzaie strand<\/strong>Deze surfspot is beroemd tot ver buiten de Vend\u00e9e.<\/p>\n\n\n\n<ul class=\"wp-block-list\">\n<li><strong>Onze favoriet :<\/strong> de show vanaf de esplanade. Kijk hoe de doorgewinterde surfers dansen op de krachtige golven, die vaak worden vergeleken met die van de Landes.<\/li>\n\n\n\n<li><strong>Ter plaatse:<\/strong> surfen natuurlijk, vooral als de zee opkomt. Als de oceaan laag staat, openbaart de rotsachtige baai zich, ideaal voor een rustigere afkoeling.<\/li>\n\n\n\n<li><strong>Ons advies:<\/strong> is de <strong>het beste strand in Br\u00e9tignolles-sur-Mer<\/strong> voor <strong>wintersportliefhebbers<\/strong>. Een eerstehulppost is beschikbaar in juli en augustus. Een scheepshelling biedt gemakkelijke toegang voor PBM's.<\/li>\n<\/ul>\n<\/div><figure class=\"wp-block-media-text__media\"><img loading=\"lazy\" decoding=\"async\" width=\"1024\" height=\"682\" src=\"https:\/\/www.campingvaldevie.fr\/wp-content\/uploads\/2018\/02\/ile-noirmoutier-bois-de-la-chaize-plage-crique-1024x682.jpg\" alt=\"\" class=\"wp-image-12853 size-full\" srcset=\"https:\/\/www.campingvaldevie.fr\/wp-content\/uploads\/2018\/02\/ile-noirmoutier-bois-de-la-chaize-plage-crique-1024x682.jpg 1024w, https:\/\/www.campingvaldevie.fr\/wp-content\/uploads\/2018\/02\/ile-noirmoutier-bois-de-la-chaize-plage-crique-300x200.jpg 300w, https:\/\/www.campingvaldevie.fr\/wp-content\/uploads\/2018\/02\/ile-noirmoutier-bois-de-la-chaize-plage-crique-768x512.jpg 768w, https:\/\/www.campingvaldevie.fr\/wp-content\/uploads\/2018\/02\/ile-noirmoutier-bois-de-la-chaize-plage-crique.jpg 1100w\" sizes=\"auto, (max-width: 1024px) 100vw, 1024px\" \/><\/figure><\/div>\n\n\n\n<div style=\"height:30px\" aria-hidden=\"true\" class=\"wp-block-spacer\"><\/div>\n\n\n\n<div class=\"wp-block-media-text alignfull is-stacked-on-mobile is-vertically-aligned-center is-style-default\" style=\"grid-template-columns:40% auto\"><figure class=\"wp-block-media-text__media\"><img loading=\"lazy\" decoding=\"async\" width=\"1024\" height=\"683\" src=\"https:\/\/www.campingvaldevie.fr\/wp-content\/uploads\/2022\/12\/plage-paree-du-jonc-1024x683.jpg\" alt=\"\" class=\"wp-image-20305 size-full\" srcset=\"https:\/\/www.campingvaldevie.fr\/wp-content\/uploads\/2022\/12\/plage-paree-du-jonc-1024x683.jpg 1024w, https:\/\/www.campingvaldevie.fr\/wp-content\/uploads\/2022\/12\/plage-paree-du-jonc-300x200.jpg 300w, https:\/\/www.campingvaldevie.fr\/wp-content\/uploads\/2022\/12\/plage-paree-du-jonc-768x512.jpg 768w, https:\/\/www.campingvaldevie.fr\/wp-content\/uploads\/2022\/12\/plage-paree-du-jonc.jpg 1200w\" sizes=\"auto, (max-width: 1024px) 100vw, 1024px\" \/><\/figure><div class=\"wp-block-media-text__content\">\n<h2 class=\"wp-block-heading has-text-align-left\">Het strand van La Par\u00e9e: de sfeer van een dorpscentrum<\/h2>\n\n\n\n<p>Genesteld in het hart van de <strong>gehucht la Par\u00e9e<\/strong>Dit strand is toegankelijk via de <strong>plaats Joubert<\/strong>een levendige plek in de zomer.<\/p>\n\n\n\n<ul class=\"wp-block-list\">\n<li><strong>Onze favoriet :<\/strong> de levendige sfeer van het gebied. Na het strand kun je genieten van de restaurants, bars en ijssalons op een steenworp afstand.<\/li>\n\n\n\n<li><strong>Ter plaatse:<\/strong> Wanneer de zee zich terugtrekt, zijn de uitgestrekte rotspartijen een genot voor liefhebbers van het buitenleven. <strong>vissen in de intergetijdengebieden<\/strong>.<\/li>\n\n\n\n<li><strong>Ons advies:<\/strong> Controleer de dienstregeling voor de oceaanbewegingen. Het strand is erg klein of onbestaande als de zee hoog staat. Er zijn verschillende parkeermogelijkheden, waaronder de <strong>gratis parkeren op de Corniche<\/strong>.<\/li>\n<\/ul>\n<\/div><\/div>\n\n\n\n<div style=\"height:30px\" aria-hidden=\"true\" class=\"wp-block-spacer\"><\/div>\n\n\n\n<div class=\"wp-block-media-text alignfull has-media-on-the-right is-stacked-on-mobile is-vertically-aligned-center is-style-default\" style=\"grid-template-columns:auto 40%\"><div class=\"wp-block-media-text__content\">\n<h2 class=\"wp-block-heading has-text-align-left\">Het strand van Marais Girard: een intieme baai&nbsp;<\/h2>\n\n\n\n<p>Bij de ingang van het station, langs de<strong>avenue de la Grande Roche<\/strong>is de <strong>Marais Girard strand<\/strong>. Een plek die gewaardeerd wordt om zijn rust.<\/p>\n\n\n\n<ul class=\"wp-block-list\">\n<li><strong>Onze favoriet :<\/strong> de meer vertrouwelijke sfeer. Het is de perfecte plek voor een ontspannen dag weg van de drukte van de grote stranden.<\/li>\n\n\n\n<li><strong>Ter plaatse:<\/strong> de <strong>Les Dauphins strandclub<\/strong> verwelkomt kinderen van 4 tot 14 jaar. De rotsen rechts van het strand trekken vissers aan.<\/li>\n\n\n\n<li><strong>Ons advies:<\/strong> Wees waakzaam, want dit strand heeft geen eerstehulppost. Er is gratis parkeergelegenheid bij de ingang. Beoordelingen van de <strong>Br\u00e9tignolles-sur-Mer strand <\/strong>aanbevelen vanwege de rust.<\/li>\n<\/ul>\n<\/div><figure class=\"wp-block-media-text__media\"><img loading=\"lazy\" decoding=\"async\" width=\"1024\" height=\"683\" src=\"https:\/\/www.campingvaldevie.fr\/wp-content\/uploads\/2019\/08\/plage-boisvinet-saint-gilles-croix-de-vie-IMG_9078-1024x683.jpg\" alt=\"\" class=\"wp-image-13265 size-full\" srcset=\"https:\/\/www.campingvaldevie.fr\/wp-content\/uploads\/2019\/08\/plage-boisvinet-saint-gilles-croix-de-vie-IMG_9078-1024x683.jpg 1024w, https:\/\/www.campingvaldevie.fr\/wp-content\/uploads\/2019\/08\/plage-boisvinet-saint-gilles-croix-de-vie-IMG_9078-300x200.jpg 300w, https:\/\/www.campingvaldevie.fr\/wp-content\/uploads\/2019\/08\/plage-boisvinet-saint-gilles-croix-de-vie-IMG_9078-768x512.jpg 768w, https:\/\/www.campingvaldevie.fr\/wp-content\/uploads\/2019\/08\/plage-boisvinet-saint-gilles-croix-de-vie-IMG_9078-1536x1024.jpg 1536w, https:\/\/www.campingvaldevie.fr\/wp-content\/uploads\/2019\/08\/plage-boisvinet-saint-gilles-croix-de-vie-IMG_9078-2048x1365.jpg 2048w\" sizes=\"auto, (max-width: 1024px) 100vw, 1024px\" \/><\/figure><\/div>\n\n\n\n<div style=\"height:30px\" aria-hidden=\"true\" class=\"wp-block-spacer\"><\/div>\n\n\n\n<h2 class=\"wp-block-heading has-text-align-left\">FAQ: alles wat je moet weten over je dagje aan het strand<\/h2>\n\n\n\n<section style=\"width: 70%;\">\n  <details style=\"border:1px solid #ccc; border-radius:8px; margin-bottom:10px; padding:10px; background:#f9f9f9;\">\n    <summary style=\"cursor:pointer; display:flex; justify-content:space-between; align-items:center; list-style:none;\">\n      <h3 style=\"color:#000; font-size:18px; margin:0;\">Welk strand is geschikt voor mijn hond in Bretignolles-sur-Mer?<\/h3>\n      <span style=\"transition:transform 0.3s;\">\u27a4<\/span>\n    <\/summary>\n    <p style=\"margin-top:10px; color:#555; line-height:1.5;\">\n      Goed nieuws voor huisdiereigenaren! Op de meeste stranden zijn honden aangelijnd toegestaan tussen 20.00 en 10.00 uur, van 1 juni tot 30 september. Op het strand van Les Dunes zijn onze viervoeters de hele dag welkom, mits ze aangelijnd zijn. Dit is belangrijke informatie als je een uitstapje naar een strand organiseert. <strong>strand bij Br\u00e9tignolles-sur-Mer<\/strong> met je hond.\n    <\/p>\n  <\/details>\n\n  <details style=\"border:1px solid #ccc; border-radius:8px; margin-bottom:10px; padding:10px; background:#f9f9f9;\">\n    <summary style=\"cursor:pointer; display:flex; justify-content:space-between; align-items:center; list-style:none;\">\n      <h3 style=\"color:#000; font-size:18px; margin:0;\">Waar kan ik gemakkelijk parkeren?<\/h3>\n      <span style=\"transition:transform 0.3s;\">\u27a4<\/span>\n    <\/summary>\n    <p style=\"margin-top:10px; color:#555; line-height:1.5;\">\n      Elk strand heeft zijn eigen parkeergelegenheid. Het strand van de Duinen heeft de beste faciliteiten, met veel parkeerplaatsen. Voor La Par\u00e9e zijn de parkeerterreinen Corniche en Osselins gratis. De Marais Girard heeft ook een gratis parkeerplaats bij de hoofdingang.\n\nDe kustlijn van Br\u00e9tignolles-sur-Mer nodigt voortdurend uit tot ontdekking. Elke inham en strook vertelt een ander verhaal. Na een verkwikkende dag op de <strong>Bretignolles-sur-Mer strand<\/strong>geniet van de rust en het comfort van onze <strong>camping La Pin\u00e8de<\/strong>. Ontdek onze<a href=\"https:\/\/www.campingvaldevie.fr\/nl\/accommodatie\/\"> stacaravan in Vend\u00e9e<\/a> en plan <strong>onvergetelijke vakantie in Bretignolles-sur-Mer<\/strong>.\n    <\/p>\n  <\/details>\n\n  <!-- petit script inline pour faire pivoter les chevrons -->\n  <script>\n    document.querySelectorAll(\"details\").forEach(det => {\n      const arrow = det.querySelector(\"summary span\");\n      det.addEventListener(\"toggle\", () => {\n        if (det.open) {\n          arrow.style.transform = \"rotate(90deg)\";\n        } else {\n          arrow.style.transform = \"rotate(0deg)\";\n        }\n      });\n    });\n  <\/script>\n<\/section>\n\n\n\n<div style=\"height:30px\" aria-hidden=\"true\" class=\"wp-block-spacer\"><\/div>\n\n\n\n<div class=\"wp-block-group\"><div class=\"wp-block-group__inner-container is-layout-constrained wp-block-group-is-layout-constrained\">\n<h2 class=\"wp-block-heading has-text-align-center\">Ontdek ook<\/h2>\n\n\n\n<div class=\"wp-block-columns is-layout-flex wp-container-core-columns-is-layout-9d6595d7 wp-block-columns-is-layout-flex\">\n<div class=\"wp-block-column is-layout-flow wp-block-column-is-layout-flow\">\n<div class=\"wp-block-cover has-small-font-size\" style=\"min-height:350px;aspect-ratio:unset;\"><img loading=\"lazy\" decoding=\"async\" width=\"700\" height=\"466\" class=\"wp-block-cover__image-background wp-image-18875\" alt=\"vakantie Beste kleine camping bij Challans\" src=\"https:\/\/www.campingvaldevie.fr\/wp-content\/uploads\/2022\/09\/vacances-meilleur-petit-camping-proche-challans.jpg\" data-object-fit=\"cover\" srcset=\"https:\/\/www.campingvaldevie.fr\/wp-content\/uploads\/2022\/09\/vacances-meilleur-petit-camping-proche-challans.jpg 700w, https:\/\/www.campingvaldevie.fr\/wp-content\/uploads\/2022\/09\/vacances-meilleur-petit-camping-proche-challans-300x200.jpg 300w\" sizes=\"auto, (max-width: 700px) 100vw, 700px\" \/><span aria-hidden=\"true\" class=\"wp-block-cover__background has-black-background-color has-background-dim\"><\/span><div class=\"wp-block-cover__inner-container is-layout-flow wp-block-cover-is-layout-flow\">\n<p class=\"has-text-align-center has-large-font-size\"><a href=\"\/nl\/toerisme-vendee\/challans-toerisme\/\">Aansprakelijkheid<\/a><\/p>\n<\/div><\/div>\n<\/div>\n\n\n\n<div class=\"wp-block-column is-layout-flow wp-block-column-is-layout-flow\">\n<div class=\"wp-block-cover is-light has-small-font-size\" style=\"min-height:350px;aspect-ratio:unset;\"><img loading=\"lazy\" decoding=\"async\" width=\"1200\" height=\"800\" class=\"wp-block-cover__image-background wp-image-20298\" alt=\"toerisme aizenay\" src=\"https:\/\/www.campingvaldevie.fr\/wp-content\/uploads\/2022\/12\/tourisme-aizenay.jpg\" data-object-fit=\"cover\" srcset=\"https:\/\/www.campingvaldevie.fr\/wp-content\/uploads\/2022\/12\/tourisme-aizenay.jpg 1200w, https:\/\/www.campingvaldevie.fr\/wp-content\/uploads\/2022\/12\/tourisme-aizenay-300x200.jpg 300w, https:\/\/www.campingvaldevie.fr\/wp-content\/uploads\/2022\/12\/tourisme-aizenay-1024x683.jpg 1024w, https:\/\/www.campingvaldevie.fr\/wp-content\/uploads\/2022\/12\/tourisme-aizenay-768x512.jpg 768w\" sizes=\"auto, (max-width: 1200px) 100vw, 1200px\" \/><span aria-hidden=\"true\" class=\"wp-block-cover__background has-background-dim\"><\/span><div class=\"wp-block-cover__inner-container is-layout-flow wp-block-cover-is-layout-flow\">\n<p class=\"has-text-align-center has-large-font-size\"><a href=\"\/nl\/toerisme-vendee\/la-roche-sur-yon\/\">La Roche-sur-Yon<\/a><\/p>\n<\/div><\/div>\n<\/div>\n\n\n\n<div class=\"wp-block-column is-layout-flow wp-block-column-is-layout-flow\">\n<div class=\"wp-block-cover has-small-font-size\" style=\"min-height:350px;aspect-ratio:unset;\"><img loading=\"lazy\" decoding=\"async\" width=\"600\" height=\"450\" class=\"wp-block-cover__image-background wp-image-22642\" alt=\"\" src=\"https:\/\/www.campingvaldevie.fr\/wp-content\/uploads\/2023\/11\/quartier-bretignolles-sur-mer.jpg\" data-object-fit=\"cover\" srcset=\"https:\/\/www.campingvaldevie.fr\/wp-content\/uploads\/2023\/11\/quartier-bretignolles-sur-mer.jpg 600w, https:\/\/www.campingvaldevie.fr\/wp-content\/uploads\/2023\/11\/quartier-bretignolles-sur-mer-300x225.jpg 300w\" sizes=\"auto, (max-width: 600px) 100vw, 600px\" \/><span aria-hidden=\"true\" class=\"wp-block-cover__background has-black-background-color has-background-dim\"><\/span><div class=\"wp-block-cover__inner-container is-layout-flow wp-block-cover-is-layout-flow\">\n<p class=\"has-text-align-center has-large-font-size\"><a href=\"\/nl\/toerisme-vendee\/bretignolles-sur-mer\/\" data-type=\"page\" data-id=\"25071\">Bretignolles-sur-Mer<\/a><\/p>\n<\/div><\/div>\n<\/div>\n<\/div>\n<\/div><\/div>","protected":false},"excerpt":{"rendered":"<p>Br\u00e9tignolles-sur-Mer, avec son littoral vari\u00e9 de 13 km, est une destination de choix sur la c\u00f4te vend\u00e9enne. Entre grandes \u00e9tendues, dunes pr\u00e9serv\u00e9es et criques rocheuses, chaque visiteur y trouve son compte. Pour un s\u00e9jour r\u00e9ussi, imaginez vos journ\u00e9es sur une plage de Br\u00e9tignolles-sur-Mer, compl\u00e9t\u00e9es par la qui\u00e9tude de notre camping 4 \u00e9toiles en Vend\u00e9e. C&rsquo;est [&hellip;]<\/p>\n","protected":false},"author":2,"featured_media":0,"parent":20275,"menu_order":0,"comment_status":"closed","ping_status":"closed","template":"","meta":{"_seopress_robots_primary_cat":"","_seopress_titles_title":"Les 5 plus belles plages de Br\u00e9tignolles-sur-Mer (Vend\u00e9e)","_seopress_titles_desc":"D\u00e9couvrez les plus belles plages de Br\u00e9tignolles-sur-Mer. De la familiale Normandeli\u00e8re au spot de surf de la Sauzaie, trouvez la plage id\u00e9ale pour vos vacances.","_seopress_robots_index":"","footnotes":""},"class_list":["post-26571","page","type-page","status-publish","hentry"],"_links":{"self":[{"href":"https:\/\/www.campingvaldevie.fr\/nl\/wp-json\/wp\/v2\/pages\/26571","targetHints":{"allow":["GET"]}}],"collection":[{"href":"https:\/\/www.campingvaldevie.fr\/nl\/wp-json\/wp\/v2\/pages"}],"about":[{"href":"https:\/\/www.campingvaldevie.fr\/nl\/wp-json\/wp\/v2\/types\/page"}],"author":[{"embeddable":true,"href":"https:\/\/www.campingvaldevie.fr\/nl\/wp-json\/wp\/v2\/users\/2"}],"replies":[{"embeddable":true,"href":"https:\/\/www.campingvaldevie.fr\/nl\/wp-json\/wp\/v2\/comments?post=26571"}],"version-history":[{"count":7,"href":"https:\/\/www.campingvaldevie.fr\/nl\/wp-json\/wp\/v2\/pages\/26571\/revisions"}],"predecessor-version":[{"id":26714,"href":"https:\/\/www.campingvaldevie.fr\/nl\/wp-json\/wp\/v2\/pages\/26571\/revisions\/26714"}],"up":[{"embeddable":true,"href":"https:\/\/www.campingvaldevie.fr\/nl\/wp-json\/wp\/v2\/pages\/20275"}],"wp:attachment":[{"href":"https:\/\/www.campingvaldevie.fr\/nl\/wp-json\/wp\/v2\/media?parent=26571"}],"curies":[{"name":"wp","href":"https:\/\/api.w.org\/{rel}","templated":true}]}}